{"id":879,"date":"2022-03-28T15:34:05","date_gmt":"2022-03-28T15:34:05","guid":{"rendered":"https:\/\/www.smthemebazar.com\/newsify\/?page_id=2"},"modified":"2026-05-01T18:31:01","modified_gmt":"2026-05-01T18:31:01","slug":"home-one","status":"publish","type":"page","link":"https:\/\/www.septinoticias.com.mx\/","title":{"rendered":"Home One"},"content":{"rendered":"\t\t<div data-elementor-type=\"wp-page\" data-elementor-id=\"879\" class=\"elementor elementor-879\">\n\t\t\t\t\t\t\t\t\t<section class=\"elementor-section elementor-top-section elementor-element elementor-element-b6c9dc4 elementor-section-boxed elementor-section-height-default elementor-section-height-default\" data-id=\"b6c9dc4\" data-element_type=\"section\">\n\t\t\t\t\t\t<div class=\"elementor-container elementor-column-gap-default\">\n\t\t\t\t\t<div class=\"elementor-column elementor-col-50 elementor-top-column elementor-element elementor-element-40c5bc8\" data-id=\"40c5bc8\" data-element_type=\"column\">\n\t\t\t<div class=\"elementor-widget-wrap elementor-element-populated\">\n\t\t\t\t\t\t\t\t<div class=\"elementor-element elementor-element-dd20bba elementor-invisible elementor-widget elementor-widget-posts-block\" data-id=\"dd20bba\" data-element_type=\"widget\" data-settings=\"{&quot;_animation&quot;:&quot;fadeInDown&quot;}\" data-widget_type=\"posts-block.default\">\n\t\t\t\t<div class=\"elementor-widget-container\">\n\t\t\t\n\t\t\t\t\n        \t\t\n\t\t\n\t\t<div class=\"blog-post-grid-wrapper post-block-item post-block-one\">\n\t\t\t<div class=\"main-post-item\">\n\t\t\t\t<div class=\"main-post-thumb\">\n\t\t\t\t\n\t\t\t\t\t<a href=\"https:\/\/www.septinoticias.com.mx\/?p=131340\">\n\t\t\t\t\t\n\t\t\t\t\t\t<img decoding=\"async\" src=\"https:\/\/www.septinoticias.com.mx\/wp-content\/uploads\/2025\/02\/Guillermo-Olivares-mesas-por-la-paz-1-scaled.jpg\" alt=\"Mujeres V\u00edctimas de Tepeji Recibieron Respuesta del Gobierno de Hidalgo\">\n\t\t\t\t\t\n\t\t\t\t\t<\/a>\n\t\t\t\t\t\n\t\t\t\t\t\t\t\t\t\t\n\t\t\t\t\t\n\t\t\t\t<\/div>\n\t\t\t\t\n\t\t\t\t<div class=\"main-post-content show-cat-normal\">\n\t\t\t\t\n\n\t\t\t\t\t\t\n\t\t\t\t\t\t<div class=\"theme-category-box\">\n\t\t\t\t\t\t\t \n   \n\t \n\n\t\n\t<a class=\"tag news-cat_Name\" href=\"https:\/\/www.septinoticias.com.mx\/?cat=9\" style=\"background-color:#678c9d;\">\n\t\tGeneral\t<\/a>\n   \n\t\t\t\t\t\t\t<\/div>\n\t\t\t\t\t\t\n\t\t\t\t\t\n\t\t\t\t\t<h2 class=\"title\"><a href=\"https:\/\/www.septinoticias.com.mx\/?p=131340\">Mujeres V\u00edctimas de Tepeji Recibieron Respuesta del Gobierno de Hidalgo<\/a><\/h2>\n\t\t\t\t\t\n\t\t\t\t\t\t\n\t\t\t\t\t\n\t\t\t\t\t\n\t\t\t\t\t<div class=\"post-meta\">\n\t\t\t\t\t\t<ul>\n\t\t\t\t\t\t\t\t\t\t\t\t\t\t<li><i class=\"fa-regular fa-calendar\"><\/i>mayo 1, 2026<\/li>\n\t\t\t\t\t\t\t\t\t\t\t\t\t\t\n\t\t\t\t\t\t\t\t\t\t\t\t\t\t<li>2 min read<\/li>\n\t\t\t\t\t\t\t\t\t\t\t\t\t\t\n\t\t\t\t\t\t<\/ul>\n\t\t\t\t\t<\/div>\n\t\t\t\t\t\n\t\t\t\t<\/div>\n\t\t\t\t\n\t\t\t<\/div>\n\t\t<\/div>\n\n\n\t\t\t\t\n\t\t\t\t\n\t\t\t\t\n\t\n\t\t\t\t<\/div>\n\t\t\t\t<\/div>\n\t\t\t\t\t<\/div>\n\t\t<\/div>\n\t\t\t\t<div class=\"elementor-column elementor-col-50 elementor-top-column elementor-element elementor-element-0648ca7\" data-id=\"0648ca7\" data-element_type=\"column\">\n\t\t\t<div class=\"elementor-widget-wrap elementor-element-populated\">\n\t\t\t\t\t\t\t\t<div class=\"elementor-element elementor-element-955affa elementor-invisible elementor-widget elementor-widget-posts-block\" data-id=\"955affa\" data-element_type=\"widget\" data-settings=\"{&quot;_animation&quot;:&quot;fadeInRight&quot;}\" data-widget_type=\"posts-block.default\">\n\t\t\t\t<div class=\"elementor-widget-container\">\n\t\t\t\n\t\t\t\t\n        \t\t\n\t\t\n\t\t<div class=\"blog-post-grid-wrapper post-block-item post-block-one\">\n\t\t\t<div class=\"main-post-item\">\n\t\t\t\t<div class=\"main-post-thumb\">\n\t\t\t\t\n\t\t\t\t\t<a href=\"https:\/\/www.septinoticias.com.mx\/?p=131346\">\n\t\t\t\t\t\n\t\t\t\t\t\t<img decoding=\"async\" src=\"https:\/\/www.septinoticias.com.mx\/wp-content\/uploads\/2026\/05\/la-entrega-de-la-actualizacion-de-los-Bandos-de-Policia-y-Gobierno-a-diez-municipios-del-estado-de-Hidalgo.jpg\" alt=\"Entregan Actualizaci\u00f3n de los Bandos de Polic\u00eda y Gobierno a diez municipios del estado de Hidalgo.\">\n\t\t\t\t\t\n\t\t\t\t\t<\/a>\n\t\t\t\t\t\n\t\t\t\t\t\t\t\t\t\t\n\t\t\t\t\t\n\t\t\t\t<\/div>\n\t\t\t\t\n\t\t\t\t<div class=\"main-post-content show-cat-normal\">\n\t\t\t\t\n\n\t\t\t\t\t\t\n\t\t\t\t\t\t<div class=\"theme-category-box\">\n\t\t\t\t\t\t\t \n   \n\t \n\n\t\n\t<a class=\"tag news-cat_Name\" href=\"https:\/\/www.septinoticias.com.mx\/?cat=8\" style=\"background-color:#2962FF;\">\n\t\tPol\u00edtica\t<\/a>\n   \n\t\t\t\t\t\t\t<\/div>\n\t\t\t\t\t\t\n\t\t\t\t\t\n\t\t\t\t\t<h2 class=\"title\"><a href=\"https:\/\/www.septinoticias.com.mx\/?p=131346\">Entregan Actualizaci\u00f3n de los Bandos de Polic\u00eda<\/a><\/h2>\n\t\t\t\t\t\n\t\t\t\t\t\t\n\t\t\t\t\t\n\t\t\t\t\t\n\t\t\t\t\t<div class=\"post-meta\">\n\t\t\t\t\t\t<ul>\n\t\t\t\t\t\t\t\t\t\t\t\t\t\t<li><i class=\"fa-regular fa-calendar\"><\/i>mayo 1, 2026<\/li>\n\t\t\t\t\t\t\t\t\t\t\t\t\t\t\n\t\t\t\t\t\t\t\t\t\t\t\t\t\t<li>2 min read<\/li>\n\t\t\t\t\t\t\t\t\t\t\t\t\t\t\n\t\t\t\t\t\t<\/ul>\n\t\t\t\t\t<\/div>\n\t\t\t\t\t\n\t\t\t\t<\/div>\n\t\t\t\t\n\t\t\t<\/div>\n\t\t<\/div>\n\n\n\t\t\t\t\n\t\t\t\t\n\t\t\t\t\n\t\n\t\t\t\t<\/div>\n\t\t\t\t<\/div>\n\t\t\t\t<div class=\"elementor-element elementor-element-e000f88 elementor-widget elementor-widget-posts-block\" data-id=\"e000f88\" data-element_type=\"widget\" data-widget_type=\"posts-block.default\">\n\t\t\t\t<div class=\"elementor-widget-container\">\n\t\t\t\n\t\t\t\t\n        \t\t\n\t\t\n\t\t<div class=\"blog-post-grid-wrapper post-block-item post-block-one\">\n\t\t\t<div class=\"main-post-item\">\n\t\t\t\t<div class=\"main-post-thumb\">\n\t\t\t\t\n\t\t\t\t\t<a href=\"https:\/\/www.septinoticias.com.mx\/?p=131285\">\n\t\t\t\t\t\n\t\t\t\t\t\t<img decoding=\"async\" src=\"https:\/\/www.septinoticias.com.mx\/wp-content\/uploads\/2026\/05\/DIF-Hidalgo-Alerta-Por-Aumento-De-Violencia-Infantil-Y-Acelera-Procuradurias.jpg\" alt=\"DIF Hidalgo Alerta Por Aumento de Violencia Infantil y Acelera Procuradur\u00edas\">\n\t\t\t\t\t\n\t\t\t\t\t<\/a>\n\t\t\t\t\t\n\t\t\t\t\t\t\t\t\t\t\n\t\t\t\t\t\n\t\t\t\t<\/div>\n\t\t\t\t\n\t\t\t\t<div class=\"main-post-content show-cat-normal\">\n\t\t\t\t\n\n\t\t\t\t\t\t\n\t\t\t\t\t\t<div class=\"theme-category-box\">\n\t\t\t\t\t\t\t \n   \n\t \n\n\t\n\t<a class=\"tag news-cat_Name\" href=\"https:\/\/www.septinoticias.com.mx\/?cat=7\" style=\"background-color:#3dd800;\">\n\t\tMunicipios\t<\/a>\n   \n\t\t\t\t\t\t\t<\/div>\n\t\t\t\t\t\t\n\t\t\t\t\t\n\t\t\t\t\t<h2 class=\"title\"><a href=\"https:\/\/www.septinoticias.com.mx\/?p=131285\">DIF Hidalgo Alerta Por Aumento de Violencia<\/a><\/h2>\n\t\t\t\t\t\n\t\t\t\t\t\t\n\t\t\t\t\t\n\t\t\t\t\t\n\t\t\t\t\t<div class=\"post-meta\">\n\t\t\t\t\t\t<ul>\n\t\t\t\t\t\t\t\t\t\t\t\t\t\t<li><i class=\"fa-regular fa-calendar\"><\/i>mayo 1, 2026<\/li>\n\t\t\t\t\t\t\t\t\t\t\t\t\t\t\n\t\t\t\t\t\t\t\t\t\t\t\t\t\t<li>2 min read<\/li>\n\t\t\t\t\t\t\t\t\t\t\t\t\t\t\n\t\t\t\t\t\t<\/ul>\n\t\t\t\t\t<\/div>\n\t\t\t\t\t\n\t\t\t\t<\/div>\n\t\t\t\t\n\t\t\t<\/div>\n\t\t<\/div>\n\n\n\t\t\t\t\n\t\t\t\t\n\t\t\t\t\n\t\n\t\t\t\t<\/div>\n\t\t\t\t<\/div>\n\t\t\t\t\t<\/div>\n\t\t<\/div>\n\t\t\t\t\t\t\t<\/div>\n\t\t<\/section>\n\t\t\t\t<section class=\"elementor-section elementor-top-section elementor-element elementor-element-ea202d2 elementor-section-boxed elementor-section-height-default elementor-section-height-default\" data-id=\"ea202d2\" data-element_type=\"section\">\n\t\t\t\t\t\t<div class=\"elementor-container elementor-column-gap-default\">\n\t\t\t\t\t<div class=\"elementor-column elementor-col-33 elementor-top-column elementor-element elementor-element-842065c\" data-id=\"842065c\" data-element_type=\"column\">\n\t\t\t<div class=\"elementor-widget-wrap elementor-element-populated\">\n\t\t\t\t\t\t\t\t<div class=\"elementor-element elementor-element-c5ec4d5 elementor-invisible elementor-widget elementor-widget-posts-block\" data-id=\"c5ec4d5\" data-element_type=\"widget\" data-settings=\"{&quot;_animation&quot;:&quot;zoomIn&quot;}\" data-widget_type=\"posts-block.default\">\n\t\t\t\t<div class=\"elementor-widget-container\">\n\t\t\t\n\t\t\t\t\n        \t\t\n\t\t\n\t\t<div class=\"blog-post-grid-wrapper post-block-item post-block-one\">\n\t\t\t<div class=\"main-post-item\">\n\t\t\t\t<div class=\"main-post-thumb\">\n\t\t\t\t\n\t\t\t\t\t<a href=\"https:\/\/www.septinoticias.com.mx\/?p=131291\">\n\t\t\t\t\t\n\t\t\t\t\t\t<img decoding=\"async\" src=\"https:\/\/www.septinoticias.com.mx\/wp-content\/uploads\/2026\/05\/bebe-hospital-Traslado-aereo-permitio-continuar-atencion-medica.jpg\" alt=\"Trasladan por aire a beb\u00e9 de dos meses a Tulancingo para continuar su tratamiento\">\n\t\t\t\t\t\n\t\t\t\t\t<\/a>\n\t\t\t\t\t\n\t\t\t\t\t\t\t\t\t\t\n\t\t\t\t\t\n\t\t\t\t<\/div>\n\t\t\t\t\n\t\t\t\t<div class=\"main-post-content show-cat-normal\">\n\t\t\t\t\n\n\t\t\t\t\t\t\n\t\t\t\t\t\t<div class=\"theme-category-box\">\n\t\t\t\t\t\t\t \n   \n\t \n\n\t\n\t<a class=\"tag news-cat_Name\" href=\"https:\/\/www.septinoticias.com.mx\/?cat=3\" style=\"background-color:#2962FF;\">\n\t\tSalud\t<\/a>\n   \n\t\t\t\t\t\t\t<\/div>\n\t\t\t\t\t\t\n\t\t\t\t\t\n\t\t\t\t\t<h2 class=\"title\"><a href=\"https:\/\/www.septinoticias.com.mx\/?p=131291\">Trasladan por aire a beb\u00e9 de dos<\/a><\/h2>\n\t\t\t\t\t\n\t\t\t\t\t\t\n\t\t\t\t\t\n\t\t\t\t\t\n\t\t\t\t\t<div class=\"post-meta\">\n\t\t\t\t\t\t<ul>\n\t\t\t\t\t\t\t\t\t\t\t\t\t\t<li><i class=\"fa-regular fa-calendar\"><\/i>mayo 1, 2026<\/li>\n\t\t\t\t\t\t\t\t\t\t\t\t\t\t\n\t\t\t\t\t\t\t\t\t\t\t\t\t\t<li>1 min read<\/li>\n\t\t\t\t\t\t\t\t\t\t\t\t\t\t\n\t\t\t\t\t\t<\/ul>\n\t\t\t\t\t<\/div>\n\t\t\t\t\t\n\t\t\t\t<\/div>\n\t\t\t\t\n\t\t\t<\/div>\n\t\t<\/div>\n\n\n\t\t\t\t\n\t\t\t\t\n\t\t\t\t\n\t\n\t\t\t\t<\/div>\n\t\t\t\t<\/div>\n\t\t\t\t\t<\/div>\n\t\t<\/div>\n\t\t\t\t<div class=\"elementor-column elementor-col-33 elementor-top-column elementor-element elementor-element-15a362d\" data-id=\"15a362d\" data-element_type=\"column\">\n\t\t\t<div class=\"elementor-widget-wrap elementor-element-populated\">\n\t\t\t\t\t\t\t\t<div class=\"elementor-element elementor-element-f3a7642 elementor-invisible elementor-widget elementor-widget-posts-block\" data-id=\"f3a7642\" data-element_type=\"widget\" data-settings=\"{&quot;_animation&quot;:&quot;fadeInRight&quot;}\" data-widget_type=\"posts-block.default\">\n\t\t\t\t<div class=\"elementor-widget-container\">\n\t\t\t\n\t\t\t\t\n        \t\t\n\t\t\n\t\t<div class=\"blog-post-grid-wrapper post-block-item post-block-one\">\n\t\t\t<div class=\"main-post-item\">\n\t\t\t\t<div class=\"main-post-thumb\">\n\t\t\t\t\n\t\t\t\t\t<a href=\"https:\/\/www.septinoticias.com.mx\/?p=131309\">\n\t\t\t\t\t\n\t\t\t\t\t\t<img decoding=\"async\" src=\"https:\/\/www.septinoticias.com.mx\/wp-content\/uploads\/2026\/05\/Se-generan-mas-de-38-mil-empleos-formales-en-Hidalgo-2.jpg\" alt=\"Se Generan M\u00e1s de 38 Mil Empleos Formales En Hidalgo\">\n\t\t\t\t\t\n\t\t\t\t\t<\/a>\n\t\t\t\t\t\n\t\t\t\t\t\t\t\t\t\t\n\t\t\t\t\t\n\t\t\t\t<\/div>\n\t\t\t\t\n\t\t\t\t<div class=\"main-post-content show-cat-normal\">\n\t\t\t\t\n\n\t\t\t\t\t\t\n\t\t\t\t\t\t<div class=\"theme-category-box\">\n\t\t\t\t\t\t\t \n   \n\t \n\n\t\n\t<a class=\"tag news-cat_Name\" href=\"https:\/\/www.septinoticias.com.mx\/?cat=5\" style=\"background-color:#ac27c4;\">\n\t\tEconom\u00eda\t<\/a>\n   \n\t\t\t\t\t\t\t<\/div>\n\t\t\t\t\t\t\n\t\t\t\t\t\n\t\t\t\t\t<h2 class=\"title\"><a href=\"https:\/\/www.septinoticias.com.mx\/?p=131309\">Se Generan M\u00e1s de 38 Mil Empleos<\/a><\/h2>\n\t\t\t\t\t\n\t\t\t\t\t\t\n\t\t\t\t\t\n\t\t\t\t\t\n\t\t\t\t\t<div class=\"post-meta\">\n\t\t\t\t\t\t<ul>\n\t\t\t\t\t\t\t\t\t\t\t\t\t\t<li><i class=\"fa-regular fa-calendar\"><\/i>mayo 1, 2026<\/li>\n\t\t\t\t\t\t\t\t\t\t\t\t\t\t\n\t\t\t\t\t\t\t\t\t\t\t\t\t\t<li>2 min read<\/li>\n\t\t\t\t\t\t\t\t\t\t\t\t\t\t\n\t\t\t\t\t\t<\/ul>\n\t\t\t\t\t<\/div>\n\t\t\t\t\t\n\t\t\t\t<\/div>\n\t\t\t\t\n\t\t\t<\/div>\n\t\t<\/div>\n\n\n\t\t\t\t\n\t\t\t\t\n\t\t\t\t\n\t\n\t\t\t\t<\/div>\n\t\t\t\t<\/div>\n\t\t\t\t\t<\/div>\n\t\t<\/div>\n\t\t\t\t<div class=\"elementor-column elementor-col-33 elementor-top-column elementor-element elementor-element-f5e5171\" data-id=\"f5e5171\" data-element_type=\"column\">\n\t\t\t<div class=\"elementor-widget-wrap elementor-element-populated\">\n\t\t\t\t\t\t\t\t<div class=\"elementor-element elementor-element-bbb6496 elementor-invisible elementor-widget elementor-widget-posts-block\" data-id=\"bbb6496\" data-element_type=\"widget\" data-settings=\"{&quot;_animation&quot;:&quot;fadeInRight&quot;}\" data-widget_type=\"posts-block.default\">\n\t\t\t\t<div class=\"elementor-widget-container\">\n\t\t\t\n\t\t\t\t\n        \t\t\n\t\t\n\t\t<div class=\"blog-post-grid-wrapper post-block-item post-block-one\">\n\t\t\t<div class=\"main-post-item\">\n\t\t\t\t<div class=\"main-post-thumb\">\n\t\t\t\t\n\t\t\t\t\t<a href=\"https:\/\/www.septinoticias.com.mx\/?p=131279\">\n\t\t\t\t\t\n\t\t\t\t\t\t<img decoding=\"async\" src=\"https:\/\/www.septinoticias.com.mx\/wp-content\/uploads\/2026\/05\/Cae-lider-de-Los-Soto-banda-de-fraudes.jpg\" alt=\"Cae L\u00edder de \u201cLos Soto\u201d, Banda  Que Reaiza Fraudes Con Autos de Lujo en Hidalgo y Otros Estados\">\n\t\t\t\t\t\n\t\t\t\t\t<\/a>\n\t\t\t\t\t\n\t\t\t\t\t\t\t\t\t\t\n\t\t\t\t\t\n\t\t\t\t<\/div>\n\t\t\t\t\n\t\t\t\t<div class=\"main-post-content show-cat-normal\">\n\t\t\t\t\n\n\t\t\t\t\t\t\n\t\t\t\t\t\t<div class=\"theme-category-box\">\n\t\t\t\t\t\t\t \n   \n\t \n\n\t\n\t<a class=\"tag news-cat_Name\" href=\"https:\/\/www.septinoticias.com.mx\/?cat=29\" style=\"background-color:#ff0000;\">\n\t\tPoliciaca\t<\/a>\n   \n\t\t\t\t\t\t\t<\/div>\n\t\t\t\t\t\t\n\t\t\t\t\t\n\t\t\t\t\t<h2 class=\"title\"><a href=\"https:\/\/www.septinoticias.com.mx\/?p=131279\">Cae L\u00edder de \u201cLos Soto\u201d, Banda Que<\/a><\/h2>\n\t\t\t\t\t\n\t\t\t\t\t\t\n\t\t\t\t\t\n\t\t\t\t\t\n\t\t\t\t\t<div class=\"post-meta\">\n\t\t\t\t\t\t<ul>\n\t\t\t\t\t\t\t\t\t\t\t\t\t\t<li><i class=\"fa-regular fa-calendar\"><\/i>mayo 1, 2026<\/li>\n\t\t\t\t\t\t\t\t\t\t\t\t\t\t\n\t\t\t\t\t\t\t\t\t\t\t\t\t\t<li>1 min read<\/li>\n\t\t\t\t\t\t\t\t\t\t\t\t\t\t\n\t\t\t\t\t\t<\/ul>\n\t\t\t\t\t<\/div>\n\t\t\t\t\t\n\t\t\t\t<\/div>\n\t\t\t\t\n\t\t\t<\/div>\n\t\t<\/div>\n\n\n\t\t\t\t\n\t\t\t\t\n\t\t\t\t\n\t\n\t\t\t\t<\/div>\n\t\t\t\t<\/div>\n\t\t\t\t\t<\/div>\n\t\t<\/div>\n\t\t\t\t\t\t\t<\/div>\n\t\t<\/section>\n\t\t\t\t<section class=\"elementor-section elementor-top-section elementor-element elementor-element-db02404 elementor-section-boxed elementor-section-height-default elementor-section-height-default\" data-id=\"db02404\" data-element_type=\"section\">\n\t\t\t\t\t\t<div class=\"elementor-container elementor-column-gap-default\">\n\t\t\t\t\t<div class=\"elementor-column elementor-col-50 elementor-top-column elementor-element elementor-element-4d60b0a\" data-id=\"4d60b0a\" data-element_type=\"column\">\n\t\t\t<div class=\"elementor-widget-wrap elementor-element-populated\">\n\t\t\t\t\t\t\t\t<div class=\"elementor-element elementor-element-d773cce elementor-widget elementor-widget-posts-tab\" data-id=\"d773cce\" data-element_type=\"widget\" data-widget_type=\"posts-tab.default\">\n\t\t\t\t<div class=\"elementor-widget-container\">\n\t\t\t\n\n\t    <div class=\"theme_post_Tab__wrapper latest-news-area news_tab__Wrapper\">\n            <div class=\"post-block-element news_tab_Block\">\n\t\t\t\t\n\t\t\t\t<div class=\"section-title\">\n\t\t\t\t\n\t\t\t\t\t<h2 class=\"tab-item-title title\">\n\t\t\t\t\t\t\u00daltimas noticias\t\t\t\t\t<\/h2>\n\t\t\t\t\n\t\t\t\t\t\n\t\t\t\t\t\n                    <ul class=\"nav nav-tabs\" role=\"tablist\">\n                        <li class=\"nav-item\"><a class=\"nav-link active\" href=\"#d773ccece437df\" data-toggle=\"tab\"><span class=\"tab_menu_Item\">General<\/span><\/a><\/li><li class=\"nav-item\"><a class=\"nav-link\" href=\"#d773cced517d5c\" data-toggle=\"tab\"><span class=\"tab_menu_Item\">Deportes<\/span><\/a><\/li><li class=\"nav-item\"><a class=\"nav-link\" href=\"#d773cce704ca8a\" data-toggle=\"tab\"><span class=\"tab_menu_Item\">Educaci\u00f3n<\/span><\/a><\/li><li class=\"nav-item\"><a class=\"nav-link\" href=\"#d773cce2c09b06\" data-toggle=\"tab\"><span class=\"tab_menu_Item\">Pol\u00edtica<\/span><\/a><\/li><li class=\"nav-item\"><a class=\"nav-link\" href=\"#d773cce6175fbf\" data-toggle=\"tab\"><span class=\"tab_menu_Item\">Salud<\/span><\/a><\/li><li class=\"nav-item\"><a class=\"nav-link\" href=\"#d773cce0dc0961\" data-toggle=\"tab\"><span class=\"tab_menu_Item\">Educaci\u00f3n<\/span><\/a><\/li>                    <\/ul>\n\t\t\t\t\t\n\t\t\t\t<\/div>\n\t\t\t\t\n                    <div class=\"theme_post_Tab__content theme_post_Tabone__content tab-content\">\n\n                     <div role=\"tabpanel\" class=\"tab-pane fade active show\" id=\"d773ccece437df\">\n                     \t\t\t\t\t \n                        <div class=\"theme_post_Tab__block block-tab-item\">\n                            <div class=\"row\">\n\t\t\t\t\t\t\t  \n\t\t\t\t\t\t\t\t\t\t\t\t\t\t\t\t\n                                \t\t\t\t\t\t\t\t\n\t\t\t\t\t\t\t\t<div class=\"col-lg-7 col-sm-12\">\n\t\t\t\t\t\t\t\t\t\n\t\t\t\t\t\t\t\t<div class=\"news_post_grid_design blog-post-grid-wrapper blog-post-grid-wrapper-four post-block-item\">\n\t\t\t\t\t        \t\t\n\t\t\t\t\t\t\t\t\t<div class=\"latest-news-item\">\n\t\t\t\t\t\t\t\t\t\t<div class=\"latest-news-thumb\">\n\t\t\t\t\t\t\t\t\t\t\t<a href=\"https:\/\/www.septinoticias.com.mx\/?p=131315\"><img decoding=\"async\" src=\"https:\/\/www.septinoticias.com.mx\/wp-content\/uploads\/2026\/05\/UAEH-entrega-838-estimulos-al-desempeno-del-personal-docente.jpeg\" alt=\"UAEH Entrega 838 Est\u00edmulos al Desempe\u00f1o del Personal Docente\"><\/a>\n\t\t\t\t\t\t\t\t\t\t<\/div>\n\t\t\t\t\t\t\t\t\t\t\n\t\t\t\t\t\t\t\t\t\t<div class=\"latest-news-content\">\n\t\t\t\t\t\t\t\t\t\t\n\t\t\t\t\t\t\t\t\t\t\t\t\n\t\t\t\t\t\t\t\t\t\t\t\t<div class=\"theme-category-box\">\n\t\t\t\t\t\t\t\t\t\t\t\t\t \n   \n\t \n\n\t\n\t<a class=\"tag news-cat_Name\" href=\"https:\/\/www.septinoticias.com.mx\/?cat=4\" style=\"background-color:#ffaf25;\">\n\t\tEducaci\u00f3n\t<\/a>\n   \n\t\t\t\t\t\t\t\t\t\t\t\t\t<\/div>\n\t\t\t\t\t\t\t\t\t\t\t\t\n\t\t\t\t\t\t\t\t\t\t\t\n\t\t\t\t\t\t\t\t\t\t\t<h4 class=\"title\"><a href=\"https:\/\/www.septinoticias.com.mx\/?p=131315\">UAEH Entrega 838 Est\u00edmulos al Desempe\u00f1o del Personal Docente<\/a><\/h4>\n\t\t\t\t\t\t\t\t\t\t\t\n\t\t\t\t\t\t\t\t\t\t\t<div class=\"post-meta-style-two\">\n\t\t\t\t\t\t\t\t\t\t\t\t<ul>\n\t\t\t\t\t\t\t\t\t\t\t\t\t\n\t\t\t\t\t\t\t\t\t\t\t\t\t\t\t\t\t\t\t\t\t\t\t\t\t\t\n\t\t\t\t\t\t\t\t\t\t\t\t\t<li>By \n\t\t\t\t\t\t\t\t\t\t\t\t\t<a href=\"https:\/\/www.septinoticias.com.mx\/?author=1\">SeptiNoticias<\/a>\t\t\t\t\t\t\t\t\t\t\t\t\t<\/li>\n\t\t\t\t\t\t\t\t\t\t\t\t\t\n\t\t\t\t\t\t\t\t\t\t\t\t\t\t\t\t\t\t\t\t\t\t\t\t\t\t\n\t\t\t\t\t\t\t\t\t\t\t\t\t\t\t\t\t\t\t\t\t\t\t\t\t\t<li><i class=\"fa-regular fa-calendar\"><\/i>mayo 1, 2026<\/li>\n\t\t\t\t\t\t\t\t\t\t\t\t\t\t\t\t\t\t\t\t\t\t\t\t\t\t\n\t\t\t\t\t\t\t\t\t\t\t\t<\/ul>\n\t\t\t\t\t\t\t\t\t\t\t<\/div>\n\t\t\t\t\t\t\t\t\t\t\t\n\t\t\t\t\t\t\t\t\t\t\t\n\t\t\t\t\t\t\t\t\t\t<\/div>\n\t\t\t\t\t\t\t\t\t\t\n\t\t\t\t\t\t\t\t\t<\/div>\n\t\t\t\t\t\t\t\t\t\n\n\t\t\t\t\t\t\t\t<\/div>\n\n\n\t\t\t\t\t\t\t\t<\/div>\n\t\t\t\t\t\t\t\t\n                                \n                                \t\t\t\t\t\t\t\t\n                                                                \t\n                                \t\t\t\t\t\t\t\t\t\n                                <div class=\"col-lg-5 col-sm-12\">\n\n                                    \n\n\t\t\t\t\t\t\t\t<div class=\"post-gridstyle-two tab-bottom-grid-style\">\n\n\t\t\t\t\t\t\t\t\t<div class=\"latest-small-item\">\n\t\t\t\t\t\t\t\t\t\t<div class=\"thumb\">\n\t\t\t\t\t\t\t\t\t\t\t<a href=\"https:\/\/www.septinoticias.com.mx\/?p=131270\">\n\t\t\t\t\t\t\t\t\t\t\t<img decoding=\"async\" src=\"https:\/\/www.septinoticias.com.mx\/wp-content\/uploads\/2026\/04\/Cuenta-Publica-2025-confirma-transformacion-financiera-en-Hidalgo-.jpg\" alt=\"Cuenta P\u00fablica 2025 Confirma Transformaci\u00f3n Financiera en Hidalgo\">\n\t\t\t\t\t\t\t\t\t\t\t<\/a>\n\t\t\t\t\t\t\t\t\t\t<\/div>\n\t\t\t\t\t\t\t\t\t\t<div class=\"content\">\n\t\t\t\t\t\t\t\t\t\t\n\t\t\t\t\t\t\t\t\t\t\t\t\n\t\t\t\t\t\t\t\t\t\t\t\t<div class=\"theme-category-box\">\n\t\t\t\t\t\t\t\t\t\t\t\t\t \n   \n\t \n\n\t\n\t<a class=\"news-cat_Name\" href=\"https:\/\/www.septinoticias.com.mx\/?cat=9\">\n\t\tGeneral\t<\/a>\n   \n\t\t\t\t\t\t\t\t\t\t\t\t\t<\/div>\n\t\t\t\t\t\t\t\t\t\t\t\t\n\t\t\t\t\t\t\t\t\t\t\t\n\t\t\t\t\t\t\t\t\t\t\t\n\t\t\t\t\t\t\t\t\t\t\t<h5 class=\"title\"><a href=\"https:\/\/www.septinoticias.com.mx\/?p=131270\">Cuenta P\u00fablica 2025 Confirma Transformaci\u00f3n Financiera en Hidalgo<\/a><\/h5>\n\t\t\t\t\t\t\t\t\t\t\t\n\t\t\t\t\t\t\t\t\t\t\t<div class=\"post-meta-style-two\">\n\t\t\t\t\t\t\t\t\t\t\t\t<ul>\n\t\t\t\t\t\t\t\t\t\t\t\t\t\n\t\t\t\t\t\t\t\t\t\t\t\t\t\t\t\t\t\t\t\t\t\t\t\t\t\t\n\t\t\t\t\t\t\t\t\t\t\t\t\t<li>By \n\t\t\t\t\t\t\t\t\t\t\t\t\t<a href=\"https:\/\/www.septinoticias.com.mx\/?author=1\">SeptiNoticias<\/a>\t\t\t\t\t\t\t\t\t\t\t\t\t<\/li>\n\t\t\t\t\t\t\t\t\t\t\t\t\t\n\t\t\t\t\t\t\t\t\t\t\t\t\t\t\t\t\t\t\t\t\t\t\t\t\t\t\n\t\t\t\t\t\t\t\t\t\t\t\t\t\t\t\t\t\t\t\t\t\t\t\t\t\t<li><i class=\"fa-regular fa-calendar\"><\/i>abril 30, 2026<\/li>\n\t\t\t\t\t\t\t\t\t\t\t\t\t\t\t\t\t\t\t\t\t\t\t\t\t\t\n\t\t\t\t\t\t\t\t\t\t\t\t\t\n\t\t\t\t\t\t\t\t\t\t\t\t<\/ul>\n\t\t\t\t\t\t\t\t\t\t\t<\/div>\n\t\t\t\t\t\t\t\t\t\t<\/div>\n\t\t\t\t\t\t\t\t\t<\/div>\n\t\t\t\t\t\t\t\n\n\n\t\t\t\t\t\t\t\t<\/div>\n\t\t\t\t\t\t\t\t\t\t\t\n                                     \n                                \n                                \t\t\t\t\t\t\t\t\n                                                                \t\n                                 \n\n\t\t\t\t\t\t\t\t<div class=\"post-gridstyle-two tab-bottom-grid-style\">\n\n\t\t\t\t\t\t\t\t\t<div class=\"latest-small-item\">\n\t\t\t\t\t\t\t\t\t\t<div class=\"thumb\">\n\t\t\t\t\t\t\t\t\t\t\t<a href=\"https:\/\/www.septinoticias.com.mx\/?p=131264\">\n\t\t\t\t\t\t\t\t\t\t\t<img decoding=\"async\" src=\"https:\/\/www.septinoticias.com.mx\/wp-content\/uploads\/2026\/04\/Hidalgo-fortalece-su-proyeccion-turistica-en-la-50-edicion-del-Tianguis-Turistico-Mexico-2026.jpg\" alt=\"Hidalgo Fortalece Su Proyecci\u00f3n Tur\u00edstica\/50 Edici\u00f3n del Tianguis Tur\u00edstico M\u00e9xico 2026\">\n\t\t\t\t\t\t\t\t\t\t\t<\/a>\n\t\t\t\t\t\t\t\t\t\t<\/div>\n\t\t\t\t\t\t\t\t\t\t<div class=\"content\">\n\t\t\t\t\t\t\t\t\t\t\n\t\t\t\t\t\t\t\t\t\t\t\t\n\t\t\t\t\t\t\t\t\t\t\t\t<div class=\"theme-category-box\">\n\t\t\t\t\t\t\t\t\t\t\t\t\t \n   \n\t \n\n\t\n\t<a class=\"news-cat_Name\" href=\"https:\/\/www.septinoticias.com.mx\/?cat=9\">\n\t\tGeneral\t<\/a>\n   \n\t\t\t\t\t\t\t\t\t\t\t\t\t<\/div>\n\t\t\t\t\t\t\t\t\t\t\t\t\n\t\t\t\t\t\t\t\t\t\t\t\n\t\t\t\t\t\t\t\t\t\t\t\n\t\t\t\t\t\t\t\t\t\t\t<h5 class=\"title\"><a href=\"https:\/\/www.septinoticias.com.mx\/?p=131264\">Hidalgo Fortalece Su Proyecci\u00f3n Tur\u00edstica\/50 Edici\u00f3n del Tianguis Tur\u00edstico M\u00e9xico 2026<\/a><\/h5>\n\t\t\t\t\t\t\t\t\t\t\t\n\t\t\t\t\t\t\t\t\t\t\t<div class=\"post-meta-style-two\">\n\t\t\t\t\t\t\t\t\t\t\t\t<ul>\n\t\t\t\t\t\t\t\t\t\t\t\t\t\n\t\t\t\t\t\t\t\t\t\t\t\t\t\t\t\t\t\t\t\t\t\t\t\t\t\t\n\t\t\t\t\t\t\t\t\t\t\t\t\t<li>By \n\t\t\t\t\t\t\t\t\t\t\t\t\t<a href=\"https:\/\/www.septinoticias.com.mx\/?author=1\">SeptiNoticias<\/a>\t\t\t\t\t\t\t\t\t\t\t\t\t<\/li>\n\t\t\t\t\t\t\t\t\t\t\t\t\t\n\t\t\t\t\t\t\t\t\t\t\t\t\t\t\t\t\t\t\t\t\t\t\t\t\t\t\n\t\t\t\t\t\t\t\t\t\t\t\t\t\t\t\t\t\t\t\t\t\t\t\t\t\t<li><i class=\"fa-regular fa-calendar\"><\/i>abril 30, 2026<\/li>\n\t\t\t\t\t\t\t\t\t\t\t\t\t\t\t\t\t\t\t\t\t\t\t\t\t\t\n\t\t\t\t\t\t\t\t\t\t\t\t\t\n\t\t\t\t\t\t\t\t\t\t\t\t<\/ul>\n\t\t\t\t\t\t\t\t\t\t\t<\/div>\n\t\t\t\t\t\t\t\t\t\t<\/div>\n\t\t\t\t\t\t\t\t\t<\/div>\n\t\t\t\t\t\t\t\n\n\n\t\t\t\t\t\t\t\t<\/div>\n\t\t\t\t\t\t\t\t\t\t\t\n                                     \n                                \n                                \t\t\t\t\t\t\t\t\n                                                                \t\n                                 \n\n\t\t\t\t\t\t\t\t<div class=\"post-gridstyle-two tab-bottom-grid-style\">\n\n\t\t\t\t\t\t\t\t\t<div class=\"latest-small-item\">\n\t\t\t\t\t\t\t\t\t\t<div class=\"thumb\">\n\t\t\t\t\t\t\t\t\t\t\t<a href=\"https:\/\/www.septinoticias.com.mx\/?p=131258\">\n\t\t\t\t\t\t\t\t\t\t\t<img decoding=\"async\" src=\"https:\/\/www.septinoticias.com.mx\/wp-content\/uploads\/2026\/04\/Congreso-reconoce-talento-de-ninas-ninos-y-jovenes-que-participaron-en-Expociencias-Nacional-2025.jpg\" alt=\"Congreso Reconoce Talento de Ni\u00f1as, Ni\u00f1os y J\u00f3venes Que Participaron en Expociencias Nacional 2025\">\n\t\t\t\t\t\t\t\t\t\t\t<\/a>\n\t\t\t\t\t\t\t\t\t\t<\/div>\n\t\t\t\t\t\t\t\t\t\t<div class=\"content\">\n\t\t\t\t\t\t\t\t\t\t\n\t\t\t\t\t\t\t\t\t\t\t\t\n\t\t\t\t\t\t\t\t\t\t\t\t<div class=\"theme-category-box\">\n\t\t\t\t\t\t\t\t\t\t\t\t\t \n   \n\t \n\n\t\n\t<a class=\"news-cat_Name\" href=\"https:\/\/www.septinoticias.com.mx\/?cat=9\">\n\t\tGeneral\t<\/a>\n   \n\t\t\t\t\t\t\t\t\t\t\t\t\t<\/div>\n\t\t\t\t\t\t\t\t\t\t\t\t\n\t\t\t\t\t\t\t\t\t\t\t\n\t\t\t\t\t\t\t\t\t\t\t\n\t\t\t\t\t\t\t\t\t\t\t<h5 class=\"title\"><a href=\"https:\/\/www.septinoticias.com.mx\/?p=131258\">Congreso Reconoce Talento de Ni\u00f1as, Ni\u00f1os y J\u00f3venes Que Participaron en Expociencias<\/a><\/h5>\n\t\t\t\t\t\t\t\t\t\t\t\n\t\t\t\t\t\t\t\t\t\t\t<div class=\"post-meta-style-two\">\n\t\t\t\t\t\t\t\t\t\t\t\t<ul>\n\t\t\t\t\t\t\t\t\t\t\t\t\t\n\t\t\t\t\t\t\t\t\t\t\t\t\t\t\t\t\t\t\t\t\t\t\t\t\t\t\n\t\t\t\t\t\t\t\t\t\t\t\t\t<li>By \n\t\t\t\t\t\t\t\t\t\t\t\t\t<a href=\"https:\/\/www.septinoticias.com.mx\/?author=1\">SeptiNoticias<\/a>\t\t\t\t\t\t\t\t\t\t\t\t\t<\/li>\n\t\t\t\t\t\t\t\t\t\t\t\t\t\n\t\t\t\t\t\t\t\t\t\t\t\t\t\t\t\t\t\t\t\t\t\t\t\t\t\t\n\t\t\t\t\t\t\t\t\t\t\t\t\t\t\t\t\t\t\t\t\t\t\t\t\t\t<li><i class=\"fa-regular fa-calendar\"><\/i>abril 30, 2026<\/li>\n\t\t\t\t\t\t\t\t\t\t\t\t\t\t\t\t\t\t\t\t\t\t\t\t\t\t\n\t\t\t\t\t\t\t\t\t\t\t\t\t\n\t\t\t\t\t\t\t\t\t\t\t\t<\/ul>\n\t\t\t\t\t\t\t\t\t\t\t<\/div>\n\t\t\t\t\t\t\t\t\t\t<\/div>\n\t\t\t\t\t\t\t\t\t<\/div>\n\t\t\t\t\t\t\t\n\n\n\t\t\t\t\t\t\t\t<\/div>\n\t\t\t\t\t\t\t\t\t\t\t\n                                     \n                                \n                                \t\t\t\t\t\t\t\t\n                                                                \t\n                                 \n\n\t\t\t\t\t\t\t\t<div class=\"post-gridstyle-two tab-bottom-grid-style\">\n\n\t\t\t\t\t\t\t\t\t<div class=\"latest-small-item\">\n\t\t\t\t\t\t\t\t\t\t<div class=\"thumb\">\n\t\t\t\t\t\t\t\t\t\t\t<a href=\"https:\/\/www.septinoticias.com.mx\/?p=131252\">\n\t\t\t\t\t\t\t\t\t\t\t<img decoding=\"async\" src=\"https:\/\/www.septinoticias.com.mx\/wp-content\/uploads\/2026\/04\/Diputada-impulsa-financiamiento-para-cerrar-la-brecha-de-genero-en-las-ciencias-y-tecnologia-.jpg\" alt=\"Diputada Impulsa Financiamiento Para Cerrar la Brecha de G\u00e9nero en las Ciencias y Tecnolog\u00eda\">\n\t\t\t\t\t\t\t\t\t\t\t<\/a>\n\t\t\t\t\t\t\t\t\t\t<\/div>\n\t\t\t\t\t\t\t\t\t\t<div class=\"content\">\n\t\t\t\t\t\t\t\t\t\t\n\t\t\t\t\t\t\t\t\t\t\t\t\n\t\t\t\t\t\t\t\t\t\t\t\t<div class=\"theme-category-box\">\n\t\t\t\t\t\t\t\t\t\t\t\t\t \n   \n\t \n\n\t\n\t<a class=\"news-cat_Name\" href=\"https:\/\/www.septinoticias.com.mx\/?cat=9\">\n\t\tGeneral\t<\/a>\n   \n\t\t\t\t\t\t\t\t\t\t\t\t\t<\/div>\n\t\t\t\t\t\t\t\t\t\t\t\t\n\t\t\t\t\t\t\t\t\t\t\t\n\t\t\t\t\t\t\t\t\t\t\t\n\t\t\t\t\t\t\t\t\t\t\t<h5 class=\"title\"><a href=\"https:\/\/www.septinoticias.com.mx\/?p=131252\">Diputada Impulsa Financiamiento Para Cerrar la Brecha de G\u00e9nero en las Ciencias<\/a><\/h5>\n\t\t\t\t\t\t\t\t\t\t\t\n\t\t\t\t\t\t\t\t\t\t\t<div class=\"post-meta-style-two\">\n\t\t\t\t\t\t\t\t\t\t\t\t<ul>\n\t\t\t\t\t\t\t\t\t\t\t\t\t\n\t\t\t\t\t\t\t\t\t\t\t\t\t\t\t\t\t\t\t\t\t\t\t\t\t\t\n\t\t\t\t\t\t\t\t\t\t\t\t\t<li>By \n\t\t\t\t\t\t\t\t\t\t\t\t\t<a href=\"https:\/\/www.septinoticias.com.mx\/?author=1\">SeptiNoticias<\/a>\t\t\t\t\t\t\t\t\t\t\t\t\t<\/li>\n\t\t\t\t\t\t\t\t\t\t\t\t\t\n\t\t\t\t\t\t\t\t\t\t\t\t\t\t\t\t\t\t\t\t\t\t\t\t\t\t\n\t\t\t\t\t\t\t\t\t\t\t\t\t\t\t\t\t\t\t\t\t\t\t\t\t\t<li><i class=\"fa-regular fa-calendar\"><\/i>abril 30, 2026<\/li>\n\t\t\t\t\t\t\t\t\t\t\t\t\t\t\t\t\t\t\t\t\t\t\t\t\t\t\n\t\t\t\t\t\t\t\t\t\t\t\t\t\n\t\t\t\t\t\t\t\t\t\t\t\t<\/ul>\n\t\t\t\t\t\t\t\t\t\t\t<\/div>\n\t\t\t\t\t\t\t\t\t\t<\/div>\n\t\t\t\t\t\t\t\t\t<\/div>\n\t\t\t\t\t\t\t\n\n\n\t\t\t\t\t\t\t\t<\/div>\n\t\t\t\t\t\t\t\t\t\t\t\n                                                               \n                                <\/div>\n\n                                 \n                                \n                                \t\t\t\t\t\t\t\t\n                              <\/div>\n                           <\/div>\n                                             \t\t\t\t\t \n                     <\/div>\n                     <div role=\"tabpanel\" class=\"tab-pane fade\" id=\"d773cced517d5c\">\n                     \t\t\t\t\t \n                        <div class=\"theme_post_Tab__block block-tab-item\">\n                            <div class=\"row\">\n\t\t\t\t\t\t\t  \n\t\t\t\t\t\t\t\t\t\t\t\t\t\t\t\t\n                                \t\t\t\t\t\t\t\t\n\t\t\t\t\t\t\t\t<div class=\"col-lg-7 col-sm-12\">\n\t\t\t\t\t\t\t\t\t\n\t\t\t\t\t\t\t\t<div class=\"news_post_grid_design blog-post-grid-wrapper blog-post-grid-wrapper-four post-block-item\">\n\t\t\t\t\t        \t\t\n\t\t\t\t\t\t\t\t\t<div class=\"latest-news-item\">\n\t\t\t\t\t\t\t\t\t\t<div class=\"latest-news-thumb\">\n\t\t\t\t\t\t\t\t\t\t\t<a href=\"https:\/\/www.septinoticias.com.mx\/?p=130766\"><img decoding=\"async\" src=\"https:\/\/www.septinoticias.com.mx\/wp-content\/uploads\/2026\/04\/Pachuca-Contra-Toluca-en-el-Arranque-de-la-Liguilla-del-torneo-Clausura-2026-de-la-Liga-MX.jpg\" alt=\"Pachuca Contra Toluca en el Arranque de la Liguilla del torneo Clausura 2026 de la Liga MX.\"><\/a>\n\t\t\t\t\t\t\t\t\t\t<\/div>\n\t\t\t\t\t\t\t\t\t\t\n\t\t\t\t\t\t\t\t\t\t<div class=\"latest-news-content\">\n\t\t\t\t\t\t\t\t\t\t\n\t\t\t\t\t\t\t\t\t\t\t\t\n\t\t\t\t\t\t\t\t\t\t\t\t<div class=\"theme-category-box\">\n\t\t\t\t\t\t\t\t\t\t\t\t\t \n   \n\t \n\n\t\n\t<a class=\"tag news-cat_Name\" href=\"https:\/\/www.septinoticias.com.mx\/?cat=6\" style=\"background-color:#ff3385;\">\n\t\tDeporte\t<\/a>\n   \n\t\t\t\t\t\t\t\t\t\t\t\t\t<\/div>\n\t\t\t\t\t\t\t\t\t\t\t\t\n\t\t\t\t\t\t\t\t\t\t\t\n\t\t\t\t\t\t\t\t\t\t\t<h4 class=\"title\"><a href=\"https:\/\/www.septinoticias.com.mx\/?p=130766\">Pachuca Contra Toluca en el Arranque de la Liguilla del torneo Clausura<\/a><\/h4>\n\t\t\t\t\t\t\t\t\t\t\t\n\t\t\t\t\t\t\t\t\t\t\t<div class=\"post-meta-style-two\">\n\t\t\t\t\t\t\t\t\t\t\t\t<ul>\n\t\t\t\t\t\t\t\t\t\t\t\t\t\n\t\t\t\t\t\t\t\t\t\t\t\t\t\t\t\t\t\t\t\t\t\t\t\t\t\t\n\t\t\t\t\t\t\t\t\t\t\t\t\t<li>By \n\t\t\t\t\t\t\t\t\t\t\t\t\t<a href=\"https:\/\/www.septinoticias.com.mx\/?author=1\">SeptiNoticias<\/a>\t\t\t\t\t\t\t\t\t\t\t\t\t<\/li>\n\t\t\t\t\t\t\t\t\t\t\t\t\t\n\t\t\t\t\t\t\t\t\t\t\t\t\t\t\t\t\t\t\t\t\t\t\t\t\t\t\n\t\t\t\t\t\t\t\t\t\t\t\t\t\t\t\t\t\t\t\t\t\t\t\t\t\t<li><i class=\"fa-regular fa-calendar\"><\/i>abril 27, 2026<\/li>\n\t\t\t\t\t\t\t\t\t\t\t\t\t\t\t\t\t\t\t\t\t\t\t\t\t\t\n\t\t\t\t\t\t\t\t\t\t\t\t<\/ul>\n\t\t\t\t\t\t\t\t\t\t\t<\/div>\n\t\t\t\t\t\t\t\t\t\t\t\n\t\t\t\t\t\t\t\t\t\t\t\n\t\t\t\t\t\t\t\t\t\t<\/div>\n\t\t\t\t\t\t\t\t\t\t\n\t\t\t\t\t\t\t\t\t<\/div>\n\t\t\t\t\t\t\t\t\t\n\n\t\t\t\t\t\t\t\t<\/div>\n\n\n\t\t\t\t\t\t\t\t<\/div>\n\t\t\t\t\t\t\t\t\n                                \n                                \t\t\t\t\t\t\t\t\n                                                                \t\n                                \t\t\t\t\t\t\t\t\t\n                                <div class=\"col-lg-5 col-sm-12\">\n\n                                    \n\n\t\t\t\t\t\t\t\t<div class=\"post-gridstyle-two tab-bottom-grid-style\">\n\n\t\t\t\t\t\t\t\t\t<div class=\"latest-small-item\">\n\t\t\t\t\t\t\t\t\t\t<div class=\"thumb\">\n\t\t\t\t\t\t\t\t\t\t\t<a href=\"https:\/\/www.septinoticias.com.mx\/?p=130114\">\n\t\t\t\t\t\t\t\t\t\t\t<img decoding=\"async\" src=\"https:\/\/www.septinoticias.com.mx\/wp-content\/uploads\/2026\/04\/Agenda-futbolistica-coloca-a-Hidalgo-en-el-plano-global-2.jpg\" alt=\"Agenda futbol\u00edstica coloca a Hidalgo en el plano global\">\n\t\t\t\t\t\t\t\t\t\t\t<\/a>\n\t\t\t\t\t\t\t\t\t\t<\/div>\n\t\t\t\t\t\t\t\t\t\t<div class=\"content\">\n\t\t\t\t\t\t\t\t\t\t\n\t\t\t\t\t\t\t\t\t\t\t\t\n\t\t\t\t\t\t\t\t\t\t\t\t<div class=\"theme-category-box\">\n\t\t\t\t\t\t\t\t\t\t\t\t\t \n   \n\t \n\n\t\n\t<a class=\"news-cat_Name\" href=\"https:\/\/www.septinoticias.com.mx\/?cat=6\">\n\t\tDeporte\t<\/a>\n   \n\t\t\t\t\t\t\t\t\t\t\t\t\t<\/div>\n\t\t\t\t\t\t\t\t\t\t\t\t\n\t\t\t\t\t\t\t\t\t\t\t\n\t\t\t\t\t\t\t\t\t\t\t\n\t\t\t\t\t\t\t\t\t\t\t<h5 class=\"title\"><a href=\"https:\/\/www.septinoticias.com.mx\/?p=130114\">Agenda futbol\u00edstica coloca a Hidalgo en el plano global<\/a><\/h5>\n\t\t\t\t\t\t\t\t\t\t\t\n\t\t\t\t\t\t\t\t\t\t\t<div class=\"post-meta-style-two\">\n\t\t\t\t\t\t\t\t\t\t\t\t<ul>\n\t\t\t\t\t\t\t\t\t\t\t\t\t\n\t\t\t\t\t\t\t\t\t\t\t\t\t\t\t\t\t\t\t\t\t\t\t\t\t\t\n\t\t\t\t\t\t\t\t\t\t\t\t\t<li>By \n\t\t\t\t\t\t\t\t\t\t\t\t\t<a href=\"https:\/\/www.septinoticias.com.mx\/?author=1\">SeptiNoticias<\/a>\t\t\t\t\t\t\t\t\t\t\t\t\t<\/li>\n\t\t\t\t\t\t\t\t\t\t\t\t\t\n\t\t\t\t\t\t\t\t\t\t\t\t\t\t\t\t\t\t\t\t\t\t\t\t\t\t\n\t\t\t\t\t\t\t\t\t\t\t\t\t\t\t\t\t\t\t\t\t\t\t\t\t\t<li><i class=\"fa-regular fa-calendar\"><\/i>abril 19, 2026<\/li>\n\t\t\t\t\t\t\t\t\t\t\t\t\t\t\t\t\t\t\t\t\t\t\t\t\t\t\n\t\t\t\t\t\t\t\t\t\t\t\t\t\n\t\t\t\t\t\t\t\t\t\t\t\t<\/ul>\n\t\t\t\t\t\t\t\t\t\t\t<\/div>\n\t\t\t\t\t\t\t\t\t\t<\/div>\n\t\t\t\t\t\t\t\t\t<\/div>\n\t\t\t\t\t\t\t\n\n\n\t\t\t\t\t\t\t\t<\/div>\n\t\t\t\t\t\t\t\t\t\t\t\n                                     \n                                \n                                \t\t\t\t\t\t\t\t\n                                                                \t\n                                 \n\n\t\t\t\t\t\t\t\t<div class=\"post-gridstyle-two tab-bottom-grid-style\">\n\n\t\t\t\t\t\t\t\t\t<div class=\"latest-small-item\">\n\t\t\t\t\t\t\t\t\t\t<div class=\"thumb\">\n\t\t\t\t\t\t\t\t\t\t\t<a href=\"https:\/\/www.septinoticias.com.mx\/?p=129246\">\n\t\t\t\t\t\t\t\t\t\t\t<img decoding=\"async\" src=\"https:\/\/www.septinoticias.com.mx\/wp-content\/uploads\/2026\/04\/Grupo-Modelo-por-500-boletos-para-Copa-Mundial-de-Futbol.jpg\" alt=\"Grupo Modelo Dono 500 boletos para los Partidos de la Copa Mundial de F\u00fatbol\">\n\t\t\t\t\t\t\t\t\t\t\t<\/a>\n\t\t\t\t\t\t\t\t\t\t<\/div>\n\t\t\t\t\t\t\t\t\t\t<div class=\"content\">\n\t\t\t\t\t\t\t\t\t\t\n\t\t\t\t\t\t\t\t\t\t\t\t\n\t\t\t\t\t\t\t\t\t\t\t\t<div class=\"theme-category-box\">\n\t\t\t\t\t\t\t\t\t\t\t\t\t \n   \n\t \n\n\t\n\t<a class=\"news-cat_Name\" href=\"https:\/\/www.septinoticias.com.mx\/?cat=6\">\n\t\tDeporte\t<\/a>\n   \n\t\t\t\t\t\t\t\t\t\t\t\t\t<\/div>\n\t\t\t\t\t\t\t\t\t\t\t\t\n\t\t\t\t\t\t\t\t\t\t\t\n\t\t\t\t\t\t\t\t\t\t\t\n\t\t\t\t\t\t\t\t\t\t\t<h5 class=\"title\"><a href=\"https:\/\/www.septinoticias.com.mx\/?p=129246\">Grupo Modelo Dono 500 boletos para los Partidos de la Copa Mundial<\/a><\/h5>\n\t\t\t\t\t\t\t\t\t\t\t\n\t\t\t\t\t\t\t\t\t\t\t<div class=\"post-meta-style-two\">\n\t\t\t\t\t\t\t\t\t\t\t\t<ul>\n\t\t\t\t\t\t\t\t\t\t\t\t\t\n\t\t\t\t\t\t\t\t\t\t\t\t\t\t\t\t\t\t\t\t\t\t\t\t\t\t\n\t\t\t\t\t\t\t\t\t\t\t\t\t<li>By \n\t\t\t\t\t\t\t\t\t\t\t\t\t<a href=\"https:\/\/www.septinoticias.com.mx\/?author=1\">SeptiNoticias<\/a>\t\t\t\t\t\t\t\t\t\t\t\t\t<\/li>\n\t\t\t\t\t\t\t\t\t\t\t\t\t\n\t\t\t\t\t\t\t\t\t\t\t\t\t\t\t\t\t\t\t\t\t\t\t\t\t\t\n\t\t\t\t\t\t\t\t\t\t\t\t\t\t\t\t\t\t\t\t\t\t\t\t\t\t<li><i class=\"fa-regular fa-calendar\"><\/i>abril 11, 2026<\/li>\n\t\t\t\t\t\t\t\t\t\t\t\t\t\t\t\t\t\t\t\t\t\t\t\t\t\t\n\t\t\t\t\t\t\t\t\t\t\t\t\t\n\t\t\t\t\t\t\t\t\t\t\t\t<\/ul>\n\t\t\t\t\t\t\t\t\t\t\t<\/div>\n\t\t\t\t\t\t\t\t\t\t<\/div>\n\t\t\t\t\t\t\t\t\t<\/div>\n\t\t\t\t\t\t\t\n\n\n\t\t\t\t\t\t\t\t<\/div>\n\t\t\t\t\t\t\t\t\t\t\t\n                                     \n                                \n                                \t\t\t\t\t\t\t\t\n                                                                \t\n                                 \n\n\t\t\t\t\t\t\t\t<div class=\"post-gridstyle-two tab-bottom-grid-style\">\n\n\t\t\t\t\t\t\t\t\t<div class=\"latest-small-item\">\n\t\t\t\t\t\t\t\t\t\t<div class=\"thumb\">\n\t\t\t\t\t\t\t\t\t\t\t<a href=\"https:\/\/www.septinoticias.com.mx\/?p=128813\">\n\t\t\t\t\t\t\t\t\t\t\t<img decoding=\"async\" src=\"https:\/\/www.septinoticias.com.mx\/wp-content\/uploads\/2026\/04\/El-Inhide-invierte-todos-sus-recursos-para-que-mas-personas-practiquen-deporte-en-mejores-condiciones.jpg\" alt=\"El Inhide Invierte Todos Sus Recursos Para Que M\u00e1s Personas Practiquen Deporte en Mejores Condiciones\">\n\t\t\t\t\t\t\t\t\t\t\t<\/a>\n\t\t\t\t\t\t\t\t\t\t<\/div>\n\t\t\t\t\t\t\t\t\t\t<div class=\"content\">\n\t\t\t\t\t\t\t\t\t\t\n\t\t\t\t\t\t\t\t\t\t\t\t\n\t\t\t\t\t\t\t\t\t\t\t\t<div class=\"theme-category-box\">\n\t\t\t\t\t\t\t\t\t\t\t\t\t \n   \n\t \n\n\t\n\t<a class=\"news-cat_Name\" href=\"https:\/\/www.septinoticias.com.mx\/?cat=6\">\n\t\tDeporte\t<\/a>\n   \n\t\t\t\t\t\t\t\t\t\t\t\t\t<\/div>\n\t\t\t\t\t\t\t\t\t\t\t\t\n\t\t\t\t\t\t\t\t\t\t\t\n\t\t\t\t\t\t\t\t\t\t\t\n\t\t\t\t\t\t\t\t\t\t\t<h5 class=\"title\"><a href=\"https:\/\/www.septinoticias.com.mx\/?p=128813\">El Inhide Invierte Todos Sus Recursos Para Que M\u00e1s Personas Practiquen Deporte<\/a><\/h5>\n\t\t\t\t\t\t\t\t\t\t\t\n\t\t\t\t\t\t\t\t\t\t\t<div class=\"post-meta-style-two\">\n\t\t\t\t\t\t\t\t\t\t\t\t<ul>\n\t\t\t\t\t\t\t\t\t\t\t\t\t\n\t\t\t\t\t\t\t\t\t\t\t\t\t\t\t\t\t\t\t\t\t\t\t\t\t\t\n\t\t\t\t\t\t\t\t\t\t\t\t\t<li>By \n\t\t\t\t\t\t\t\t\t\t\t\t\t<a href=\"https:\/\/www.septinoticias.com.mx\/?author=1\">SeptiNoticias<\/a>\t\t\t\t\t\t\t\t\t\t\t\t\t<\/li>\n\t\t\t\t\t\t\t\t\t\t\t\t\t\n\t\t\t\t\t\t\t\t\t\t\t\t\t\t\t\t\t\t\t\t\t\t\t\t\t\t\n\t\t\t\t\t\t\t\t\t\t\t\t\t\t\t\t\t\t\t\t\t\t\t\t\t\t<li><i class=\"fa-regular fa-calendar\"><\/i>abril 7, 2026<\/li>\n\t\t\t\t\t\t\t\t\t\t\t\t\t\t\t\t\t\t\t\t\t\t\t\t\t\t\n\t\t\t\t\t\t\t\t\t\t\t\t\t\n\t\t\t\t\t\t\t\t\t\t\t\t<\/ul>\n\t\t\t\t\t\t\t\t\t\t\t<\/div>\n\t\t\t\t\t\t\t\t\t\t<\/div>\n\t\t\t\t\t\t\t\t\t<\/div>\n\t\t\t\t\t\t\t\n\n\n\t\t\t\t\t\t\t\t<\/div>\n\t\t\t\t\t\t\t\t\t\t\t\n                                     \n                                \n                                \t\t\t\t\t\t\t\t\n                                                                \t\n                                 \n\n\t\t\t\t\t\t\t\t<div class=\"post-gridstyle-two tab-bottom-grid-style\">\n\n\t\t\t\t\t\t\t\t\t<div class=\"latest-small-item\">\n\t\t\t\t\t\t\t\t\t\t<div class=\"thumb\">\n\t\t\t\t\t\t\t\t\t\t\t<a href=\"https:\/\/www.septinoticias.com.mx\/?p=128723\">\n\t\t\t\t\t\t\t\t\t\t\t<img decoding=\"async\" src=\"https:\/\/www.septinoticias.com.mx\/wp-content\/uploads\/2026\/04\/Belen-Santolaya-Nadadora-Hidalguense-Afina.jpg\" alt=\"Bel\u00e9n Santolaya Nadadora Hidalguense, Afina Su Preparaci\u00f3n Rumbo al Selectivo Nacional en Veracruz\">\n\t\t\t\t\t\t\t\t\t\t\t<\/a>\n\t\t\t\t\t\t\t\t\t\t<\/div>\n\t\t\t\t\t\t\t\t\t\t<div class=\"content\">\n\t\t\t\t\t\t\t\t\t\t\n\t\t\t\t\t\t\t\t\t\t\t\t\n\t\t\t\t\t\t\t\t\t\t\t\t<div class=\"theme-category-box\">\n\t\t\t\t\t\t\t\t\t\t\t\t\t \n   \n\t \n\n\t\n\t<a class=\"news-cat_Name\" href=\"https:\/\/www.septinoticias.com.mx\/?cat=6\">\n\t\tDeporte\t<\/a>\n   \n\t\t\t\t\t\t\t\t\t\t\t\t\t<\/div>\n\t\t\t\t\t\t\t\t\t\t\t\t\n\t\t\t\t\t\t\t\t\t\t\t\n\t\t\t\t\t\t\t\t\t\t\t\n\t\t\t\t\t\t\t\t\t\t\t<h5 class=\"title\"><a href=\"https:\/\/www.septinoticias.com.mx\/?p=128723\">Bel\u00e9n Santolaya Nadadora Hidalguense, Afina Su Preparaci\u00f3n Rumbo al Selectivo Nacional en<\/a><\/h5>\n\t\t\t\t\t\t\t\t\t\t\t\n\t\t\t\t\t\t\t\t\t\t\t<div class=\"post-meta-style-two\">\n\t\t\t\t\t\t\t\t\t\t\t\t<ul>\n\t\t\t\t\t\t\t\t\t\t\t\t\t\n\t\t\t\t\t\t\t\t\t\t\t\t\t\t\t\t\t\t\t\t\t\t\t\t\t\t\n\t\t\t\t\t\t\t\t\t\t\t\t\t<li>By \n\t\t\t\t\t\t\t\t\t\t\t\t\t<a href=\"https:\/\/www.septinoticias.com.mx\/?author=1\">SeptiNoticias<\/a>\t\t\t\t\t\t\t\t\t\t\t\t\t<\/li>\n\t\t\t\t\t\t\t\t\t\t\t\t\t\n\t\t\t\t\t\t\t\t\t\t\t\t\t\t\t\t\t\t\t\t\t\t\t\t\t\t\n\t\t\t\t\t\t\t\t\t\t\t\t\t\t\t\t\t\t\t\t\t\t\t\t\t\t<li><i class=\"fa-regular fa-calendar\"><\/i>abril 6, 2026<\/li>\n\t\t\t\t\t\t\t\t\t\t\t\t\t\t\t\t\t\t\t\t\t\t\t\t\t\t\n\t\t\t\t\t\t\t\t\t\t\t\t\t\n\t\t\t\t\t\t\t\t\t\t\t\t<\/ul>\n\t\t\t\t\t\t\t\t\t\t\t<\/div>\n\t\t\t\t\t\t\t\t\t\t<\/div>\n\t\t\t\t\t\t\t\t\t<\/div>\n\t\t\t\t\t\t\t\n\n\n\t\t\t\t\t\t\t\t<\/div>\n\t\t\t\t\t\t\t\t\t\t\t\n                                                               \n                                <\/div>\n\n                                 \n                                \n                                \t\t\t\t\t\t\t\t\n                              <\/div>\n                           <\/div>\n                                             \t\t\t\t\t \n                     <\/div>\n                     <div role=\"tabpanel\" class=\"tab-pane fade\" id=\"d773cce704ca8a\">\n                     \t\t\t\t\t \n                        <div class=\"theme_post_Tab__block block-tab-item\">\n                            <div class=\"row\">\n\t\t\t\t\t\t\t  \n\t\t\t\t\t\t\t\t\t\t\t\t\t\t\t\t\n                                \t\t\t\t\t\t\t\t\n\t\t\t\t\t\t\t\t<div class=\"col-lg-7 col-sm-12\">\n\t\t\t\t\t\t\t\t\t\n\t\t\t\t\t\t\t\t<div class=\"news_post_grid_design blog-post-grid-wrapper blog-post-grid-wrapper-four post-block-item\">\n\t\t\t\t\t        \t\t\n\t\t\t\t\t\t\t\t\t<div class=\"latest-news-item\">\n\t\t\t\t\t\t\t\t\t\t<div class=\"latest-news-thumb\">\n\t\t\t\t\t\t\t\t\t\t\t<a href=\"https:\/\/www.septinoticias.com.mx\/?p=131309\"><img decoding=\"async\" src=\"https:\/\/www.septinoticias.com.mx\/wp-content\/uploads\/2026\/05\/Se-generan-mas-de-38-mil-empleos-formales-en-Hidalgo-2.jpg\" alt=\"Se Generan M\u00e1s de 38 Mil Empleos Formales En Hidalgo\"><\/a>\n\t\t\t\t\t\t\t\t\t\t<\/div>\n\t\t\t\t\t\t\t\t\t\t\n\t\t\t\t\t\t\t\t\t\t<div class=\"latest-news-content\">\n\t\t\t\t\t\t\t\t\t\t\n\t\t\t\t\t\t\t\t\t\t\t\t\n\t\t\t\t\t\t\t\t\t\t\t\t<div class=\"theme-category-box\">\n\t\t\t\t\t\t\t\t\t\t\t\t\t \n   \n\t \n\n\t\n\t<a class=\"tag news-cat_Name\" href=\"https:\/\/www.septinoticias.com.mx\/?cat=5\" style=\"background-color:#ac27c4;\">\n\t\tEconom\u00eda\t<\/a>\n   \n\t\t\t\t\t\t\t\t\t\t\t\t\t<\/div>\n\t\t\t\t\t\t\t\t\t\t\t\t\n\t\t\t\t\t\t\t\t\t\t\t\n\t\t\t\t\t\t\t\t\t\t\t<h4 class=\"title\"><a href=\"https:\/\/www.septinoticias.com.mx\/?p=131309\">Se Generan M\u00e1s de 38 Mil Empleos Formales En Hidalgo<\/a><\/h4>\n\t\t\t\t\t\t\t\t\t\t\t\n\t\t\t\t\t\t\t\t\t\t\t<div class=\"post-meta-style-two\">\n\t\t\t\t\t\t\t\t\t\t\t\t<ul>\n\t\t\t\t\t\t\t\t\t\t\t\t\t\n\t\t\t\t\t\t\t\t\t\t\t\t\t\t\t\t\t\t\t\t\t\t\t\t\t\t\n\t\t\t\t\t\t\t\t\t\t\t\t\t<li>By \n\t\t\t\t\t\t\t\t\t\t\t\t\t<a href=\"https:\/\/www.septinoticias.com.mx\/?author=1\">SeptiNoticias<\/a>\t\t\t\t\t\t\t\t\t\t\t\t\t<\/li>\n\t\t\t\t\t\t\t\t\t\t\t\t\t\n\t\t\t\t\t\t\t\t\t\t\t\t\t\t\t\t\t\t\t\t\t\t\t\t\t\t\n\t\t\t\t\t\t\t\t\t\t\t\t\t\t\t\t\t\t\t\t\t\t\t\t\t\t<li><i class=\"fa-regular fa-calendar\"><\/i>mayo 1, 2026<\/li>\n\t\t\t\t\t\t\t\t\t\t\t\t\t\t\t\t\t\t\t\t\t\t\t\t\t\t\n\t\t\t\t\t\t\t\t\t\t\t\t<\/ul>\n\t\t\t\t\t\t\t\t\t\t\t<\/div>\n\t\t\t\t\t\t\t\t\t\t\t\n\t\t\t\t\t\t\t\t\t\t\t\n\t\t\t\t\t\t\t\t\t\t<\/div>\n\t\t\t\t\t\t\t\t\t\t\n\t\t\t\t\t\t\t\t\t<\/div>\n\t\t\t\t\t\t\t\t\t\n\n\t\t\t\t\t\t\t\t<\/div>\n\n\n\t\t\t\t\t\t\t\t<\/div>\n\t\t\t\t\t\t\t\t\n                                \n                                \t\t\t\t\t\t\t\t\n                                                                \t\n                                \t\t\t\t\t\t\t\t\t\n                                <div class=\"col-lg-5 col-sm-12\">\n\n                                    \n\n\t\t\t\t\t\t\t\t<div class=\"post-gridstyle-two tab-bottom-grid-style\">\n\n\t\t\t\t\t\t\t\t\t<div class=\"latest-small-item\">\n\t\t\t\t\t\t\t\t\t\t<div class=\"thumb\">\n\t\t\t\t\t\t\t\t\t\t\t<a href=\"https:\/\/www.septinoticias.com.mx\/?p=131303\">\n\t\t\t\t\t\t\t\t\t\t\t<img decoding=\"async\" src=\"https:\/\/www.septinoticias.com.mx\/wp-content\/uploads\/2026\/05\/SECTUR-Hidalgo-y-Estado-de-Mexico-establecen-ruta-turistica-de-vino-y-queso.jpg\" alt=\"SECTUR Hidalgo Firma Convenio de Colaboraci\u00f3n Con El Estado de M\u00e9xico Durante El Tianguis Tur\u00edstico de Acapulco.\">\n\t\t\t\t\t\t\t\t\t\t\t<\/a>\n\t\t\t\t\t\t\t\t\t\t<\/div>\n\t\t\t\t\t\t\t\t\t\t<div class=\"content\">\n\t\t\t\t\t\t\t\t\t\t\n\t\t\t\t\t\t\t\t\t\t\t\t\n\t\t\t\t\t\t\t\t\t\t\t\t<div class=\"theme-category-box\">\n\t\t\t\t\t\t\t\t\t\t\t\t\t \n   \n\t \n\n\t\n\t<a class=\"news-cat_Name\" href=\"https:\/\/www.septinoticias.com.mx\/?cat=5\">\n\t\tEconom\u00eda\t<\/a>\n   \n\t\t\t\t\t\t\t\t\t\t\t\t\t<\/div>\n\t\t\t\t\t\t\t\t\t\t\t\t\n\t\t\t\t\t\t\t\t\t\t\t\n\t\t\t\t\t\t\t\t\t\t\t\n\t\t\t\t\t\t\t\t\t\t\t<h5 class=\"title\"><a href=\"https:\/\/www.septinoticias.com.mx\/?p=131303\">SECTUR Hidalgo Firma Convenio de Colaboraci\u00f3n Con El Estado de M\u00e9xico Durante<\/a><\/h5>\n\t\t\t\t\t\t\t\t\t\t\t\n\t\t\t\t\t\t\t\t\t\t\t<div class=\"post-meta-style-two\">\n\t\t\t\t\t\t\t\t\t\t\t\t<ul>\n\t\t\t\t\t\t\t\t\t\t\t\t\t\n\t\t\t\t\t\t\t\t\t\t\t\t\t\t\t\t\t\t\t\t\t\t\t\t\t\t\n\t\t\t\t\t\t\t\t\t\t\t\t\t<li>By \n\t\t\t\t\t\t\t\t\t\t\t\t\t<a href=\"https:\/\/www.septinoticias.com.mx\/?author=1\">SeptiNoticias<\/a>\t\t\t\t\t\t\t\t\t\t\t\t\t<\/li>\n\t\t\t\t\t\t\t\t\t\t\t\t\t\n\t\t\t\t\t\t\t\t\t\t\t\t\t\t\t\t\t\t\t\t\t\t\t\t\t\t\n\t\t\t\t\t\t\t\t\t\t\t\t\t\t\t\t\t\t\t\t\t\t\t\t\t\t<li><i class=\"fa-regular fa-calendar\"><\/i>mayo 1, 2026<\/li>\n\t\t\t\t\t\t\t\t\t\t\t\t\t\t\t\t\t\t\t\t\t\t\t\t\t\t\n\t\t\t\t\t\t\t\t\t\t\t\t\t\n\t\t\t\t\t\t\t\t\t\t\t\t<\/ul>\n\t\t\t\t\t\t\t\t\t\t\t<\/div>\n\t\t\t\t\t\t\t\t\t\t<\/div>\n\t\t\t\t\t\t\t\t\t<\/div>\n\t\t\t\t\t\t\t\n\n\n\t\t\t\t\t\t\t\t<\/div>\n\t\t\t\t\t\t\t\t\t\t\t\n                                     \n                                \n                                \t\t\t\t\t\t\t\t\n                                                                \t\n                                 \n\n\t\t\t\t\t\t\t\t<div class=\"post-gridstyle-two tab-bottom-grid-style\">\n\n\t\t\t\t\t\t\t\t\t<div class=\"latest-small-item\">\n\t\t\t\t\t\t\t\t\t\t<div class=\"thumb\">\n\t\t\t\t\t\t\t\t\t\t\t<a href=\"https:\/\/www.septinoticias.com.mx\/?p=131297\">\n\t\t\t\t\t\t\t\t\t\t\t<img decoding=\"async\" src=\"https:\/\/www.septinoticias.com.mx\/wp-content\/uploads\/2026\/05\/Conagua-destina-recursos-para-obras-de-rehabilitacion-y.jpeg\" alt=\"Conagua destina recursos para obras de rehabilitaci\u00f3n y tecnificaci\u00f3n en Mineral de la Reforma, Hidalgo\">\n\t\t\t\t\t\t\t\t\t\t\t<\/a>\n\t\t\t\t\t\t\t\t\t\t<\/div>\n\t\t\t\t\t\t\t\t\t\t<div class=\"content\">\n\t\t\t\t\t\t\t\t\t\t\n\t\t\t\t\t\t\t\t\t\t\t\t\n\t\t\t\t\t\t\t\t\t\t\t\t<div class=\"theme-category-box\">\n\t\t\t\t\t\t\t\t\t\t\t\t\t \n   \n\t \n\n\t\n\t<a class=\"news-cat_Name\" href=\"https:\/\/www.septinoticias.com.mx\/?cat=5\">\n\t\tEconom\u00eda\t<\/a>\n   \n\t\t\t\t\t\t\t\t\t\t\t\t\t<\/div>\n\t\t\t\t\t\t\t\t\t\t\t\t\n\t\t\t\t\t\t\t\t\t\t\t\n\t\t\t\t\t\t\t\t\t\t\t\n\t\t\t\t\t\t\t\t\t\t\t<h5 class=\"title\"><a href=\"https:\/\/www.septinoticias.com.mx\/?p=131297\">Conagua destina recursos para obras de rehabilitaci\u00f3n y tecnificaci\u00f3n en Mineral de<\/a><\/h5>\n\t\t\t\t\t\t\t\t\t\t\t\n\t\t\t\t\t\t\t\t\t\t\t<div class=\"post-meta-style-two\">\n\t\t\t\t\t\t\t\t\t\t\t\t<ul>\n\t\t\t\t\t\t\t\t\t\t\t\t\t\n\t\t\t\t\t\t\t\t\t\t\t\t\t\t\t\t\t\t\t\t\t\t\t\t\t\t\n\t\t\t\t\t\t\t\t\t\t\t\t\t<li>By \n\t\t\t\t\t\t\t\t\t\t\t\t\t<a href=\"https:\/\/www.septinoticias.com.mx\/?author=1\">SeptiNoticias<\/a>\t\t\t\t\t\t\t\t\t\t\t\t\t<\/li>\n\t\t\t\t\t\t\t\t\t\t\t\t\t\n\t\t\t\t\t\t\t\t\t\t\t\t\t\t\t\t\t\t\t\t\t\t\t\t\t\t\n\t\t\t\t\t\t\t\t\t\t\t\t\t\t\t\t\t\t\t\t\t\t\t\t\t\t<li><i class=\"fa-regular fa-calendar\"><\/i>mayo 1, 2026<\/li>\n\t\t\t\t\t\t\t\t\t\t\t\t\t\t\t\t\t\t\t\t\t\t\t\t\t\t\n\t\t\t\t\t\t\t\t\t\t\t\t\t\n\t\t\t\t\t\t\t\t\t\t\t\t<\/ul>\n\t\t\t\t\t\t\t\t\t\t\t<\/div>\n\t\t\t\t\t\t\t\t\t\t<\/div>\n\t\t\t\t\t\t\t\t\t<\/div>\n\t\t\t\t\t\t\t\n\n\n\t\t\t\t\t\t\t\t<\/div>\n\t\t\t\t\t\t\t\t\t\t\t\n                                     \n                                \n                                \t\t\t\t\t\t\t\t\n                                                                \t\n                                 \n\n\t\t\t\t\t\t\t\t<div class=\"post-gridstyle-two tab-bottom-grid-style\">\n\n\t\t\t\t\t\t\t\t\t<div class=\"latest-small-item\">\n\t\t\t\t\t\t\t\t\t\t<div class=\"thumb\">\n\t\t\t\t\t\t\t\t\t\t\t<a href=\"https:\/\/www.septinoticias.com.mx\/?p=131217\">\n\t\t\t\t\t\t\t\t\t\t\t<img decoding=\"async\" src=\"https:\/\/www.septinoticias.com.mx\/wp-content\/uploads\/2026\/04\/Ultimo-dia-para-registro-al-Pabellon-Artesanal-de-la-Feria-de-San-Francisco-2026.jpg\" alt=\"\u00daltimo d\u00eda para registro al Pabell\u00f3n Artesanal de la Feria de San Francisco 2026\">\n\t\t\t\t\t\t\t\t\t\t\t<\/a>\n\t\t\t\t\t\t\t\t\t\t<\/div>\n\t\t\t\t\t\t\t\t\t\t<div class=\"content\">\n\t\t\t\t\t\t\t\t\t\t\n\t\t\t\t\t\t\t\t\t\t\t\t\n\t\t\t\t\t\t\t\t\t\t\t\t<div class=\"theme-category-box\">\n\t\t\t\t\t\t\t\t\t\t\t\t\t \n   \n\t \n\n\t\n\t<a class=\"news-cat_Name\" href=\"https:\/\/www.septinoticias.com.mx\/?cat=5\">\n\t\tEconom\u00eda\t<\/a>\n   \n\t\t\t\t\t\t\t\t\t\t\t\t\t<\/div>\n\t\t\t\t\t\t\t\t\t\t\t\t\n\t\t\t\t\t\t\t\t\t\t\t\n\t\t\t\t\t\t\t\t\t\t\t\n\t\t\t\t\t\t\t\t\t\t\t<h5 class=\"title\"><a href=\"https:\/\/www.septinoticias.com.mx\/?p=131217\">\u00daltimo d\u00eda para registro al Pabell\u00f3n Artesanal de la Feria de San<\/a><\/h5>\n\t\t\t\t\t\t\t\t\t\t\t\n\t\t\t\t\t\t\t\t\t\t\t<div class=\"post-meta-style-two\">\n\t\t\t\t\t\t\t\t\t\t\t\t<ul>\n\t\t\t\t\t\t\t\t\t\t\t\t\t\n\t\t\t\t\t\t\t\t\t\t\t\t\t\t\t\t\t\t\t\t\t\t\t\t\t\t\n\t\t\t\t\t\t\t\t\t\t\t\t\t<li>By \n\t\t\t\t\t\t\t\t\t\t\t\t\t<a href=\"https:\/\/www.septinoticias.com.mx\/?author=1\">SeptiNoticias<\/a>\t\t\t\t\t\t\t\t\t\t\t\t\t<\/li>\n\t\t\t\t\t\t\t\t\t\t\t\t\t\n\t\t\t\t\t\t\t\t\t\t\t\t\t\t\t\t\t\t\t\t\t\t\t\t\t\t\n\t\t\t\t\t\t\t\t\t\t\t\t\t\t\t\t\t\t\t\t\t\t\t\t\t\t<li><i class=\"fa-regular fa-calendar\"><\/i>abril 30, 2026<\/li>\n\t\t\t\t\t\t\t\t\t\t\t\t\t\t\t\t\t\t\t\t\t\t\t\t\t\t\n\t\t\t\t\t\t\t\t\t\t\t\t\t\n\t\t\t\t\t\t\t\t\t\t\t\t<\/ul>\n\t\t\t\t\t\t\t\t\t\t\t<\/div>\n\t\t\t\t\t\t\t\t\t\t<\/div>\n\t\t\t\t\t\t\t\t\t<\/div>\n\t\t\t\t\t\t\t\n\n\n\t\t\t\t\t\t\t\t<\/div>\n\t\t\t\t\t\t\t\t\t\t\t\n                                     \n                                \n                                \t\t\t\t\t\t\t\t\n                                                                \t\n                                 \n\n\t\t\t\t\t\t\t\t<div class=\"post-gridstyle-two tab-bottom-grid-style\">\n\n\t\t\t\t\t\t\t\t\t<div class=\"latest-small-item\">\n\t\t\t\t\t\t\t\t\t\t<div class=\"thumb\">\n\t\t\t\t\t\t\t\t\t\t\t<a href=\"https:\/\/www.septinoticias.com.mx\/?p=131211\">\n\t\t\t\t\t\t\t\t\t\t\t<img decoding=\"async\" src=\"https:\/\/www.septinoticias.com.mx\/wp-content\/uploads\/2026\/04\/Hidalgo-se-corona-como-el-estado-con-mayor-crecimiento-economico-de-Mexico-en-2025-.jpg\" alt=\"Hidalgo Se Corona Como El Estado Con Mayor Crecimiento Econ\u00f3mico de M\u00e9xico en 2025\">\n\t\t\t\t\t\t\t\t\t\t\t<\/a>\n\t\t\t\t\t\t\t\t\t\t<\/div>\n\t\t\t\t\t\t\t\t\t\t<div class=\"content\">\n\t\t\t\t\t\t\t\t\t\t\n\t\t\t\t\t\t\t\t\t\t\t\t\n\t\t\t\t\t\t\t\t\t\t\t\t<div class=\"theme-category-box\">\n\t\t\t\t\t\t\t\t\t\t\t\t\t \n   \n\t \n\n\t\n\t<a class=\"news-cat_Name\" href=\"https:\/\/www.septinoticias.com.mx\/?cat=5\">\n\t\tEconom\u00eda\t<\/a>\n   \n\t\t\t\t\t\t\t\t\t\t\t\t\t<\/div>\n\t\t\t\t\t\t\t\t\t\t\t\t\n\t\t\t\t\t\t\t\t\t\t\t\n\t\t\t\t\t\t\t\t\t\t\t\n\t\t\t\t\t\t\t\t\t\t\t<h5 class=\"title\"><a href=\"https:\/\/www.septinoticias.com.mx\/?p=131211\">Hidalgo Se Corona Como El Estado Con Mayor Crecimiento Econ\u00f3mico de M\u00e9xico<\/a><\/h5>\n\t\t\t\t\t\t\t\t\t\t\t\n\t\t\t\t\t\t\t\t\t\t\t<div class=\"post-meta-style-two\">\n\t\t\t\t\t\t\t\t\t\t\t\t<ul>\n\t\t\t\t\t\t\t\t\t\t\t\t\t\n\t\t\t\t\t\t\t\t\t\t\t\t\t\t\t\t\t\t\t\t\t\t\t\t\t\t\n\t\t\t\t\t\t\t\t\t\t\t\t\t<li>By \n\t\t\t\t\t\t\t\t\t\t\t\t\t<a href=\"https:\/\/www.septinoticias.com.mx\/?author=1\">SeptiNoticias<\/a>\t\t\t\t\t\t\t\t\t\t\t\t\t<\/li>\n\t\t\t\t\t\t\t\t\t\t\t\t\t\n\t\t\t\t\t\t\t\t\t\t\t\t\t\t\t\t\t\t\t\t\t\t\t\t\t\t\n\t\t\t\t\t\t\t\t\t\t\t\t\t\t\t\t\t\t\t\t\t\t\t\t\t\t<li><i class=\"fa-regular fa-calendar\"><\/i>abril 30, 2026<\/li>\n\t\t\t\t\t\t\t\t\t\t\t\t\t\t\t\t\t\t\t\t\t\t\t\t\t\t\n\t\t\t\t\t\t\t\t\t\t\t\t\t\n\t\t\t\t\t\t\t\t\t\t\t\t<\/ul>\n\t\t\t\t\t\t\t\t\t\t\t<\/div>\n\t\t\t\t\t\t\t\t\t\t<\/div>\n\t\t\t\t\t\t\t\t\t<\/div>\n\t\t\t\t\t\t\t\n\n\n\t\t\t\t\t\t\t\t<\/div>\n\t\t\t\t\t\t\t\t\t\t\t\n                                                               \n                                <\/div>\n\n                                 \n                                \n                                \t\t\t\t\t\t\t\t\n                              <\/div>\n                           <\/div>\n                                             \t\t\t\t\t \n                     <\/div>\n                     <div role=\"tabpanel\" class=\"tab-pane fade\" id=\"d773cce2c09b06\">\n                     \t\t\t\t\t \n                        <div class=\"theme_post_Tab__block block-tab-item\">\n                            <div class=\"row\">\n\t\t\t\t\t\t\t  \n\t\t\t\t\t\t\t\t\t\t\t\t\t\t\t\t\n                                \t\t\t\t\t\t\t\t\n\t\t\t\t\t\t\t\t<div class=\"col-lg-7 col-sm-12\">\n\t\t\t\t\t\t\t\t\t\n\t\t\t\t\t\t\t\t<div class=\"news_post_grid_design blog-post-grid-wrapper blog-post-grid-wrapper-four post-block-item\">\n\t\t\t\t\t        \t\t\n\t\t\t\t\t\t\t\t\t<div class=\"latest-news-item\">\n\t\t\t\t\t\t\t\t\t\t<div class=\"latest-news-thumb\">\n\t\t\t\t\t\t\t\t\t\t\t<a href=\"https:\/\/www.septinoticias.com.mx\/?p=131346\"><img decoding=\"async\" src=\"https:\/\/www.septinoticias.com.mx\/wp-content\/uploads\/2026\/05\/la-entrega-de-la-actualizacion-de-los-Bandos-de-Policia-y-Gobierno-a-diez-municipios-del-estado-de-Hidalgo.jpg\" alt=\"Entregan Actualizaci\u00f3n de los Bandos de Polic\u00eda y Gobierno a diez municipios del estado de Hidalgo.\"><\/a>\n\t\t\t\t\t\t\t\t\t\t<\/div>\n\t\t\t\t\t\t\t\t\t\t\n\t\t\t\t\t\t\t\t\t\t<div class=\"latest-news-content\">\n\t\t\t\t\t\t\t\t\t\t\n\t\t\t\t\t\t\t\t\t\t\t\t\n\t\t\t\t\t\t\t\t\t\t\t\t<div class=\"theme-category-box\">\n\t\t\t\t\t\t\t\t\t\t\t\t\t \n   \n\t \n\n\t\n\t<a class=\"tag news-cat_Name\" href=\"https:\/\/www.septinoticias.com.mx\/?cat=8\" style=\"background-color:#2962FF;\">\n\t\tPol\u00edtica\t<\/a>\n   \n\t\t\t\t\t\t\t\t\t\t\t\t\t<\/div>\n\t\t\t\t\t\t\t\t\t\t\t\t\n\t\t\t\t\t\t\t\t\t\t\t\n\t\t\t\t\t\t\t\t\t\t\t<h4 class=\"title\"><a href=\"https:\/\/www.septinoticias.com.mx\/?p=131346\">Entregan Actualizaci\u00f3n de los Bandos de Polic\u00eda y Gobierno a diez municipios<\/a><\/h4>\n\t\t\t\t\t\t\t\t\t\t\t\n\t\t\t\t\t\t\t\t\t\t\t<div class=\"post-meta-style-two\">\n\t\t\t\t\t\t\t\t\t\t\t\t<ul>\n\t\t\t\t\t\t\t\t\t\t\t\t\t\n\t\t\t\t\t\t\t\t\t\t\t\t\t\t\t\t\t\t\t\t\t\t\t\t\t\t\n\t\t\t\t\t\t\t\t\t\t\t\t\t<li>By \n\t\t\t\t\t\t\t\t\t\t\t\t\t<a href=\"https:\/\/www.septinoticias.com.mx\/?author=1\">SeptiNoticias<\/a>\t\t\t\t\t\t\t\t\t\t\t\t\t<\/li>\n\t\t\t\t\t\t\t\t\t\t\t\t\t\n\t\t\t\t\t\t\t\t\t\t\t\t\t\t\t\t\t\t\t\t\t\t\t\t\t\t\n\t\t\t\t\t\t\t\t\t\t\t\t\t\t\t\t\t\t\t\t\t\t\t\t\t\t<li><i class=\"fa-regular fa-calendar\"><\/i>mayo 1, 2026<\/li>\n\t\t\t\t\t\t\t\t\t\t\t\t\t\t\t\t\t\t\t\t\t\t\t\t\t\t\n\t\t\t\t\t\t\t\t\t\t\t\t<\/ul>\n\t\t\t\t\t\t\t\t\t\t\t<\/div>\n\t\t\t\t\t\t\t\t\t\t\t\n\t\t\t\t\t\t\t\t\t\t\t\n\t\t\t\t\t\t\t\t\t\t<\/div>\n\t\t\t\t\t\t\t\t\t\t\n\t\t\t\t\t\t\t\t\t<\/div>\n\t\t\t\t\t\t\t\t\t\n\n\t\t\t\t\t\t\t\t<\/div>\n\n\n\t\t\t\t\t\t\t\t<\/div>\n\t\t\t\t\t\t\t\t\n                                \n                                \t\t\t\t\t\t\t\t\n                                                                \t\n                                \t\t\t\t\t\t\t\t\t\n                                <div class=\"col-lg-5 col-sm-12\">\n\n                                    \n\n\t\t\t\t\t\t\t\t<div class=\"post-gridstyle-two tab-bottom-grid-style\">\n\n\t\t\t\t\t\t\t\t\t<div class=\"latest-small-item\">\n\t\t\t\t\t\t\t\t\t\t<div class=\"thumb\">\n\t\t\t\t\t\t\t\t\t\t\t<a href=\"https:\/\/www.septinoticias.com.mx\/?p=131327\">\n\t\t\t\t\t\t\t\t\t\t\t<img decoding=\"async\" src=\"https:\/\/www.septinoticias.com.mx\/wp-content\/uploads\/2026\/05\/Estados-coordinan-acciones-para-fortalecer-la-seguridad.jpg\" alt=\"Estados Coordinan Acciones Para Fortalecer La Seguridad y Operaci\u00f3n del Arco Norte\">\n\t\t\t\t\t\t\t\t\t\t\t<\/a>\n\t\t\t\t\t\t\t\t\t\t<\/div>\n\t\t\t\t\t\t\t\t\t\t<div class=\"content\">\n\t\t\t\t\t\t\t\t\t\t\n\t\t\t\t\t\t\t\t\t\t\t\t\n\t\t\t\t\t\t\t\t\t\t\t\t<div class=\"theme-category-box\">\n\t\t\t\t\t\t\t\t\t\t\t\t\t \n   \n\t \n\n\t\n\t<a class=\"news-cat_Name\" href=\"https:\/\/www.septinoticias.com.mx\/?cat=8\">\n\t\tPol\u00edtica\t<\/a>\n   \n\t\t\t\t\t\t\t\t\t\t\t\t\t<\/div>\n\t\t\t\t\t\t\t\t\t\t\t\t\n\t\t\t\t\t\t\t\t\t\t\t\n\t\t\t\t\t\t\t\t\t\t\t\n\t\t\t\t\t\t\t\t\t\t\t<h5 class=\"title\"><a href=\"https:\/\/www.septinoticias.com.mx\/?p=131327\">Estados Coordinan Acciones Para Fortalecer La Seguridad y Operaci\u00f3n del Arco Norte<\/a><\/h5>\n\t\t\t\t\t\t\t\t\t\t\t\n\t\t\t\t\t\t\t\t\t\t\t<div class=\"post-meta-style-two\">\n\t\t\t\t\t\t\t\t\t\t\t\t<ul>\n\t\t\t\t\t\t\t\t\t\t\t\t\t\n\t\t\t\t\t\t\t\t\t\t\t\t\t\t\t\t\t\t\t\t\t\t\t\t\t\t\n\t\t\t\t\t\t\t\t\t\t\t\t\t<li>By \n\t\t\t\t\t\t\t\t\t\t\t\t\t<a href=\"https:\/\/www.septinoticias.com.mx\/?author=1\">SeptiNoticias<\/a>\t\t\t\t\t\t\t\t\t\t\t\t\t<\/li>\n\t\t\t\t\t\t\t\t\t\t\t\t\t\n\t\t\t\t\t\t\t\t\t\t\t\t\t\t\t\t\t\t\t\t\t\t\t\t\t\t\n\t\t\t\t\t\t\t\t\t\t\t\t\t\t\t\t\t\t\t\t\t\t\t\t\t\t<li><i class=\"fa-regular fa-calendar\"><\/i>mayo 1, 2026<\/li>\n\t\t\t\t\t\t\t\t\t\t\t\t\t\t\t\t\t\t\t\t\t\t\t\t\t\t\n\t\t\t\t\t\t\t\t\t\t\t\t\t\n\t\t\t\t\t\t\t\t\t\t\t\t<\/ul>\n\t\t\t\t\t\t\t\t\t\t\t<\/div>\n\t\t\t\t\t\t\t\t\t\t<\/div>\n\t\t\t\t\t\t\t\t\t<\/div>\n\t\t\t\t\t\t\t\n\n\n\t\t\t\t\t\t\t\t<\/div>\n\t\t\t\t\t\t\t\t\t\t\t\n                                     \n                                \n                                \t\t\t\t\t\t\t\t\n                                                                \t\n                                 \n\n\t\t\t\t\t\t\t\t<div class=\"post-gridstyle-two tab-bottom-grid-style\">\n\n\t\t\t\t\t\t\t\t\t<div class=\"latest-small-item\">\n\t\t\t\t\t\t\t\t\t\t<div class=\"thumb\">\n\t\t\t\t\t\t\t\t\t\t\t<a href=\"https:\/\/www.septinoticias.com.mx\/?p=131321\">\n\t\t\t\t\t\t\t\t\t\t\t<img decoding=\"async\" src=\"https:\/\/www.septinoticias.com.mx\/wp-content\/uploads\/2026\/05\/Presidenta-inicia-entrega-de-tarjetas-de-la-Beca.jpg\" alt=\"Presidenta inicia entrega de tarjetas de la Beca para Uniformes y \u00datiles \u201cRita Cetina\u201d; beneficiar\u00e1 a 9 millones de estudiantes de primaria\">\n\t\t\t\t\t\t\t\t\t\t\t<\/a>\n\t\t\t\t\t\t\t\t\t\t<\/div>\n\t\t\t\t\t\t\t\t\t\t<div class=\"content\">\n\t\t\t\t\t\t\t\t\t\t\n\t\t\t\t\t\t\t\t\t\t\t\t\n\t\t\t\t\t\t\t\t\t\t\t\t<div class=\"theme-category-box\">\n\t\t\t\t\t\t\t\t\t\t\t\t\t \n   \n\t \n\n\t\n\t<a class=\"news-cat_Name\" href=\"https:\/\/www.septinoticias.com.mx\/?cat=8\">\n\t\tPol\u00edtica\t<\/a>\n   \n\t\t\t\t\t\t\t\t\t\t\t\t\t<\/div>\n\t\t\t\t\t\t\t\t\t\t\t\t\n\t\t\t\t\t\t\t\t\t\t\t\n\t\t\t\t\t\t\t\t\t\t\t\n\t\t\t\t\t\t\t\t\t\t\t<h5 class=\"title\"><a href=\"https:\/\/www.septinoticias.com.mx\/?p=131321\">Presidenta inicia entrega de tarjetas de la Beca para Uniformes y \u00datiles<\/a><\/h5>\n\t\t\t\t\t\t\t\t\t\t\t\n\t\t\t\t\t\t\t\t\t\t\t<div class=\"post-meta-style-two\">\n\t\t\t\t\t\t\t\t\t\t\t\t<ul>\n\t\t\t\t\t\t\t\t\t\t\t\t\t\n\t\t\t\t\t\t\t\t\t\t\t\t\t\t\t\t\t\t\t\t\t\t\t\t\t\t\n\t\t\t\t\t\t\t\t\t\t\t\t\t<li>By \n\t\t\t\t\t\t\t\t\t\t\t\t\t<a href=\"https:\/\/www.septinoticias.com.mx\/?author=1\">SeptiNoticias<\/a>\t\t\t\t\t\t\t\t\t\t\t\t\t<\/li>\n\t\t\t\t\t\t\t\t\t\t\t\t\t\n\t\t\t\t\t\t\t\t\t\t\t\t\t\t\t\t\t\t\t\t\t\t\t\t\t\t\n\t\t\t\t\t\t\t\t\t\t\t\t\t\t\t\t\t\t\t\t\t\t\t\t\t\t<li><i class=\"fa-regular fa-calendar\"><\/i>mayo 1, 2026<\/li>\n\t\t\t\t\t\t\t\t\t\t\t\t\t\t\t\t\t\t\t\t\t\t\t\t\t\t\n\t\t\t\t\t\t\t\t\t\t\t\t\t\n\t\t\t\t\t\t\t\t\t\t\t\t<\/ul>\n\t\t\t\t\t\t\t\t\t\t\t<\/div>\n\t\t\t\t\t\t\t\t\t\t<\/div>\n\t\t\t\t\t\t\t\t\t<\/div>\n\t\t\t\t\t\t\t\n\n\n\t\t\t\t\t\t\t\t<\/div>\n\t\t\t\t\t\t\t\t\t\t\t\n                                     \n                                \n                                \t\t\t\t\t\t\t\t\n                                                                \t\n                                 \n\n\t\t\t\t\t\t\t\t<div class=\"post-gridstyle-two tab-bottom-grid-style\">\n\n\t\t\t\t\t\t\t\t\t<div class=\"latest-small-item\">\n\t\t\t\t\t\t\t\t\t\t<div class=\"thumb\">\n\t\t\t\t\t\t\t\t\t\t\t<a href=\"https:\/\/www.septinoticias.com.mx\/?p=131247\">\n\t\t\t\t\t\t\t\t\t\t\t<img decoding=\"async\" src=\"https:\/\/www.septinoticias.com.mx\/wp-content\/uploads\/2024\/11\/MIGUEL-ANGEL-MORENO.jpg\" alt=\"La Ampliaci\u00f3n del Presupuesto del IEEH se Refiere a Gasto Operativo y No de Proceso Electoral: Sera Rechazado\">\n\t\t\t\t\t\t\t\t\t\t\t<\/a>\n\t\t\t\t\t\t\t\t\t\t<\/div>\n\t\t\t\t\t\t\t\t\t\t<div class=\"content\">\n\t\t\t\t\t\t\t\t\t\t\n\t\t\t\t\t\t\t\t\t\t\t\t\n\t\t\t\t\t\t\t\t\t\t\t\t<div class=\"theme-category-box\">\n\t\t\t\t\t\t\t\t\t\t\t\t\t \n   \n\t \n\n\t\n\t<a class=\"news-cat_Name\" href=\"https:\/\/www.septinoticias.com.mx\/?cat=8\">\n\t\tPol\u00edtica\t<\/a>\n   \n\t\t\t\t\t\t\t\t\t\t\t\t\t<\/div>\n\t\t\t\t\t\t\t\t\t\t\t\t\n\t\t\t\t\t\t\t\t\t\t\t\n\t\t\t\t\t\t\t\t\t\t\t\n\t\t\t\t\t\t\t\t\t\t\t<h5 class=\"title\"><a href=\"https:\/\/www.septinoticias.com.mx\/?p=131247\">La Ampliaci\u00f3n del Presupuesto del IEEH se Refiere a Gasto Operativo y<\/a><\/h5>\n\t\t\t\t\t\t\t\t\t\t\t\n\t\t\t\t\t\t\t\t\t\t\t<div class=\"post-meta-style-two\">\n\t\t\t\t\t\t\t\t\t\t\t\t<ul>\n\t\t\t\t\t\t\t\t\t\t\t\t\t\n\t\t\t\t\t\t\t\t\t\t\t\t\t\t\t\t\t\t\t\t\t\t\t\t\t\t\n\t\t\t\t\t\t\t\t\t\t\t\t\t<li>By \n\t\t\t\t\t\t\t\t\t\t\t\t\t<a href=\"https:\/\/www.septinoticias.com.mx\/?author=1\">SeptiNoticias<\/a>\t\t\t\t\t\t\t\t\t\t\t\t\t<\/li>\n\t\t\t\t\t\t\t\t\t\t\t\t\t\n\t\t\t\t\t\t\t\t\t\t\t\t\t\t\t\t\t\t\t\t\t\t\t\t\t\t\n\t\t\t\t\t\t\t\t\t\t\t\t\t\t\t\t\t\t\t\t\t\t\t\t\t\t<li><i class=\"fa-regular fa-calendar\"><\/i>abril 30, 2026<\/li>\n\t\t\t\t\t\t\t\t\t\t\t\t\t\t\t\t\t\t\t\t\t\t\t\t\t\t\n\t\t\t\t\t\t\t\t\t\t\t\t\t\n\t\t\t\t\t\t\t\t\t\t\t\t<\/ul>\n\t\t\t\t\t\t\t\t\t\t\t<\/div>\n\t\t\t\t\t\t\t\t\t\t<\/div>\n\t\t\t\t\t\t\t\t\t<\/div>\n\t\t\t\t\t\t\t\n\n\n\t\t\t\t\t\t\t\t<\/div>\n\t\t\t\t\t\t\t\t\t\t\t\n                                     \n                                \n                                \t\t\t\t\t\t\t\t\n                                                                \t\n                                 \n\n\t\t\t\t\t\t\t\t<div class=\"post-gridstyle-two tab-bottom-grid-style\">\n\n\t\t\t\t\t\t\t\t\t<div class=\"latest-small-item\">\n\t\t\t\t\t\t\t\t\t\t<div class=\"thumb\">\n\t\t\t\t\t\t\t\t\t\t\t<a href=\"https:\/\/www.septinoticias.com.mx\/?p=131241\">\n\t\t\t\t\t\t\t\t\t\t\t<img decoding=\"async\" src=\"https:\/\/www.septinoticias.com.mx\/wp-content\/uploads\/2026\/04\/Caso-Chihuahua-CIA-sacude-al-PAN-Senado-perfila.jpg\" alt=\"Caso Chihuahua-CIA Sacude Al PAN: Senado Perfila Responsabilidades Penales y Sentencia Su Costo Pol\u00edtico\">\n\t\t\t\t\t\t\t\t\t\t\t<\/a>\n\t\t\t\t\t\t\t\t\t\t<\/div>\n\t\t\t\t\t\t\t\t\t\t<div class=\"content\">\n\t\t\t\t\t\t\t\t\t\t\n\t\t\t\t\t\t\t\t\t\t\t\t\n\t\t\t\t\t\t\t\t\t\t\t\t<div class=\"theme-category-box\">\n\t\t\t\t\t\t\t\t\t\t\t\t\t \n   \n\t \n\n\t\n\t<a class=\"news-cat_Name\" href=\"https:\/\/www.septinoticias.com.mx\/?cat=8\">\n\t\tPol\u00edtica\t<\/a>\n   \n\t\t\t\t\t\t\t\t\t\t\t\t\t<\/div>\n\t\t\t\t\t\t\t\t\t\t\t\t\n\t\t\t\t\t\t\t\t\t\t\t\n\t\t\t\t\t\t\t\t\t\t\t\n\t\t\t\t\t\t\t\t\t\t\t<h5 class=\"title\"><a href=\"https:\/\/www.septinoticias.com.mx\/?p=131241\">Caso Chihuahua-CIA Sacude Al PAN: Senado Perfila Responsabilidades Penales y Sentencia Su<\/a><\/h5>\n\t\t\t\t\t\t\t\t\t\t\t\n\t\t\t\t\t\t\t\t\t\t\t<div class=\"post-meta-style-two\">\n\t\t\t\t\t\t\t\t\t\t\t\t<ul>\n\t\t\t\t\t\t\t\t\t\t\t\t\t\n\t\t\t\t\t\t\t\t\t\t\t\t\t\t\t\t\t\t\t\t\t\t\t\t\t\t\n\t\t\t\t\t\t\t\t\t\t\t\t\t<li>By \n\t\t\t\t\t\t\t\t\t\t\t\t\t<a href=\"https:\/\/www.septinoticias.com.mx\/?author=1\">SeptiNoticias<\/a>\t\t\t\t\t\t\t\t\t\t\t\t\t<\/li>\n\t\t\t\t\t\t\t\t\t\t\t\t\t\n\t\t\t\t\t\t\t\t\t\t\t\t\t\t\t\t\t\t\t\t\t\t\t\t\t\t\n\t\t\t\t\t\t\t\t\t\t\t\t\t\t\t\t\t\t\t\t\t\t\t\t\t\t<li><i class=\"fa-regular fa-calendar\"><\/i>abril 30, 2026<\/li>\n\t\t\t\t\t\t\t\t\t\t\t\t\t\t\t\t\t\t\t\t\t\t\t\t\t\t\n\t\t\t\t\t\t\t\t\t\t\t\t\t\n\t\t\t\t\t\t\t\t\t\t\t\t<\/ul>\n\t\t\t\t\t\t\t\t\t\t\t<\/div>\n\t\t\t\t\t\t\t\t\t\t<\/div>\n\t\t\t\t\t\t\t\t\t<\/div>\n\t\t\t\t\t\t\t\n\n\n\t\t\t\t\t\t\t\t<\/div>\n\t\t\t\t\t\t\t\t\t\t\t\n                                                               \n                                <\/div>\n\n                                 \n                                \n                                \t\t\t\t\t\t\t\t\n                              <\/div>\n                           <\/div>\n                                             \t\t\t\t\t \n                     <\/div>\n                     <div role=\"tabpanel\" class=\"tab-pane fade\" id=\"d773cce6175fbf\">\n                     \t\t\t\t\t \n                        <div class=\"theme_post_Tab__block block-tab-item\">\n                            <div class=\"row\">\n\t\t\t\t\t\t\t  \n\t\t\t\t\t\t\t\t\t\t\t\t\t\t\t\t\n                                \t\t\t\t\t\t\t\t\n\t\t\t\t\t\t\t\t<div class=\"col-lg-7 col-sm-12\">\n\t\t\t\t\t\t\t\t\t\n\t\t\t\t\t\t\t\t<div class=\"news_post_grid_design blog-post-grid-wrapper blog-post-grid-wrapper-four post-block-item\">\n\t\t\t\t\t        \t\t\n\t\t\t\t\t\t\t\t\t<div class=\"latest-news-item\">\n\t\t\t\t\t\t\t\t\t\t<div class=\"latest-news-thumb\">\n\t\t\t\t\t\t\t\t\t\t\t<a href=\"https:\/\/www.septinoticias.com.mx\/?p=131291\"><img decoding=\"async\" src=\"https:\/\/www.septinoticias.com.mx\/wp-content\/uploads\/2026\/05\/bebe-hospital-Traslado-aereo-permitio-continuar-atencion-medica.jpg\" alt=\"Trasladan por aire a beb\u00e9 de dos meses a Tulancingo para continuar su tratamiento\"><\/a>\n\t\t\t\t\t\t\t\t\t\t<\/div>\n\t\t\t\t\t\t\t\t\t\t\n\t\t\t\t\t\t\t\t\t\t<div class=\"latest-news-content\">\n\t\t\t\t\t\t\t\t\t\t\n\t\t\t\t\t\t\t\t\t\t\t\t\n\t\t\t\t\t\t\t\t\t\t\t\t<div class=\"theme-category-box\">\n\t\t\t\t\t\t\t\t\t\t\t\t\t \n   \n\t \n\n\t\n\t<a class=\"tag news-cat_Name\" href=\"https:\/\/www.septinoticias.com.mx\/?cat=3\" style=\"background-color:#2962FF;\">\n\t\tSalud\t<\/a>\n   \n\t\t\t\t\t\t\t\t\t\t\t\t\t<\/div>\n\t\t\t\t\t\t\t\t\t\t\t\t\n\t\t\t\t\t\t\t\t\t\t\t\n\t\t\t\t\t\t\t\t\t\t\t<h4 class=\"title\"><a href=\"https:\/\/www.septinoticias.com.mx\/?p=131291\">Trasladan por aire a beb\u00e9 de dos meses a Tulancingo para continuar<\/a><\/h4>\n\t\t\t\t\t\t\t\t\t\t\t\n\t\t\t\t\t\t\t\t\t\t\t<div class=\"post-meta-style-two\">\n\t\t\t\t\t\t\t\t\t\t\t\t<ul>\n\t\t\t\t\t\t\t\t\t\t\t\t\t\n\t\t\t\t\t\t\t\t\t\t\t\t\t\t\t\t\t\t\t\t\t\t\t\t\t\t\n\t\t\t\t\t\t\t\t\t\t\t\t\t<li>By \n\t\t\t\t\t\t\t\t\t\t\t\t\t<a href=\"https:\/\/www.septinoticias.com.mx\/?author=1\">SeptiNoticias<\/a>\t\t\t\t\t\t\t\t\t\t\t\t\t<\/li>\n\t\t\t\t\t\t\t\t\t\t\t\t\t\n\t\t\t\t\t\t\t\t\t\t\t\t\t\t\t\t\t\t\t\t\t\t\t\t\t\t\n\t\t\t\t\t\t\t\t\t\t\t\t\t\t\t\t\t\t\t\t\t\t\t\t\t\t<li><i class=\"fa-regular fa-calendar\"><\/i>mayo 1, 2026<\/li>\n\t\t\t\t\t\t\t\t\t\t\t\t\t\t\t\t\t\t\t\t\t\t\t\t\t\t\n\t\t\t\t\t\t\t\t\t\t\t\t<\/ul>\n\t\t\t\t\t\t\t\t\t\t\t<\/div>\n\t\t\t\t\t\t\t\t\t\t\t\n\t\t\t\t\t\t\t\t\t\t\t\n\t\t\t\t\t\t\t\t\t\t<\/div>\n\t\t\t\t\t\t\t\t\t\t\n\t\t\t\t\t\t\t\t\t<\/div>\n\t\t\t\t\t\t\t\t\t\n\n\t\t\t\t\t\t\t\t<\/div>\n\n\n\t\t\t\t\t\t\t\t<\/div>\n\t\t\t\t\t\t\t\t\n                                \n                                \t\t\t\t\t\t\t\t\n                                                                \t\n                                \t\t\t\t\t\t\t\t\t\n                                <div class=\"col-lg-5 col-sm-12\">\n\n                                    \n\n\t\t\t\t\t\t\t\t<div class=\"post-gridstyle-two tab-bottom-grid-style\">\n\n\t\t\t\t\t\t\t\t\t<div class=\"latest-small-item\">\n\t\t\t\t\t\t\t\t\t\t<div class=\"thumb\">\n\t\t\t\t\t\t\t\t\t\t\t<a href=\"https:\/\/www.septinoticias.com.mx\/?p=131082\">\n\t\t\t\t\t\t\t\t\t\t\t<img decoding=\"async\" src=\"https:\/\/www.septinoticias.com.mx\/wp-content\/uploads\/2026\/04\/Acercan-servicios-medicos-a-San-Jose-Boxay-con-Jornadas-de-la-Salud2.jpg\" alt=\"Acercan servicios m\u00e9dicos a San Jos\u00e9 Boxay, con Jornadas de la Salud\">\n\t\t\t\t\t\t\t\t\t\t\t<\/a>\n\t\t\t\t\t\t\t\t\t\t<\/div>\n\t\t\t\t\t\t\t\t\t\t<div class=\"content\">\n\t\t\t\t\t\t\t\t\t\t\n\t\t\t\t\t\t\t\t\t\t\t\t\n\t\t\t\t\t\t\t\t\t\t\t\t<div class=\"theme-category-box\">\n\t\t\t\t\t\t\t\t\t\t\t\t\t \n   \n\t \n\n\t\n\t<a class=\"news-cat_Name\" href=\"https:\/\/www.septinoticias.com.mx\/?cat=3\">\n\t\tSalud\t<\/a>\n   \n\t\t\t\t\t\t\t\t\t\t\t\t\t<\/div>\n\t\t\t\t\t\t\t\t\t\t\t\t\n\t\t\t\t\t\t\t\t\t\t\t\n\t\t\t\t\t\t\t\t\t\t\t\n\t\t\t\t\t\t\t\t\t\t\t<h5 class=\"title\"><a href=\"https:\/\/www.septinoticias.com.mx\/?p=131082\">Acercan servicios m\u00e9dicos a San Jos\u00e9 Boxay, con Jornadas de la Salud<\/a><\/h5>\n\t\t\t\t\t\t\t\t\t\t\t\n\t\t\t\t\t\t\t\t\t\t\t<div class=\"post-meta-style-two\">\n\t\t\t\t\t\t\t\t\t\t\t\t<ul>\n\t\t\t\t\t\t\t\t\t\t\t\t\t\n\t\t\t\t\t\t\t\t\t\t\t\t\t\t\t\t\t\t\t\t\t\t\t\t\t\t\n\t\t\t\t\t\t\t\t\t\t\t\t\t<li>By \n\t\t\t\t\t\t\t\t\t\t\t\t\t<a href=\"https:\/\/www.septinoticias.com.mx\/?author=1\">SeptiNoticias<\/a>\t\t\t\t\t\t\t\t\t\t\t\t\t<\/li>\n\t\t\t\t\t\t\t\t\t\t\t\t\t\n\t\t\t\t\t\t\t\t\t\t\t\t\t\t\t\t\t\t\t\t\t\t\t\t\t\t\n\t\t\t\t\t\t\t\t\t\t\t\t\t\t\t\t\t\t\t\t\t\t\t\t\t\t<li><i class=\"fa-regular fa-calendar\"><\/i>abril 29, 2026<\/li>\n\t\t\t\t\t\t\t\t\t\t\t\t\t\t\t\t\t\t\t\t\t\t\t\t\t\t\n\t\t\t\t\t\t\t\t\t\t\t\t\t\n\t\t\t\t\t\t\t\t\t\t\t\t<\/ul>\n\t\t\t\t\t\t\t\t\t\t\t<\/div>\n\t\t\t\t\t\t\t\t\t\t<\/div>\n\t\t\t\t\t\t\t\t\t<\/div>\n\t\t\t\t\t\t\t\n\n\n\t\t\t\t\t\t\t\t<\/div>\n\t\t\t\t\t\t\t\t\t\t\t\n                                     \n                                \n                                \t\t\t\t\t\t\t\t\n                                                                \t\n                                 \n\n\t\t\t\t\t\t\t\t<div class=\"post-gridstyle-two tab-bottom-grid-style\">\n\n\t\t\t\t\t\t\t\t\t<div class=\"latest-small-item\">\n\t\t\t\t\t\t\t\t\t\t<div class=\"thumb\">\n\t\t\t\t\t\t\t\t\t\t\t<a href=\"https:\/\/www.septinoticias.com.mx\/?p=131076\">\n\t\t\t\t\t\t\t\t\t\t\t<img decoding=\"async\" src=\"https:\/\/www.septinoticias.com.mx\/wp-content\/uploads\/2026\/04\/Derechohabientes-del-ISSSTE-Hidalgo-ya-pueden-agendar-su-consulta-medica-desde-casa.jpg\" alt=\"Derechohabientes del ISSSTE Hidalgo ya pueden agendar su consulta m\u00e9dica desde casa\">\n\t\t\t\t\t\t\t\t\t\t\t<\/a>\n\t\t\t\t\t\t\t\t\t\t<\/div>\n\t\t\t\t\t\t\t\t\t\t<div class=\"content\">\n\t\t\t\t\t\t\t\t\t\t\n\t\t\t\t\t\t\t\t\t\t\t\t\n\t\t\t\t\t\t\t\t\t\t\t\t<div class=\"theme-category-box\">\n\t\t\t\t\t\t\t\t\t\t\t\t\t \n   \n\t \n\n\t\n\t<a class=\"news-cat_Name\" href=\"https:\/\/www.septinoticias.com.mx\/?cat=3\">\n\t\tSalud\t<\/a>\n   \n\t\t\t\t\t\t\t\t\t\t\t\t\t<\/div>\n\t\t\t\t\t\t\t\t\t\t\t\t\n\t\t\t\t\t\t\t\t\t\t\t\n\t\t\t\t\t\t\t\t\t\t\t\n\t\t\t\t\t\t\t\t\t\t\t<h5 class=\"title\"><a href=\"https:\/\/www.septinoticias.com.mx\/?p=131076\">Derechohabientes del ISSSTE Hidalgo ya pueden agendar su consulta m\u00e9dica desde casa<\/a><\/h5>\n\t\t\t\t\t\t\t\t\t\t\t\n\t\t\t\t\t\t\t\t\t\t\t<div class=\"post-meta-style-two\">\n\t\t\t\t\t\t\t\t\t\t\t\t<ul>\n\t\t\t\t\t\t\t\t\t\t\t\t\t\n\t\t\t\t\t\t\t\t\t\t\t\t\t\t\t\t\t\t\t\t\t\t\t\t\t\t\n\t\t\t\t\t\t\t\t\t\t\t\t\t<li>By \n\t\t\t\t\t\t\t\t\t\t\t\t\t<a href=\"https:\/\/www.septinoticias.com.mx\/?author=1\">SeptiNoticias<\/a>\t\t\t\t\t\t\t\t\t\t\t\t\t<\/li>\n\t\t\t\t\t\t\t\t\t\t\t\t\t\n\t\t\t\t\t\t\t\t\t\t\t\t\t\t\t\t\t\t\t\t\t\t\t\t\t\t\n\t\t\t\t\t\t\t\t\t\t\t\t\t\t\t\t\t\t\t\t\t\t\t\t\t\t<li><i class=\"fa-regular fa-calendar\"><\/i>abril 29, 2026<\/li>\n\t\t\t\t\t\t\t\t\t\t\t\t\t\t\t\t\t\t\t\t\t\t\t\t\t\t\n\t\t\t\t\t\t\t\t\t\t\t\t\t\n\t\t\t\t\t\t\t\t\t\t\t\t<\/ul>\n\t\t\t\t\t\t\t\t\t\t\t<\/div>\n\t\t\t\t\t\t\t\t\t\t<\/div>\n\t\t\t\t\t\t\t\t\t<\/div>\n\t\t\t\t\t\t\t\n\n\n\t\t\t\t\t\t\t\t<\/div>\n\t\t\t\t\t\t\t\t\t\t\t\n                                     \n                                \n                                \t\t\t\t\t\t\t\t\n                                                                \t\n                                 \n\n\t\t\t\t\t\t\t\t<div class=\"post-gridstyle-two tab-bottom-grid-style\">\n\n\t\t\t\t\t\t\t\t\t<div class=\"latest-small-item\">\n\t\t\t\t\t\t\t\t\t\t<div class=\"thumb\">\n\t\t\t\t\t\t\t\t\t\t\t<a href=\"https:\/\/www.septinoticias.com.mx\/?p=131070\">\n\t\t\t\t\t\t\t\t\t\t\t<img decoding=\"async\" src=\"https:\/\/www.septinoticias.com.mx\/wp-content\/uploads\/2026\/04\/Realiza-Unidad-de-Medicina-Familiar-No.-35-de-Mineral-de-la-Reforma-del-IMSS-Hidalgo-semana-de-salud-para-la-mujer.jpg\" alt=\"Realiza Unidad de Medicina Familiar No. 35 de Mineral de la Reforma del IMSS Hidalgo semana de salud para la mujer\">\n\t\t\t\t\t\t\t\t\t\t\t<\/a>\n\t\t\t\t\t\t\t\t\t\t<\/div>\n\t\t\t\t\t\t\t\t\t\t<div class=\"content\">\n\t\t\t\t\t\t\t\t\t\t\n\t\t\t\t\t\t\t\t\t\t\t\t\n\t\t\t\t\t\t\t\t\t\t\t\t<div class=\"theme-category-box\">\n\t\t\t\t\t\t\t\t\t\t\t\t\t \n   \n\t \n\n\t\n\t<a class=\"news-cat_Name\" href=\"https:\/\/www.septinoticias.com.mx\/?cat=3\">\n\t\tSalud\t<\/a>\n   \n\t\t\t\t\t\t\t\t\t\t\t\t\t<\/div>\n\t\t\t\t\t\t\t\t\t\t\t\t\n\t\t\t\t\t\t\t\t\t\t\t\n\t\t\t\t\t\t\t\t\t\t\t\n\t\t\t\t\t\t\t\t\t\t\t<h5 class=\"title\"><a href=\"https:\/\/www.septinoticias.com.mx\/?p=131070\">Realiza Unidad de Medicina Familiar No. 35 de Mineral de la Reforma<\/a><\/h5>\n\t\t\t\t\t\t\t\t\t\t\t\n\t\t\t\t\t\t\t\t\t\t\t<div class=\"post-meta-style-two\">\n\t\t\t\t\t\t\t\t\t\t\t\t<ul>\n\t\t\t\t\t\t\t\t\t\t\t\t\t\n\t\t\t\t\t\t\t\t\t\t\t\t\t\t\t\t\t\t\t\t\t\t\t\t\t\t\n\t\t\t\t\t\t\t\t\t\t\t\t\t<li>By \n\t\t\t\t\t\t\t\t\t\t\t\t\t<a href=\"https:\/\/www.septinoticias.com.mx\/?author=1\">SeptiNoticias<\/a>\t\t\t\t\t\t\t\t\t\t\t\t\t<\/li>\n\t\t\t\t\t\t\t\t\t\t\t\t\t\n\t\t\t\t\t\t\t\t\t\t\t\t\t\t\t\t\t\t\t\t\t\t\t\t\t\t\n\t\t\t\t\t\t\t\t\t\t\t\t\t\t\t\t\t\t\t\t\t\t\t\t\t\t<li><i class=\"fa-regular fa-calendar\"><\/i>abril 29, 2026<\/li>\n\t\t\t\t\t\t\t\t\t\t\t\t\t\t\t\t\t\t\t\t\t\t\t\t\t\t\n\t\t\t\t\t\t\t\t\t\t\t\t\t\n\t\t\t\t\t\t\t\t\t\t\t\t<\/ul>\n\t\t\t\t\t\t\t\t\t\t\t<\/div>\n\t\t\t\t\t\t\t\t\t\t<\/div>\n\t\t\t\t\t\t\t\t\t<\/div>\n\t\t\t\t\t\t\t\n\n\n\t\t\t\t\t\t\t\t<\/div>\n\t\t\t\t\t\t\t\t\t\t\t\n                                     \n                                \n                                \t\t\t\t\t\t\t\t\n                                                                \t\n                                 \n\n\t\t\t\t\t\t\t\t<div class=\"post-gridstyle-two tab-bottom-grid-style\">\n\n\t\t\t\t\t\t\t\t\t<div class=\"latest-small-item\">\n\t\t\t\t\t\t\t\t\t\t<div class=\"thumb\">\n\t\t\t\t\t\t\t\t\t\t\t<a href=\"https:\/\/www.septinoticias.com.mx\/?p=130911\">\n\t\t\t\t\t\t\t\t\t\t\t<img decoding=\"async\" src=\"https:\/\/www.septinoticias.com.mx\/wp-content\/uploads\/2026\/04\/Inicia-en-Hidalgo-la-Semana-Nacional-de-Vacunacion-2026-.jpg\" alt=\"Inicia en Hidalgo la Semana Nacional de Vacunaci\u00f3n 2026\">\n\t\t\t\t\t\t\t\t\t\t\t<\/a>\n\t\t\t\t\t\t\t\t\t\t<\/div>\n\t\t\t\t\t\t\t\t\t\t<div class=\"content\">\n\t\t\t\t\t\t\t\t\t\t\n\t\t\t\t\t\t\t\t\t\t\t\t\n\t\t\t\t\t\t\t\t\t\t\t\t<div class=\"theme-category-box\">\n\t\t\t\t\t\t\t\t\t\t\t\t\t \n   \n\t \n\n\t\n\t<a class=\"news-cat_Name\" href=\"https:\/\/www.septinoticias.com.mx\/?cat=3\">\n\t\tSalud\t<\/a>\n   \n\t\t\t\t\t\t\t\t\t\t\t\t\t<\/div>\n\t\t\t\t\t\t\t\t\t\t\t\t\n\t\t\t\t\t\t\t\t\t\t\t\n\t\t\t\t\t\t\t\t\t\t\t\n\t\t\t\t\t\t\t\t\t\t\t<h5 class=\"title\"><a href=\"https:\/\/www.septinoticias.com.mx\/?p=130911\">Inicia en Hidalgo la Semana Nacional de Vacunaci\u00f3n 2026<\/a><\/h5>\n\t\t\t\t\t\t\t\t\t\t\t\n\t\t\t\t\t\t\t\t\t\t\t<div class=\"post-meta-style-two\">\n\t\t\t\t\t\t\t\t\t\t\t\t<ul>\n\t\t\t\t\t\t\t\t\t\t\t\t\t\n\t\t\t\t\t\t\t\t\t\t\t\t\t\t\t\t\t\t\t\t\t\t\t\t\t\t\n\t\t\t\t\t\t\t\t\t\t\t\t\t<li>By \n\t\t\t\t\t\t\t\t\t\t\t\t\t<a href=\"https:\/\/www.septinoticias.com.mx\/?author=1\">SeptiNoticias<\/a>\t\t\t\t\t\t\t\t\t\t\t\t\t<\/li>\n\t\t\t\t\t\t\t\t\t\t\t\t\t\n\t\t\t\t\t\t\t\t\t\t\t\t\t\t\t\t\t\t\t\t\t\t\t\t\t\t\n\t\t\t\t\t\t\t\t\t\t\t\t\t\t\t\t\t\t\t\t\t\t\t\t\t\t<li><i class=\"fa-regular fa-calendar\"><\/i>abril 28, 2026<\/li>\n\t\t\t\t\t\t\t\t\t\t\t\t\t\t\t\t\t\t\t\t\t\t\t\t\t\t\n\t\t\t\t\t\t\t\t\t\t\t\t\t\n\t\t\t\t\t\t\t\t\t\t\t\t<\/ul>\n\t\t\t\t\t\t\t\t\t\t\t<\/div>\n\t\t\t\t\t\t\t\t\t\t<\/div>\n\t\t\t\t\t\t\t\t\t<\/div>\n\t\t\t\t\t\t\t\n\n\n\t\t\t\t\t\t\t\t<\/div>\n\t\t\t\t\t\t\t\t\t\t\t\n                                                               \n                                <\/div>\n\n                                 \n                                \n                                \t\t\t\t\t\t\t\t\n                              <\/div>\n                           <\/div>\n                                             \t\t\t\t\t \n                     <\/div>\n                     <div role=\"tabpanel\" class=\"tab-pane fade\" id=\"d773cce0dc0961\">\n                     \t\t\t\t\t \n                        <div class=\"theme_post_Tab__block block-tab-item\">\n                            <div class=\"row\">\n\t\t\t\t\t\t\t  \n\t\t\t\t\t\t\t\t\t\t\t\t\t\t\t\t\n                                \t\t\t\t\t\t\t\t\n\t\t\t\t\t\t\t\t<div class=\"col-lg-7 col-sm-12\">\n\t\t\t\t\t\t\t\t\t\n\t\t\t\t\t\t\t\t<div class=\"news_post_grid_design blog-post-grid-wrapper blog-post-grid-wrapper-four post-block-item\">\n\t\t\t\t\t        \t\t\n\t\t\t\t\t\t\t\t\t<div class=\"latest-news-item\">\n\t\t\t\t\t\t\t\t\t\t<div class=\"latest-news-thumb\">\n\t\t\t\t\t\t\t\t\t\t\t<a href=\"https:\/\/www.septinoticias.com.mx\/?p=131315\"><img decoding=\"async\" src=\"https:\/\/www.septinoticias.com.mx\/wp-content\/uploads\/2026\/05\/UAEH-entrega-838-estimulos-al-desempeno-del-personal-docente.jpeg\" alt=\"UAEH Entrega 838 Est\u00edmulos al Desempe\u00f1o del Personal Docente\"><\/a>\n\t\t\t\t\t\t\t\t\t\t<\/div>\n\t\t\t\t\t\t\t\t\t\t\n\t\t\t\t\t\t\t\t\t\t<div class=\"latest-news-content\">\n\t\t\t\t\t\t\t\t\t\t\n\t\t\t\t\t\t\t\t\t\t\t\t\n\t\t\t\t\t\t\t\t\t\t\t\t<div class=\"theme-category-box\">\n\t\t\t\t\t\t\t\t\t\t\t\t\t \n   \n\t \n\n\t\n\t<a class=\"tag news-cat_Name\" href=\"https:\/\/www.septinoticias.com.mx\/?cat=4\" style=\"background-color:#ffaf25;\">\n\t\tEducaci\u00f3n\t<\/a>\n   \n\t\t\t\t\t\t\t\t\t\t\t\t\t<\/div>\n\t\t\t\t\t\t\t\t\t\t\t\t\n\t\t\t\t\t\t\t\t\t\t\t\n\t\t\t\t\t\t\t\t\t\t\t<h4 class=\"title\"><a href=\"https:\/\/www.septinoticias.com.mx\/?p=131315\">UAEH Entrega 838 Est\u00edmulos al Desempe\u00f1o del Personal Docente<\/a><\/h4>\n\t\t\t\t\t\t\t\t\t\t\t\n\t\t\t\t\t\t\t\t\t\t\t<div class=\"post-meta-style-two\">\n\t\t\t\t\t\t\t\t\t\t\t\t<ul>\n\t\t\t\t\t\t\t\t\t\t\t\t\t\n\t\t\t\t\t\t\t\t\t\t\t\t\t\t\t\t\t\t\t\t\t\t\t\t\t\t\n\t\t\t\t\t\t\t\t\t\t\t\t\t<li>By \n\t\t\t\t\t\t\t\t\t\t\t\t\t<a href=\"https:\/\/www.septinoticias.com.mx\/?author=1\">SeptiNoticias<\/a>\t\t\t\t\t\t\t\t\t\t\t\t\t<\/li>\n\t\t\t\t\t\t\t\t\t\t\t\t\t\n\t\t\t\t\t\t\t\t\t\t\t\t\t\t\t\t\t\t\t\t\t\t\t\t\t\t\n\t\t\t\t\t\t\t\t\t\t\t\t\t\t\t\t\t\t\t\t\t\t\t\t\t\t<li><i class=\"fa-regular fa-calendar\"><\/i>mayo 1, 2026<\/li>\n\t\t\t\t\t\t\t\t\t\t\t\t\t\t\t\t\t\t\t\t\t\t\t\t\t\t\n\t\t\t\t\t\t\t\t\t\t\t\t<\/ul>\n\t\t\t\t\t\t\t\t\t\t\t<\/div>\n\t\t\t\t\t\t\t\t\t\t\t\n\t\t\t\t\t\t\t\t\t\t\t\n\t\t\t\t\t\t\t\t\t\t<\/div>\n\t\t\t\t\t\t\t\t\t\t\n\t\t\t\t\t\t\t\t\t<\/div>\n\t\t\t\t\t\t\t\t\t\n\n\t\t\t\t\t\t\t\t<\/div>\n\n\n\t\t\t\t\t\t\t\t<\/div>\n\t\t\t\t\t\t\t\t\n                                \n                                \t\t\t\t\t\t\t\t\n                                                                \t\n                                \t\t\t\t\t\t\t\t\t\n                                <div class=\"col-lg-5 col-sm-12\">\n\n                                    \n\n\t\t\t\t\t\t\t\t<div class=\"post-gridstyle-two tab-bottom-grid-style\">\n\n\t\t\t\t\t\t\t\t\t<div class=\"latest-small-item\">\n\t\t\t\t\t\t\t\t\t\t<div class=\"thumb\">\n\t\t\t\t\t\t\t\t\t\t\t<a href=\"https:\/\/www.septinoticias.com.mx\/?p=131193\">\n\t\t\t\t\t\t\t\t\t\t\t<img decoding=\"async\" src=\"https:\/\/www.septinoticias.com.mx\/wp-content\/uploads\/2026\/04\/Hidalgo-impulsa-el-conocimiento-tecnologico-con-torneo-de-robots-mundialista1.jpg\" alt=\"Hidalgo Impulsa el Conocimiento Tecnol\u00f3gico Con Torneo de Robots Mundialista\">\n\t\t\t\t\t\t\t\t\t\t\t<\/a>\n\t\t\t\t\t\t\t\t\t\t<\/div>\n\t\t\t\t\t\t\t\t\t\t<div class=\"content\">\n\t\t\t\t\t\t\t\t\t\t\n\t\t\t\t\t\t\t\t\t\t\t\t\n\t\t\t\t\t\t\t\t\t\t\t\t<div class=\"theme-category-box\">\n\t\t\t\t\t\t\t\t\t\t\t\t\t \n   \n\t \n\n\t\n\t<a class=\"news-cat_Name\" href=\"https:\/\/www.septinoticias.com.mx\/?cat=4\">\n\t\tEducaci\u00f3n\t<\/a>\n   \n\t\t\t\t\t\t\t\t\t\t\t\t\t<\/div>\n\t\t\t\t\t\t\t\t\t\t\t\t\n\t\t\t\t\t\t\t\t\t\t\t\n\t\t\t\t\t\t\t\t\t\t\t\n\t\t\t\t\t\t\t\t\t\t\t<h5 class=\"title\"><a href=\"https:\/\/www.septinoticias.com.mx\/?p=131193\">Hidalgo Impulsa el Conocimiento Tecnol\u00f3gico Con Torneo de Robots Mundialista<\/a><\/h5>\n\t\t\t\t\t\t\t\t\t\t\t\n\t\t\t\t\t\t\t\t\t\t\t<div class=\"post-meta-style-two\">\n\t\t\t\t\t\t\t\t\t\t\t\t<ul>\n\t\t\t\t\t\t\t\t\t\t\t\t\t\n\t\t\t\t\t\t\t\t\t\t\t\t\t\t\t\t\t\t\t\t\t\t\t\t\t\t\n\t\t\t\t\t\t\t\t\t\t\t\t\t<li>By \n\t\t\t\t\t\t\t\t\t\t\t\t\t<a href=\"https:\/\/www.septinoticias.com.mx\/?author=1\">SeptiNoticias<\/a>\t\t\t\t\t\t\t\t\t\t\t\t\t<\/li>\n\t\t\t\t\t\t\t\t\t\t\t\t\t\n\t\t\t\t\t\t\t\t\t\t\t\t\t\t\t\t\t\t\t\t\t\t\t\t\t\t\n\t\t\t\t\t\t\t\t\t\t\t\t\t\t\t\t\t\t\t\t\t\t\t\t\t\t<li><i class=\"fa-regular fa-calendar\"><\/i>abril 30, 2026<\/li>\n\t\t\t\t\t\t\t\t\t\t\t\t\t\t\t\t\t\t\t\t\t\t\t\t\t\t\n\t\t\t\t\t\t\t\t\t\t\t\t\t\n\t\t\t\t\t\t\t\t\t\t\t\t<\/ul>\n\t\t\t\t\t\t\t\t\t\t\t<\/div>\n\t\t\t\t\t\t\t\t\t\t<\/div>\n\t\t\t\t\t\t\t\t\t<\/div>\n\t\t\t\t\t\t\t\n\n\n\t\t\t\t\t\t\t\t<\/div>\n\t\t\t\t\t\t\t\t\t\t\t\n                                     \n                                \n                                \t\t\t\t\t\t\t\t\n                                                                \t\n                                 \n\n\t\t\t\t\t\t\t\t<div class=\"post-gridstyle-two tab-bottom-grid-style\">\n\n\t\t\t\t\t\t\t\t\t<div class=\"latest-small-item\">\n\t\t\t\t\t\t\t\t\t\t<div class=\"thumb\">\n\t\t\t\t\t\t\t\t\t\t\t<a href=\"https:\/\/www.septinoticias.com.mx\/?p=131187\">\n\t\t\t\t\t\t\t\t\t\t\t<img decoding=\"async\" src=\"https:\/\/www.septinoticias.com.mx\/wp-content\/uploads\/2026\/04\/EMEH-abre-convocatorias-2026-con-programas-unicos-en-formacion-artistica1.jpg\" alt=\"EMEH Abre Convocatorias 2026 Con Programas \u00danicos En Formaci\u00f3n Art\u00edstica\">\n\t\t\t\t\t\t\t\t\t\t\t<\/a>\n\t\t\t\t\t\t\t\t\t\t<\/div>\n\t\t\t\t\t\t\t\t\t\t<div class=\"content\">\n\t\t\t\t\t\t\t\t\t\t\n\t\t\t\t\t\t\t\t\t\t\t\t\n\t\t\t\t\t\t\t\t\t\t\t\t<div class=\"theme-category-box\">\n\t\t\t\t\t\t\t\t\t\t\t\t\t \n   \n\t \n\n\t\n\t<a class=\"news-cat_Name\" href=\"https:\/\/www.septinoticias.com.mx\/?cat=4\">\n\t\tEducaci\u00f3n\t<\/a>\n   \n\t\t\t\t\t\t\t\t\t\t\t\t\t<\/div>\n\t\t\t\t\t\t\t\t\t\t\t\t\n\t\t\t\t\t\t\t\t\t\t\t\n\t\t\t\t\t\t\t\t\t\t\t\n\t\t\t\t\t\t\t\t\t\t\t<h5 class=\"title\"><a href=\"https:\/\/www.septinoticias.com.mx\/?p=131187\">EMEH Abre Convocatorias 2026 Con Programas \u00danicos En Formaci\u00f3n Art\u00edstica<\/a><\/h5>\n\t\t\t\t\t\t\t\t\t\t\t\n\t\t\t\t\t\t\t\t\t\t\t<div class=\"post-meta-style-two\">\n\t\t\t\t\t\t\t\t\t\t\t\t<ul>\n\t\t\t\t\t\t\t\t\t\t\t\t\t\n\t\t\t\t\t\t\t\t\t\t\t\t\t\t\t\t\t\t\t\t\t\t\t\t\t\t\n\t\t\t\t\t\t\t\t\t\t\t\t\t<li>By \n\t\t\t\t\t\t\t\t\t\t\t\t\t<a href=\"https:\/\/www.septinoticias.com.mx\/?author=1\">SeptiNoticias<\/a>\t\t\t\t\t\t\t\t\t\t\t\t\t<\/li>\n\t\t\t\t\t\t\t\t\t\t\t\t\t\n\t\t\t\t\t\t\t\t\t\t\t\t\t\t\t\t\t\t\t\t\t\t\t\t\t\t\n\t\t\t\t\t\t\t\t\t\t\t\t\t\t\t\t\t\t\t\t\t\t\t\t\t\t<li><i class=\"fa-regular fa-calendar\"><\/i>abril 30, 2026<\/li>\n\t\t\t\t\t\t\t\t\t\t\t\t\t\t\t\t\t\t\t\t\t\t\t\t\t\t\n\t\t\t\t\t\t\t\t\t\t\t\t\t\n\t\t\t\t\t\t\t\t\t\t\t\t<\/ul>\n\t\t\t\t\t\t\t\t\t\t\t<\/div>\n\t\t\t\t\t\t\t\t\t\t<\/div>\n\t\t\t\t\t\t\t\t\t<\/div>\n\t\t\t\t\t\t\t\n\n\n\t\t\t\t\t\t\t\t<\/div>\n\t\t\t\t\t\t\t\t\t\t\t\n                                     \n                                \n                                \t\t\t\t\t\t\t\t\n                                                                \t\n                                 \n\n\t\t\t\t\t\t\t\t<div class=\"post-gridstyle-two tab-bottom-grid-style\">\n\n\t\t\t\t\t\t\t\t\t<div class=\"latest-small-item\">\n\t\t\t\t\t\t\t\t\t\t<div class=\"thumb\">\n\t\t\t\t\t\t\t\t\t\t\t<a href=\"https:\/\/www.septinoticias.com.mx\/?p=131179\">\n\t\t\t\t\t\t\t\t\t\t\t<img decoding=\"async\" src=\"https:\/\/www.septinoticias.com.mx\/wp-content\/uploads\/2026\/04\/Tizayuca-Sede-Nacional-De-Museos-Comunitarios-1.jpg\" alt=\"Tizayuca, Sede Nacional de Museos Comunitarios: Impulsan Cultura e Identidad en Hidalgo\">\n\t\t\t\t\t\t\t\t\t\t\t<\/a>\n\t\t\t\t\t\t\t\t\t\t<\/div>\n\t\t\t\t\t\t\t\t\t\t<div class=\"content\">\n\t\t\t\t\t\t\t\t\t\t\n\t\t\t\t\t\t\t\t\t\t\t\t\n\t\t\t\t\t\t\t\t\t\t\t\t<div class=\"theme-category-box\">\n\t\t\t\t\t\t\t\t\t\t\t\t\t \n   \n\t \n\n\t\n\t<a class=\"news-cat_Name\" href=\"https:\/\/www.septinoticias.com.mx\/?cat=4\">\n\t\tEducaci\u00f3n\t<\/a>\n   \n\t\t\t\t\t\t\t\t\t\t\t\t\t<\/div>\n\t\t\t\t\t\t\t\t\t\t\t\t\n\t\t\t\t\t\t\t\t\t\t\t\n\t\t\t\t\t\t\t\t\t\t\t\n\t\t\t\t\t\t\t\t\t\t\t<h5 class=\"title\"><a href=\"https:\/\/www.septinoticias.com.mx\/?p=131179\">Tizayuca, Sede Nacional de Museos Comunitarios: Impulsan Cultura e Identidad en Hidalgo<\/a><\/h5>\n\t\t\t\t\t\t\t\t\t\t\t\n\t\t\t\t\t\t\t\t\t\t\t<div class=\"post-meta-style-two\">\n\t\t\t\t\t\t\t\t\t\t\t\t<ul>\n\t\t\t\t\t\t\t\t\t\t\t\t\t\n\t\t\t\t\t\t\t\t\t\t\t\t\t\t\t\t\t\t\t\t\t\t\t\t\t\t\n\t\t\t\t\t\t\t\t\t\t\t\t\t<li>By \n\t\t\t\t\t\t\t\t\t\t\t\t\t<a href=\"https:\/\/www.septinoticias.com.mx\/?author=1\">SeptiNoticias<\/a>\t\t\t\t\t\t\t\t\t\t\t\t\t<\/li>\n\t\t\t\t\t\t\t\t\t\t\t\t\t\n\t\t\t\t\t\t\t\t\t\t\t\t\t\t\t\t\t\t\t\t\t\t\t\t\t\t\n\t\t\t\t\t\t\t\t\t\t\t\t\t\t\t\t\t\t\t\t\t\t\t\t\t\t<li><i class=\"fa-regular fa-calendar\"><\/i>abril 30, 2026<\/li>\n\t\t\t\t\t\t\t\t\t\t\t\t\t\t\t\t\t\t\t\t\t\t\t\t\t\t\n\t\t\t\t\t\t\t\t\t\t\t\t\t\n\t\t\t\t\t\t\t\t\t\t\t\t<\/ul>\n\t\t\t\t\t\t\t\t\t\t\t<\/div>\n\t\t\t\t\t\t\t\t\t\t<\/div>\n\t\t\t\t\t\t\t\t\t<\/div>\n\t\t\t\t\t\t\t\n\n\n\t\t\t\t\t\t\t\t<\/div>\n\t\t\t\t\t\t\t\t\t\t\t\n                                     \n                                \n                                \t\t\t\t\t\t\t\t\n                                                                \t\n                                 \n\n\t\t\t\t\t\t\t\t<div class=\"post-gridstyle-two tab-bottom-grid-style\">\n\n\t\t\t\t\t\t\t\t\t<div class=\"latest-small-item\">\n\t\t\t\t\t\t\t\t\t\t<div class=\"thumb\">\n\t\t\t\t\t\t\t\t\t\t\t<a href=\"https:\/\/www.septinoticias.com.mx\/?p=131168\">\n\t\t\t\t\t\t\t\t\t\t\t<img decoding=\"async\" src=\"https:\/\/www.septinoticias.com.mx\/wp-content\/uploads\/2026\/04\/Impulsan-educacion-en-Tula-con-6.4-mdp-en-obras-y-equipamiento1.jpg\" alt=\"Impulsan Educaci\u00f3n en Tula Con 6.4 Mdp En Obras y Equipamiento\">\n\t\t\t\t\t\t\t\t\t\t\t<\/a>\n\t\t\t\t\t\t\t\t\t\t<\/div>\n\t\t\t\t\t\t\t\t\t\t<div class=\"content\">\n\t\t\t\t\t\t\t\t\t\t\n\t\t\t\t\t\t\t\t\t\t\t\t\n\t\t\t\t\t\t\t\t\t\t\t\t<div class=\"theme-category-box\">\n\t\t\t\t\t\t\t\t\t\t\t\t\t \n   \n\t \n\n\t\n\t<a class=\"news-cat_Name\" href=\"https:\/\/www.septinoticias.com.mx\/?cat=4\">\n\t\tEducaci\u00f3n\t<\/a>\n   \n\t\t\t\t\t\t\t\t\t\t\t\t\t<\/div>\n\t\t\t\t\t\t\t\t\t\t\t\t\n\t\t\t\t\t\t\t\t\t\t\t\n\t\t\t\t\t\t\t\t\t\t\t\n\t\t\t\t\t\t\t\t\t\t\t<h5 class=\"title\"><a href=\"https:\/\/www.septinoticias.com.mx\/?p=131168\">Impulsan Educaci\u00f3n en Tula Con 6.4 Mdp En Obras y Equipamiento<\/a><\/h5>\n\t\t\t\t\t\t\t\t\t\t\t\n\t\t\t\t\t\t\t\t\t\t\t<div class=\"post-meta-style-two\">\n\t\t\t\t\t\t\t\t\t\t\t\t<ul>\n\t\t\t\t\t\t\t\t\t\t\t\t\t\n\t\t\t\t\t\t\t\t\t\t\t\t\t\t\t\t\t\t\t\t\t\t\t\t\t\t\n\t\t\t\t\t\t\t\t\t\t\t\t\t<li>By \n\t\t\t\t\t\t\t\t\t\t\t\t\t<a href=\"https:\/\/www.septinoticias.com.mx\/?author=1\">SeptiNoticias<\/a>\t\t\t\t\t\t\t\t\t\t\t\t\t<\/li>\n\t\t\t\t\t\t\t\t\t\t\t\t\t\n\t\t\t\t\t\t\t\t\t\t\t\t\t\t\t\t\t\t\t\t\t\t\t\t\t\t\n\t\t\t\t\t\t\t\t\t\t\t\t\t\t\t\t\t\t\t\t\t\t\t\t\t\t<li><i class=\"fa-regular fa-calendar\"><\/i>abril 30, 2026<\/li>\n\t\t\t\t\t\t\t\t\t\t\t\t\t\t\t\t\t\t\t\t\t\t\t\t\t\t\n\t\t\t\t\t\t\t\t\t\t\t\t\t\n\t\t\t\t\t\t\t\t\t\t\t\t<\/ul>\n\t\t\t\t\t\t\t\t\t\t\t<\/div>\n\t\t\t\t\t\t\t\t\t\t<\/div>\n\t\t\t\t\t\t\t\t\t<\/div>\n\t\t\t\t\t\t\t\n\n\n\t\t\t\t\t\t\t\t<\/div>\n\t\t\t\t\t\t\t\t\t\t\t\n                                                               \n                                <\/div>\n\n                                 \n                                \n                                \t\t\t\t\t\t\t\t\n                              <\/div>\n                           <\/div>\n                                             \t\t\t\t\t \n                     <\/div>\n                                     <\/div>\n          <\/div>\n      <\/div>\n\n\n\t\t\n\t\n\t\t\t<\/div>\n\t\t\t\t<\/div>\n\t\t\t\t\t<\/div>\n\t\t<\/div>\n\t\t\t\t<div class=\"elementor-column elementor-col-50 elementor-top-column elementor-element elementor-element-aa369c9\" data-id=\"aa369c9\" data-element_type=\"column\">\n\t\t\t<div class=\"elementor-widget-wrap\">\n\t\t\t\t\t\t\t\t\t<\/div>\n\t\t<\/div>\n\t\t\t\t\t\t\t<\/div>\n\t\t<\/section>\n\t\t\t\t<section class=\"elementor-section elementor-top-section elementor-element elementor-element-dbdabef elementor-section-stretched elementor-section-boxed elementor-section-height-default elementor-section-height-default\" data-id=\"dbdabef\" data-element_type=\"section\" data-settings=\"{&quot;stretch_section&quot;:&quot;section-stretched&quot;}\">\n\t\t\t\t\t\t<div class=\"elementor-container elementor-column-gap-default\">\n\t\t\t\t\t<div class=\"elementor-column elementor-col-33 elementor-top-column elementor-element elementor-element-446c329\" data-id=\"446c329\" data-element_type=\"column\">\n\t\t\t<div class=\"elementor-widget-wrap elementor-element-populated\">\n\t\t\t\t\t\t\t\t<div class=\"elementor-element elementor-element-6fe1e65 elementor-widget elementor-widget-posts-blockthree\" data-id=\"6fe1e65\" data-element_type=\"widget\" data-widget_type=\"posts-blockthree.default\">\n\t\t\t\t<div class=\"elementor-widget-container\">\n\t\t\t\n\t\t\t\t\n        \t\t\n\t\t\n\t\t<div class=\"blog-overlay-weekly-wrapper post-block-weekly-overlay\">\n\t\t\n\t\t\t\t<div class=\"weekly-top-item post-overlay\">\n\t\t\t\t\t<div class=\"weekly-top-thumb\">\n\t\t\t\t\t\t<img decoding=\"async\" src=\"https:\/\/www.septinoticias.com.mx\/wp-content\/uploads\/2026\/05\/Se-generan-mas-de-38-mil-empleos-formales-en-Hidalgo-2.jpg\" alt=\"Se Generan M\u00e1s de 38 Mil Empleos Formales En Hidalgo\">\n\t\t\t\t\t<\/div>\n\t\t\t\t\t<div class=\"weekly-top-content\">\n\t\t\t\t\t\n\t\t\t\t\t\t\t\n\t\t\t\t\t\t<div class=\"theme-category-box\">\n\t\t\t\t\t\t\t \n   \n\t \n\n\t\n\t<a class=\"tag news-cat_Name\" href=\"https:\/\/www.septinoticias.com.mx\/?cat=5\" style=\"background-color:#ac27c4;\">\n\t\tEconom\u00eda\t<\/a>\n   \n\t\t\t\t\t\t\t<\/div>\n\t\t\t\t\t\t\t\n\t\t\t\t\t\t\n\t\t\t\t\t\t<div class=\"post-meta\">\n\t\t\t\t\t\t\t<ul>\n\t\t\t\t\t\t\t\n\t\t\t\t\t\t\t\t\t\t\t\t\t\t\t\t<li><i class=\"fa-regular fa-calendar\"><\/i>mayo 1, 2026<\/li>\n\t\t\t\t\t\t\t\t\t\t\t\t\t\t\t\t\n\t\t\t\t\t\t\t\t<li>4 min read<\/li>\n\t\t\t\t\t\t\t\t\n\t\t\t\t\t\t\t<\/ul>\n\t\t\t\t\t\t<\/div>\n\t\t\t\t\t\t<h4 class=\"title\"><a href=\"https:\/\/www.septinoticias.com.mx\/?p=131309\">Se Generan M\u00e1s de 38 Mil Empleos Formales En Hidalgo<\/a><\/h4>\n\t\t\t\t\t\t\n\t\t\t\t\t\t \n\t\t\t\t\t\t<div class=\"post-excerpt-box\">\n\t\t\t\t\t\t\t<p>El 87.4 por ciento de los empleos generados en la entidad son permanentes La participaci\u00f3n de las mujeres en el<\/p>\n\t\t\t\t\t\t<\/div>\n\t\t\t\t\t\t\t\n\t\t\t\t\t\t\n\t\t\t\t\t\t<a href=\"https:\/\/www.septinoticias.com.mx\/?p=131309\" class=\"btn\">Get Started<\/a>\n\t\t\t\t\t\t\n\t\t\t\t\t\t\n\t\t\t\t\t<\/div>\n\t\t\t\t<\/div>\n\t\t\t\t\t\t\t\n\t\t\t\t\t\t\t\n\t\t<\/div>\n\n\n\t\t\t\t\n\t\t\t\t\n\t\t\t\t\n\t\n\t\t\t\t<\/div>\n\t\t\t\t<\/div>\n\t\t\t\t<div class=\"elementor-element elementor-element-4c0aafd elementor-widget elementor-widget-posts-blocksmall-list\" data-id=\"4c0aafd\" data-element_type=\"widget\" data-widget_type=\"posts-blocksmall-list.default\">\n\t\t\t\t<div class=\"elementor-widget-container\">\n\t\t\t\n\t\t\t\t\n        \t\t\n\t\t\n\t\t<div class=\"blogsmallblock-list\">\n\t\t\t\t\n\t\t\t\t<div class=\"wt-small-item\">\n\t\t\t\t\t<div class=\"thumb\">\n\t\t\t\t\t\t<a href=\"https:\/\/www.septinoticias.com.mx\/?p=131315\">\n\t\t\t\t\t\n\t\t\t\t\t\t<img decoding=\"async\" src=\"https:\/\/www.septinoticias.com.mx\/wp-content\/uploads\/2026\/05\/UAEH-entrega-838-estimulos-al-desempeno-del-personal-docente.jpeg\" alt=\"UAEH Entrega 838 Est\u00edmulos al Desempe\u00f1o del Personal Docente\">\n\t\t\t\t\t\n\t\t\t\t\t\t<\/a>\n\t\t\t\t\t<\/div>\n\t\t\t\t\t<div class=\"content\">\n\t\t\t\t\t\t<h4 class=\"title\"><a href=\"https:\/\/www.septinoticias.com.mx\/?p=131315\">UAEH Entrega 838 Est\u00edmulos al Desempe\u00f1o del Personal<\/a><\/h4>\n\t\t\t\t\t\t<span><i class=\"fa-regular fa-calendar\"><\/i>mayo 1, 2026<\/span>\n\t\t\t\t\t<\/div>\n\t\t\t\t<\/div>\n\t\t\t\t\t\t\t\t\t\t\n\t\t<\/div>\n\n\n\t\t\t\t\n\t\t\n\t\t<div class=\"blogsmallblock-list\">\n\t\t\t\t\n\t\t\t\t<div class=\"wt-small-item\">\n\t\t\t\t\t<div class=\"thumb\">\n\t\t\t\t\t\t<a href=\"https:\/\/www.septinoticias.com.mx\/?p=131285\">\n\t\t\t\t\t\n\t\t\t\t\t\t<img decoding=\"async\" src=\"https:\/\/www.septinoticias.com.mx\/wp-content\/uploads\/2026\/05\/DIF-Hidalgo-Alerta-Por-Aumento-De-Violencia-Infantil-Y-Acelera-Procuradurias.jpg\" alt=\"DIF Hidalgo Alerta Por Aumento de Violencia Infantil y Acelera Procuradur\u00edas\">\n\t\t\t\t\t\n\t\t\t\t\t\t<\/a>\n\t\t\t\t\t<\/div>\n\t\t\t\t\t<div class=\"content\">\n\t\t\t\t\t\t<h4 class=\"title\"><a href=\"https:\/\/www.septinoticias.com.mx\/?p=131285\">DIF Hidalgo Alerta Por Aumento de Violencia Infantil<\/a><\/h4>\n\t\t\t\t\t\t<span><i class=\"fa-regular fa-calendar\"><\/i>mayo 1, 2026<\/span>\n\t\t\t\t\t<\/div>\n\t\t\t\t<\/div>\n\t\t\t\t\t\t\t\t\t\t\n\t\t<\/div>\n\n\n\t\t\t\t\n\t\t\n\t\t<div class=\"blogsmallblock-list\">\n\t\t\t\t\n\t\t\t\t<div class=\"wt-small-item\">\n\t\t\t\t\t<div class=\"thumb\">\n\t\t\t\t\t\t<a href=\"https:\/\/www.septinoticias.com.mx\/?p=131193\">\n\t\t\t\t\t\n\t\t\t\t\t\t<img decoding=\"async\" src=\"https:\/\/www.septinoticias.com.mx\/wp-content\/uploads\/2026\/04\/Hidalgo-impulsa-el-conocimiento-tecnologico-con-torneo-de-robots-mundialista1.jpg\" alt=\"Hidalgo Impulsa el Conocimiento Tecnol\u00f3gico Con Torneo de Robots Mundialista\">\n\t\t\t\t\t\n\t\t\t\t\t\t<\/a>\n\t\t\t\t\t<\/div>\n\t\t\t\t\t<div class=\"content\">\n\t\t\t\t\t\t<h4 class=\"title\"><a href=\"https:\/\/www.septinoticias.com.mx\/?p=131193\">Hidalgo Impulsa el Conocimiento Tecnol\u00f3gico Con Torneo de<\/a><\/h4>\n\t\t\t\t\t\t<span><i class=\"fa-regular fa-calendar\"><\/i>abril 30, 2026<\/span>\n\t\t\t\t\t<\/div>\n\t\t\t\t<\/div>\n\t\t\t\t\t\t\t\t\t\t\n\t\t<\/div>\n\n\n\t\t\t\t\n\t\t\t\t\n\t\t\t\t\n\t\n\t\t\t\t<\/div>\n\t\t\t\t<\/div>\n\t\t\t\t\t<\/div>\n\t\t<\/div>\n\t\t\t\t<div class=\"elementor-column elementor-col-33 elementor-top-column elementor-element elementor-element-4f32e5a\" data-id=\"4f32e5a\" data-element_type=\"column\">\n\t\t\t<div class=\"elementor-widget-wrap elementor-element-populated\">\n\t\t\t\t\t\t\t\t<div class=\"elementor-element elementor-element-52d68f6 elementor-widget elementor-widget-posts-blocktwo\" data-id=\"52d68f6\" data-element_type=\"widget\" data-widget_type=\"posts-blocktwo.default\">\n\t\t\t\t<div class=\"elementor-widget-container\">\n\t\t\t\n\t\t\t\t\n        \t\t\n\t\t\n\t\t<div class=\"blog-post-weekly-wrapper post-block-weekly\">\n\t\t\n\t\t\t\t<div class=\"weekly-top-item\">\n\t\t\t\t\t<div class=\"weekly-top-thumb\">\n\t\t\t\t\t\t<a href=\"https:\/\/www.septinoticias.com.mx\/?p=131285\">\n\t\t\t\t\t\n\t\t\t\t\t\t<img decoding=\"async\" src=\"https:\/\/www.septinoticias.com.mx\/wp-content\/uploads\/2026\/05\/DIF-Hidalgo-Alerta-Por-Aumento-De-Violencia-Infantil-Y-Acelera-Procuradurias.jpg\" alt=\"DIF Hidalgo Alerta Por Aumento de Violencia Infantil y Acelera Procuradur\u00edas\">\n\t\t\t\t\t\n\t\t\t\t\t\t<\/a>\n\t\t\t\t\t<\/div>\n\t\t\t\t\t<div class=\"weekly-top-content\">\n\t\t\t\t\t\t<h2 class=\"title\"><a href=\"https:\/\/www.septinoticias.com.mx\/?p=131285\">DIF Hidalgo Alerta Por Aumento de Violencia Infantil y Acelera Procuradur\u00edas<\/a><\/h2>\n\t\t\t\t\t\t<span><i class=\"fa-regular fa-calendar\"><\/i>mayo 1, 2026<\/span>\n\t\t\t\t\t<\/div>\n\t\t\t\t<\/div>\n\t\t<\/div>\n\n\n\t\t\t\t\n\t\t\t\t\n\t\t\t\t\n\t\n\t\t\t\t<\/div>\n\t\t\t\t<\/div>\n\t\t\t\t<div class=\"elementor-element elementor-element-65811de elementor-widget elementor-widget-posts-blocksmall-list\" data-id=\"65811de\" data-element_type=\"widget\" data-widget_type=\"posts-blocksmall-list.default\">\n\t\t\t\t<div class=\"elementor-widget-container\">\n\t\t\t\n\t\t\t\t\n        \t\t\n\t\t\n\t\t<div class=\"blogsmallblock-list\">\n\t\t\t\t\n\t\t\t\t<div class=\"wt-small-item\">\n\t\t\t\t\t<div class=\"thumb\">\n\t\t\t\t\t\t<a href=\"https:\/\/www.septinoticias.com.mx\/?p=131291\">\n\t\t\t\t\t\n\t\t\t\t\t\t<img decoding=\"async\" src=\"https:\/\/www.septinoticias.com.mx\/wp-content\/uploads\/2026\/05\/bebe-hospital-Traslado-aereo-permitio-continuar-atencion-medica.jpg\" alt=\"Trasladan por aire a beb\u00e9 de dos meses a Tulancingo para continuar su tratamiento\">\n\t\t\t\t\t\n\t\t\t\t\t\t<\/a>\n\t\t\t\t\t<\/div>\n\t\t\t\t\t<div class=\"content\">\n\t\t\t\t\t\t<h4 class=\"title\"><a href=\"https:\/\/www.septinoticias.com.mx\/?p=131291\">Trasladan por aire a beb\u00e9 de dos meses a Tulancingo para continuar su tratamiento<\/a><\/h4>\n\t\t\t\t\t\t<span><i class=\"fa-regular fa-calendar\"><\/i>mayo 1, 2026<\/span>\n\t\t\t\t\t<\/div>\n\t\t\t\t<\/div>\n\t\t\t\t\t\t\t\t\t\t\n\t\t<\/div>\n\n\n\t\t\t\t\n\t\t\n\t\t<div class=\"blogsmallblock-list\">\n\t\t\t\t\n\t\t\t\t<div class=\"wt-small-item\">\n\t\t\t\t\t<div class=\"thumb\">\n\t\t\t\t\t\t<a href=\"https:\/\/www.septinoticias.com.mx\/?p=131279\">\n\t\t\t\t\t\n\t\t\t\t\t\t<img decoding=\"async\" src=\"https:\/\/www.septinoticias.com.mx\/wp-content\/uploads\/2026\/05\/Cae-lider-de-Los-Soto-banda-de-fraudes.jpg\" alt=\"Cae L\u00edder de \u201cLos Soto\u201d, Banda  Que Reaiza Fraudes Con Autos de Lujo en Hidalgo y Otros Estados\">\n\t\t\t\t\t\n\t\t\t\t\t\t<\/a>\n\t\t\t\t\t<\/div>\n\t\t\t\t\t<div class=\"content\">\n\t\t\t\t\t\t<h4 class=\"title\"><a href=\"https:\/\/www.septinoticias.com.mx\/?p=131279\">Cae L\u00edder de \u201cLos Soto\u201d, Banda Que Reaiza Fraudes Con Autos de Lujo en Hidalgo y Otros Estados<\/a><\/h4>\n\t\t\t\t\t\t<span><i class=\"fa-regular fa-calendar\"><\/i>mayo 1, 2026<\/span>\n\t\t\t\t\t<\/div>\n\t\t\t\t<\/div>\n\t\t\t\t\t\t\t\t\t\t\n\t\t<\/div>\n\n\n\t\t\t\t\n\t\t\n\t\t<div class=\"blogsmallblock-list\">\n\t\t\t\t\n\t\t\t\t<div class=\"wt-small-item\">\n\t\t\t\t\t<div class=\"thumb\">\n\t\t\t\t\t\t<a href=\"https:\/\/www.septinoticias.com.mx\/?p=131156\">\n\t\t\t\t\t\n\t\t\t\t\t\t<img decoding=\"async\" src=\"https:\/\/www.septinoticias.com.mx\/wp-content\/uploads\/2026\/04\/SSPH-detecta-traslado-ilegal-de-hidrocarburo-y-asegura-a-dos-presuntos-responsables-en-San-Agustin-Tlaxiaca1.png\" alt=\"SSPH Asegura 3 Mil 200 Litros de Hidrocarburo En San Agust\u00edn Tlaxiaca.\">\n\t\t\t\t\t\n\t\t\t\t\t\t<\/a>\n\t\t\t\t\t<\/div>\n\t\t\t\t\t<div class=\"content\">\n\t\t\t\t\t\t<h4 class=\"title\"><a href=\"https:\/\/www.septinoticias.com.mx\/?p=131156\">SSPH Asegura 3 Mil 200 Litros de Hidrocarburo En San Agust\u00edn Tlaxiaca.<\/a><\/h4>\n\t\t\t\t\t\t<span><i class=\"fa-regular fa-calendar\"><\/i>abril 30, 2026<\/span>\n\t\t\t\t\t<\/div>\n\t\t\t\t<\/div>\n\t\t\t\t\t\t\t\t\t\t\n\t\t<\/div>\n\n\n\t\t\t\t\n\t\t\t\t\n\t\t\t\t\n\t\n\t\t\t\t<\/div>\n\t\t\t\t<\/div>\n\t\t\t\t\t<\/div>\n\t\t<\/div>\n\t\t\t\t<div class=\"elementor-column elementor-col-33 elementor-top-column elementor-element elementor-element-9ff1412\" data-id=\"9ff1412\" data-element_type=\"column\">\n\t\t\t<div class=\"elementor-widget-wrap elementor-element-populated\">\n\t\t\t\t\t\t\t\t<div class=\"elementor-element elementor-element-05bc631 elementor-invisible elementor-widget elementor-widget-posts-blocktwo\" data-id=\"05bc631\" data-element_type=\"widget\" data-settings=\"{&quot;_animation&quot;:&quot;zoomIn&quot;}\" data-widget_type=\"posts-blocktwo.default\">\n\t\t\t\t<div class=\"elementor-widget-container\">\n\t\t\t\n\t\t\t\t\n        \t\t\n\t\t\n\t\t<div class=\"blog-post-weekly-wrapper post-block-weekly\">\n\t\t\n\t\t\t\t<div class=\"weekly-top-item\">\n\t\t\t\t\t<div class=\"weekly-top-thumb\">\n\t\t\t\t\t\t<a href=\"https:\/\/www.septinoticias.com.mx\/?p=131334\">\n\t\t\t\t\t\n\t\t\t\t\t\t<img decoding=\"async\" src=\"https:\/\/www.septinoticias.com.mx\/wp-content\/uploads\/2026\/05\/Continua-La-Onda-De-Calor-Por-Lo-Que-Se-Preven-De-Lunes-A-Jueves-Temperaturas-De-40-A-45-\u00b0C.jpg\" alt=\"Contin\u00faa La Onda de Calor, Por Lo Que Se Prev\u00e9n, de Lunes a Jueves, Temperaturas de 40 a 45 \u00b0C,\">\n\t\t\t\t\t\n\t\t\t\t\t\t<\/a>\n\t\t\t\t\t<\/div>\n\t\t\t\t\t<div class=\"weekly-top-content\">\n\t\t\t\t\t\t<h2 class=\"title\"><a href=\"https:\/\/www.septinoticias.com.mx\/?p=131334\">Contin\u00faa La Onda de Calor, Por Lo Que Se Prev\u00e9n, de<\/a><\/h2>\n\t\t\t\t\t\t<span><i class=\"fa-regular fa-calendar\"><\/i>mayo 1, 2026<\/span>\n\t\t\t\t\t<\/div>\n\t\t\t\t<\/div>\n\t\t<\/div>\n\n\n\t\t\t\t\n\t\t\t\t\n\t\t\t\t\n\t\n\t\t\t\t<\/div>\n\t\t\t\t<\/div>\n\t\t\t\t<div class=\"elementor-element elementor-element-bcea740 elementor-aspect-ratio-169 elementor-invisible elementor-widget elementor-widget-video\" data-id=\"bcea740\" data-element_type=\"widget\" data-settings=\"{&quot;youtube_url&quot;:&quot;https:\\\/\\\/youtu.be\\\/ASpi_dLAV74&quot;,&quot;_animation&quot;:&quot;fadeIn&quot;,&quot;video_type&quot;:&quot;youtube&quot;,&quot;controls&quot;:&quot;yes&quot;,&quot;aspect_ratio&quot;:&quot;169&quot;}\" data-widget_type=\"video.default\">\n\t\t\t\t<div class=\"elementor-widget-container\">\n\t\t\t<style>\/*! elementor - v3.10.1 - 17-01-2023 *\/\n.elementor-widget-video .elementor-widget-container{overflow:hidden;transform:translateZ(0)}.elementor-widget-video .elementor-open-inline .elementor-custom-embed-image-overlay{position:absolute;top:0;left:0;width:100%;height:100%;background-size:cover;background-position:50%}.elementor-widget-video .elementor-custom-embed-image-overlay{cursor:pointer;text-align:center}.elementor-widget-video .elementor-custom-embed-image-overlay:hover .elementor-custom-embed-play i{opacity:1}.elementor-widget-video .elementor-custom-embed-image-overlay img{display:block;width:100%}.elementor-widget-video .e-hosted-video .elementor-video{-o-object-fit:cover;object-fit:cover}.e-con-inner>.elementor-widget-video,.e-con>.elementor-widget-video{width:var(--container-widget-width);--flex-grow:var(--container-widget-flex-grow)}<\/style>\t\t<div class=\"elementor-wrapper elementor-fit-aspect-ratio elementor-open-inline\">\n\t\t\t<div class=\"elementor-video\"><\/div>\t\t<\/div>\n\t\t\t\t<\/div>\n\t\t\t\t<\/div>\n\t\t\t\t\t<\/div>\n\t\t<\/div>\n\t\t\t\t\t\t\t<\/div>\n\t\t<\/section>\n\t\t\t\t<section class=\"elementor-section elementor-top-section elementor-element elementor-element-80d5ded elementor-section-stretched elementor-section-boxed elementor-section-height-default elementor-section-height-default\" data-id=\"80d5ded\" data-element_type=\"section\" data-settings=\"{&quot;stretch_section&quot;:&quot;section-stretched&quot;}\">\n\t\t\t\t\t\t<div class=\"elementor-container elementor-column-gap-default\">\n\t\t\t\t\t<div class=\"elementor-column elementor-col-100 elementor-top-column elementor-element elementor-element-d058f8d\" data-id=\"d058f8d\" data-element_type=\"column\">\n\t\t\t<div class=\"elementor-widget-wrap elementor-element-populated\">\n\t\t\t\t\t\t\t\t<div class=\"elementor-element elementor-element-4dbdfa0 elementor-widget elementor-widget-posts-grid-col\" data-id=\"4dbdfa0\" data-element_type=\"widget\" data-widget_type=\"posts-grid-col.default\">\n\t\t\t\t<div class=\"elementor-widget-container\">\n\t\t\t\n\t\t\t\t\n\t\t\n\t\t<div class=\"news_post_grid_design recently-post-area post-grid-wrapper-column\">\n\t\t\n\t\t\t<div class=\"row\">\n\t\t\t\t<div class=\"col-lg-12\">\n\t\t\t\t\t<div class=\"section-title\">\n\t\t\t\t\t\t<h2 class=\"title\">M\u00e1s Notas<\/h2>\n\t\t\t\t\t<\/div>\n\t\t\t\t<\/div>\n\t\t\t<\/div>\n\t\t\t\t\t\n\t\t\t<div class=\"row justify-content-center\">\n\t\t\n        \t\t\n\t\t\t<div class=\"col-lg-6\">\n\t\t\t\t\n\t\t\t\t<div class=\"recently-post-item\">\n\t\t\t\t\t<div class=\"recently-post-thumb\">\n\t\t\t\t\t\t<a href=\"https:\/\/www.septinoticias.com.mx\/?p=131309\"><img decoding=\"async\" src=\"https:\/\/www.septinoticias.com.mx\/wp-content\/uploads\/2026\/05\/Se-generan-mas-de-38-mil-empleos-formales-en-Hidalgo-2.jpg\" alt=\"Se Generan M\u00e1s de 38 Mil Empleos Formales En Hidalgo\"><\/a>\n\t\t\t\t\t<\/div>\n\t\t\t\t\t<div class=\"recently-post-content\">\n\t\t\t\t\t\t<h2 class=\"title\"><a href=\"https:\/\/www.septinoticias.com.mx\/?p=131309\">Se Generan M\u00e1s de 38 Mil Empleos Formales En Hidalgo<\/a><\/h2>\n\t\t\t\t\t\t<div class=\"post-meta-style-two\">\n\t\t\t\t\t\t\n\t\t\t\t\t\t\t<ul>\n\t\t\t\t\t\t\t\t\t\t\t\t\t\n\t\t\t\t\t\t\t\t\t\t\t\t\t\t\t\t\n\t\t\t\t\t\t\t\t<li>By \n\t\t\t\t\t\t\t\t<a href=\"https:\/\/www.septinoticias.com.mx\/?author=1\">SeptiNoticias<\/a>\t\t\t\t\t\t\t\t<\/li>\n\t\t\t\t\t\t\t\t\n\t\t\t\t\t\t\t\t\t\t\t\t\t\t\t\t\n\t\t\t\t\t\t\t\t\t\t\t\t\t\t\t\t<li><i class=\"fa-regular fa-calendar\"><\/i>mayo 1, 2026<\/li>\n\t\t\t\t\t\t\t\t\t\t\t\t\t\t\t\t\n\t\t\t\t\t\t\t\t\n\t\t\t\t\t\t\t<\/ul>\n\t\t\t\t\t\t\t\t\t\t\t\t\n\t\t\t\t\t\t\t\t\t\t\t\t\n\t\t\t\t\t\t<\/div>\n\t\t\t\t\t\t\n\t\t\t\t\t\t<p>El 87.4 por ciento de los empleos generados en la entidad son permanentes La participaci\u00f3n<\/p>\n\t\t\t\t\t\t\n\t\t\t\t\t\t\n\t\t\t\t\t\t<a href=\"https:\/\/www.septinoticias.com.mx\/?p=131309\" class=\"read-more\">Read More<i class=\"fa-solid fa-arrow-right\"><\/i><\/a>\n\t\t\t\t\t<\/div>\n\t\t\t\t<\/div>\n\n\t\t\t\t\t\t\n\t\t\t\n\t\t\t\t\n\n\t\t\t\t\n\t\t\t\n\t\t\t<\/div>\n\n\n\t\t\t\t\n\t\t\t<div class=\"col-lg-6\">\n\t\t\t\t\n\t\t\t\t<div class=\"recently-post-item\">\n\t\t\t\t\t<div class=\"recently-post-thumb\">\n\t\t\t\t\t\t<a href=\"https:\/\/www.septinoticias.com.mx\/?p=131303\"><img decoding=\"async\" src=\"https:\/\/www.septinoticias.com.mx\/wp-content\/uploads\/2026\/05\/SECTUR-Hidalgo-y-Estado-de-Mexico-establecen-ruta-turistica-de-vino-y-queso.jpg\" alt=\"SECTUR Hidalgo Firma Convenio de Colaboraci\u00f3n Con El Estado de M\u00e9xico Durante El Tianguis Tur\u00edstico de Acapulco.\"><\/a>\n\t\t\t\t\t<\/div>\n\t\t\t\t\t<div class=\"recently-post-content\">\n\t\t\t\t\t\t<h2 class=\"title\"><a href=\"https:\/\/www.septinoticias.com.mx\/?p=131303\">SECTUR Hidalgo Firma Convenio de Colaboraci\u00f3n Con El Estado de M\u00e9xico Durante El Tianguis Tur\u00edstico<\/a><\/h2>\n\t\t\t\t\t\t<div class=\"post-meta-style-two\">\n\t\t\t\t\t\t\n\t\t\t\t\t\t\t<ul>\n\t\t\t\t\t\t\t\t\t\t\t\t\t\n\t\t\t\t\t\t\t\t\t\t\t\t\t\t\t\t\n\t\t\t\t\t\t\t\t<li>By \n\t\t\t\t\t\t\t\t<a href=\"https:\/\/www.septinoticias.com.mx\/?author=1\">SeptiNoticias<\/a>\t\t\t\t\t\t\t\t<\/li>\n\t\t\t\t\t\t\t\t\n\t\t\t\t\t\t\t\t\t\t\t\t\t\t\t\t\n\t\t\t\t\t\t\t\t\t\t\t\t\t\t\t\t<li><i class=\"fa-regular fa-calendar\"><\/i>mayo 1, 2026<\/li>\n\t\t\t\t\t\t\t\t\t\t\t\t\t\t\t\t\n\t\t\t\t\t\t\t\t\n\t\t\t\t\t\t\t<\/ul>\n\t\t\t\t\t\t\t\t\t\t\t\t\n\t\t\t\t\t\t\t\t\t\t\t\t\n\t\t\t\t\t\t<\/div>\n\t\t\t\t\t\t\n\t\t\t\t\t\t<p>Pachuca, Hgo., 30\u00a0 de abril 2026.- La secretaria de Turismo de Hidalgo, Elizabeth Quintanar,\u00a0anunci\u00f3 la<\/p>\n\t\t\t\t\t\t\n\t\t\t\t\t\t\n\t\t\t\t\t\t<a href=\"https:\/\/www.septinoticias.com.mx\/?p=131303\" class=\"read-more\">Read More<i class=\"fa-solid fa-arrow-right\"><\/i><\/a>\n\t\t\t\t\t<\/div>\n\t\t\t\t<\/div>\n\n\t\t\t\t\t\t\n\t\t\t\n\t\t\t\t\n\n\t\t\t\t\n\t\t\t\n\t\t\t<\/div>\n\n\n\t\t\t\t\n\t\t\t<div class=\"col-lg-6\">\n\t\t\t\t\n\t\t\t\t<div class=\"recently-post-item\">\n\t\t\t\t\t<div class=\"recently-post-thumb\">\n\t\t\t\t\t\t<a href=\"https:\/\/www.septinoticias.com.mx\/?p=131297\"><img decoding=\"async\" src=\"https:\/\/www.septinoticias.com.mx\/wp-content\/uploads\/2026\/05\/Conagua-destina-recursos-para-obras-de-rehabilitacion-y.jpeg\" alt=\"Conagua destina recursos para obras de rehabilitaci\u00f3n y tecnificaci\u00f3n en Mineral de la Reforma, Hidalgo\"><\/a>\n\t\t\t\t\t<\/div>\n\t\t\t\t\t<div class=\"recently-post-content\">\n\t\t\t\t\t\t<h2 class=\"title\"><a href=\"https:\/\/www.septinoticias.com.mx\/?p=131297\">Conagua destina recursos para obras de rehabilitaci\u00f3n y tecnificaci\u00f3n en Mineral de la Reforma, Hidalgo<\/a><\/h2>\n\t\t\t\t\t\t<div class=\"post-meta-style-two\">\n\t\t\t\t\t\t\n\t\t\t\t\t\t\t<ul>\n\t\t\t\t\t\t\t\t\t\t\t\t\t\n\t\t\t\t\t\t\t\t\t\t\t\t\t\t\t\t\n\t\t\t\t\t\t\t\t<li>By \n\t\t\t\t\t\t\t\t<a href=\"https:\/\/www.septinoticias.com.mx\/?author=1\">SeptiNoticias<\/a>\t\t\t\t\t\t\t\t<\/li>\n\t\t\t\t\t\t\t\t\n\t\t\t\t\t\t\t\t\t\t\t\t\t\t\t\t\n\t\t\t\t\t\t\t\t\t\t\t\t\t\t\t\t<li><i class=\"fa-regular fa-calendar\"><\/i>mayo 1, 2026<\/li>\n\t\t\t\t\t\t\t\t\t\t\t\t\t\t\t\t\n\t\t\t\t\t\t\t\t\n\t\t\t\t\t\t\t<\/ul>\n\t\t\t\t\t\t\t\t\t\t\t\t\n\t\t\t\t\t\t\t\t\t\t\t\t\n\t\t\t\t\t\t<\/div>\n\t\t\t\t\t\t\n\t\t\t\t\t\t<p>\u00a0\u00a0\u00a0 -La obra beneficia a decenas de productores en una superficie de m\u00e1s de 100<\/p>\n\t\t\t\t\t\t\n\t\t\t\t\t\t\n\t\t\t\t\t\t<a href=\"https:\/\/www.septinoticias.com.mx\/?p=131297\" class=\"read-more\">Read More<i class=\"fa-solid fa-arrow-right\"><\/i><\/a>\n\t\t\t\t\t<\/div>\n\t\t\t\t<\/div>\n\n\t\t\t\t\t\t\n\t\t\t\n\t\t\t\t\n\n\t\t\t\t\n\t\t\t\n\t\t\t<\/div>\n\n\n\t\t\t\t\n\t\t\t<div class=\"col-lg-6\">\n\t\t\t\t\n\t\t\t\t<div class=\"recently-post-item\">\n\t\t\t\t\t<div class=\"recently-post-thumb\">\n\t\t\t\t\t\t<a href=\"https:\/\/www.septinoticias.com.mx\/?p=131279\"><img decoding=\"async\" src=\"https:\/\/www.septinoticias.com.mx\/wp-content\/uploads\/2026\/05\/Cae-lider-de-Los-Soto-banda-de-fraudes.jpg\" alt=\"Cae L\u00edder de \u201cLos Soto\u201d, Banda  Que Reaiza Fraudes Con Autos de Lujo en Hidalgo y Otros Estados\"><\/a>\n\t\t\t\t\t<\/div>\n\t\t\t\t\t<div class=\"recently-post-content\">\n\t\t\t\t\t\t<h2 class=\"title\"><a href=\"https:\/\/www.septinoticias.com.mx\/?p=131279\">Cae L\u00edder de \u201cLos Soto\u201d, Banda Que Reaiza Fraudes Con Autos de Lujo en Hidalgo<\/a><\/h2>\n\t\t\t\t\t\t<div class=\"post-meta-style-two\">\n\t\t\t\t\t\t\n\t\t\t\t\t\t\t<ul>\n\t\t\t\t\t\t\t\t\t\t\t\t\t\n\t\t\t\t\t\t\t\t\t\t\t\t\t\t\t\t\n\t\t\t\t\t\t\t\t<li>By \n\t\t\t\t\t\t\t\t<a href=\"https:\/\/www.septinoticias.com.mx\/?author=1\">SeptiNoticias<\/a>\t\t\t\t\t\t\t\t<\/li>\n\t\t\t\t\t\t\t\t\n\t\t\t\t\t\t\t\t\t\t\t\t\t\t\t\t\n\t\t\t\t\t\t\t\t\t\t\t\t\t\t\t\t<li><i class=\"fa-regular fa-calendar\"><\/i>mayo 1, 2026<\/li>\n\t\t\t\t\t\t\t\t\t\t\t\t\t\t\t\t\n\t\t\t\t\t\t\t\t\n\t\t\t\t\t\t\t<\/ul>\n\t\t\t\t\t\t\t\t\t\t\t\t\n\t\t\t\t\t\t\t\t\t\t\t\t\n\t\t\t\t\t\t<\/div>\n\t\t\t\t\t\t\n\t\t\t\t\t\t<p>La Fiscal\u00eda detuvo en Ciudad de M\u00e9xico a Guillermo \u201cN\u201d, presunto l\u00edder de \u201cLos Soto<\/p>\n\t\t\t\t\t\t\n\t\t\t\t\t\t\n\t\t\t\t\t\t<a href=\"https:\/\/www.septinoticias.com.mx\/?p=131279\" class=\"read-more\">Read More<i class=\"fa-solid fa-arrow-right\"><\/i><\/a>\n\t\t\t\t\t<\/div>\n\t\t\t\t<\/div>\n\n\t\t\t\t\t\t\n\t\t\t\n\t\t\t\t\n\n\t\t\t\t\n\t\t\t\n\t\t\t<\/div>\n\n\n\t\t\t\t\n\t\t    <\/div>\n        <\/div>\n\t\t\n\t\t\t\t\n\t\t\t\t\n\t\n\t\t\t\t<\/div>\n\t\t\t\t<\/div>\n\t\t\t\t\t<\/div>\n\t\t<\/div>\n\t\t\t\t\t\t\t<\/div>\n\t\t<\/section>\n\t\t\t\t<section class=\"elementor-section elementor-top-section elementor-element elementor-element-284718a elementor-section-full_width elementor-section-stretched elementor-section-height-default elementor-section-height-default\" data-id=\"284718a\" data-element_type=\"section\" data-settings=\"{&quot;stretch_section&quot;:&quot;section-stretched&quot;}\">\n\t\t\t\t\t\t<div class=\"elementor-container elementor-column-gap-no\">\n\t\t\t\t\t<div class=\"elementor-column elementor-col-100 elementor-top-column elementor-element elementor-element-9f1d74e\" data-id=\"9f1d74e\" data-element_type=\"column\">\n\t\t\t<div class=\"elementor-widget-wrap elementor-element-populated\">\n\t\t\t\t\t\t\t\t<div class=\"elementor-element elementor-element-f8b19ef elementor-invisible elementor-widget elementor-widget-posts-slider\" data-id=\"f8b19ef\" data-element_type=\"widget\" data-settings=\"{&quot;_animation&quot;:&quot;zoomInDown&quot;}\" data-widget_type=\"posts-slider.default\">\n\t\t\t\t<div class=\"elementor-widget-container\">\n\t\t\t\t\t\n\t\t\n\t<script type=\"text\/javascript\">\n\t\n\t\tjQuery(document).ready(function ($) {\n\t\t\t\n\t\t\tfunction rtl_slick(){\n\t\t\t\tif ($('body').hasClass(\"rtl\")) {\n\t\t\t\t   return true;\n\t\t\t\t} else {\n\t\t\t\t   return false;\n\t\t\t}}\n\t\t\t\n\n\t\t\t\/* Main Slider *\/\n\t\t\t$('.gallery-active').slick({\n\t\t\t\t\n\t\t\t\tdots: false,\n\t\t\t\tinfinite: true,\n\t\t\t\tspeed: 1000,\n\t\t\t\tautoplay: false,\n\t\t\t\tarrows: false,\n\t\t\t\tslidesToShow: 4,\n\t\t\t\tslidesToScroll: 1,\n\t\t\t\trtl: rtl_slick(),\n\n\t\t\t\tprevArrow: '<div class=\"slide-arrow-left\"><i class=\"fas fa-long-arrow-alt-left\"><\/i><\/div>',\n\t\t\t\tnextArrow: '<div class=\"slide-arrow-right\"><i class=\"fas fa-long-arrow-alt-right\"><\/i><\/div>',\n\t\t\t\t\n\t\t\t\tresponsive: [\n\t\t\t\t\t{\n\t\t\t\t\t\tbreakpoint: 1200,\n\t\t\t\t\t\tsettings: {\n\t\t\t\t\t\t\tslidesToShow: 3,\n\t\t\t\t\t\t\tslidesToScroll: 1,\n\t\t\t\t\t\t\tinfinite: true,\n\t\t\t\t\t\t}\n\t\t\t\t\t},\n\t\t\t\t\t{\n\t\t\t\t\t\tbreakpoint: 992,\n\t\t\t\t\t\tsettings: {\n\t\t\t\t\t\t\tslidesToShow: 2,\n\t\t\t\t\t\t\tslidesToScroll: 1\n\t\t\t\t\t\t}\n\t\t\t\t\t},\n\t\t\t\t\t{\n\t\t\t\t\t\tbreakpoint: 767,\n\t\t\t\t\t\tsettings: {\n\t\t\t\t\t\t\tslidesToShow: 2,\n\t\t\t\t\t\t\tslidesToScroll: 1,\n\t\t\t\t\t\t\tarrows: false,\n\t\t\t\t\t\t}\n\t\t\t\t\t},\n\t\t\t\t\t{\n\t\t\t\t\t\tbreakpoint: 575,\n\t\t\t\t\t\tsettings: {\n\t\t\t\t\t\t\tslidesToShow: 1,\n\t\t\t\t\t\t\tslidesToScroll: 1,\n\t\t\t\t\t\t\tarrows: false,\n\t\t\t\t\t\t}\n\t\t\t\t\t},\n\t\t\t\t]\n\t\t\t\t\n\t\t\t\t\n\t\t\t\t\n\t\t\t\t\n\n\t\t\t });\n\n\t\t});\n    <\/script> \t\t\n\t\t\n\t\t\n\t\t\n\t\t\t\t\n\t\t<div class=\"grid-slider-customm theme_post_grid__Slider grid-slider-customn gallery-area theme-posts-grid-slider\">\n\t\t\n\t\t<div class=\"container-fluid\">\n            <div class=\"row gallery-active g-0\">\n\t\t\n        \t\t\t\n\t\t\t\n\t\t\t<div class=\"col-lg-3\">\n\t\t\t\t<div class=\"post-gallery-item\">\n\t\t\t\t\t<div class=\"gallery-thumb\">\n\t\t\t\t\t\n\t\t\t\t\t\t\t\n\t\t\t\t\t\t<div class=\"theme-category-box\">\n\t\t\t\t\t\t\t \n   \n\t \n\n\t\n\t<a class=\"tag news-cat_Name\" href=\"https:\/\/www.septinoticias.com.mx\/?cat=9\" style=\"background-color:#678c9d;\">\n\t\tGeneral\t<\/a>\n   \n\t\t\t\t\t\t\t<\/div>\n\t\t\t\t\t\t\t\n\t\t\t\t\t\n\t\t\t\t\t\t<img decoding=\"async\" src=\"https:\/\/www.septinoticias.com.mx\/wp-content\/uploads\/2025\/02\/Guillermo-Olivares-mesas-por-la-paz-1-scaled.jpg\" alt=\"Mujeres V\u00edctimas de Tepeji Recibieron Respuesta del Gobierno de Hidalgo\">\n\t\t\t\t\t<\/div>\n\t\t\t\t\t<div class=\"gallery-content\">\n\t\t\t\t\t\t<h2 class=\"title\"><a href=\"https:\/\/www.septinoticias.com.mx\/?p=131340\">Mujeres V\u00edctimas de Tepeji Recibieron Respuesta del Gobierno de Hidalgo<\/a><\/h2>\n\t\t\t\t\t\t\n\t\t\t\t\t\t\t\t\t\t\t\t<span><i class=\"fa-regular fa-calendar\"><\/i>mayo 1, 2026<\/span>\n\t\t\t\t\t\t\t\t\t\t\t\t\n\t\t\t\t\t<\/div>\n\t\t\t\t<\/div>\n\t\t\t<\/div>\n\n\n\t\t\t\n\t\t\t\n\n\t\t\t\t\t\n\t\t\t\n\t\t\t<div class=\"col-lg-3\">\n\t\t\t\t<div class=\"post-gallery-item\">\n\t\t\t\t\t<div class=\"gallery-thumb\">\n\t\t\t\t\t\n\t\t\t\t\t\t\t\n\t\t\t\t\t\t<div class=\"theme-category-box\">\n\t\t\t\t\t\t\t \n   \n\t \n\n\t\n\t<a class=\"tag news-cat_Name\" href=\"https:\/\/www.septinoticias.com.mx\/?cat=8\" style=\"background-color:#2962FF;\">\n\t\tPol\u00edtica\t<\/a>\n   \n\t\t\t\t\t\t\t<\/div>\n\t\t\t\t\t\t\t\n\t\t\t\t\t\n\t\t\t\t\t\t<img decoding=\"async\" src=\"https:\/\/www.septinoticias.com.mx\/wp-content\/uploads\/2026\/05\/la-entrega-de-la-actualizacion-de-los-Bandos-de-Policia-y-Gobierno-a-diez-municipios-del-estado-de-Hidalgo.jpg\" alt=\"Entregan Actualizaci\u00f3n de los Bandos de Polic\u00eda y Gobierno a diez municipios del estado de Hidalgo.\">\n\t\t\t\t\t<\/div>\n\t\t\t\t\t<div class=\"gallery-content\">\n\t\t\t\t\t\t<h2 class=\"title\"><a href=\"https:\/\/www.septinoticias.com.mx\/?p=131346\">Entregan Actualizaci\u00f3n de los Bandos de Polic\u00eda y Gobierno a<\/a><\/h2>\n\t\t\t\t\t\t\n\t\t\t\t\t\t\t\t\t\t\t\t<span><i class=\"fa-regular fa-calendar\"><\/i>mayo 1, 2026<\/span>\n\t\t\t\t\t\t\t\t\t\t\t\t\n\t\t\t\t\t<\/div>\n\t\t\t\t<\/div>\n\t\t\t<\/div>\n\n\n\t\t\t\n\t\t\t\n\n\t\t\t\t\t\n\t\t\t\n\t\t\t<div class=\"col-lg-3\">\n\t\t\t\t<div class=\"post-gallery-item\">\n\t\t\t\t\t<div class=\"gallery-thumb\">\n\t\t\t\t\t\n\t\t\t\t\t\t\t\n\t\t\t\t\t\t<div class=\"theme-category-box\">\n\t\t\t\t\t\t\t \n   \n\t \n\n\t\n\t<a class=\"tag news-cat_Name\" href=\"https:\/\/www.septinoticias.com.mx\/?cat=9\" style=\"background-color:#678c9d;\">\n\t\tGeneral\t<\/a>\n   \n\t\t\t\t\t\t\t<\/div>\n\t\t\t\t\t\t\t\n\t\t\t\t\t\n\t\t\t\t\t\t<img decoding=\"async\" src=\"https:\/\/www.septinoticias.com.mx\/wp-content\/uploads\/2026\/05\/Continua-La-Onda-De-Calor-Por-Lo-Que-Se-Preven-De-Lunes-A-Jueves-Temperaturas-De-40-A-45-\u00b0C.jpg\" alt=\"Contin\u00faa La Onda de Calor, Por Lo Que Se Prev\u00e9n, de Lunes a Jueves, Temperaturas de 40 a 45 \u00b0C,\">\n\t\t\t\t\t<\/div>\n\t\t\t\t\t<div class=\"gallery-content\">\n\t\t\t\t\t\t<h2 class=\"title\"><a href=\"https:\/\/www.septinoticias.com.mx\/?p=131334\">Contin\u00faa La Onda de Calor, Por Lo Que Se Prev\u00e9n,<\/a><\/h2>\n\t\t\t\t\t\t\n\t\t\t\t\t\t\t\t\t\t\t\t<span><i class=\"fa-regular fa-calendar\"><\/i>mayo 1, 2026<\/span>\n\t\t\t\t\t\t\t\t\t\t\t\t\n\t\t\t\t\t<\/div>\n\t\t\t\t<\/div>\n\t\t\t<\/div>\n\n\n\t\t\t\n\t\t\t\n\n\t\t\t\t\t\n\t\t\t\n\t\t\t<div class=\"col-lg-3\">\n\t\t\t\t<div class=\"post-gallery-item\">\n\t\t\t\t\t<div class=\"gallery-thumb\">\n\t\t\t\t\t\n\t\t\t\t\t\t\t\n\t\t\t\t\t\t<div class=\"theme-category-box\">\n\t\t\t\t\t\t\t \n   \n\t \n\n\t\n\t<a class=\"tag news-cat_Name\" href=\"https:\/\/www.septinoticias.com.mx\/?cat=8\" style=\"background-color:#2962FF;\">\n\t\tPol\u00edtica\t<\/a>\n   \n\t\t\t\t\t\t\t<\/div>\n\t\t\t\t\t\t\t\n\t\t\t\t\t\n\t\t\t\t\t\t<img decoding=\"async\" src=\"https:\/\/www.septinoticias.com.mx\/wp-content\/uploads\/2026\/05\/Estados-coordinan-acciones-para-fortalecer-la-seguridad.jpg\" alt=\"Estados Coordinan Acciones Para Fortalecer La Seguridad y Operaci\u00f3n del Arco Norte\">\n\t\t\t\t\t<\/div>\n\t\t\t\t\t<div class=\"gallery-content\">\n\t\t\t\t\t\t<h2 class=\"title\"><a href=\"https:\/\/www.septinoticias.com.mx\/?p=131327\">Estados Coordinan Acciones Para Fortalecer La Seguridad y Operaci\u00f3n del<\/a><\/h2>\n\t\t\t\t\t\t\n\t\t\t\t\t\t\t\t\t\t\t\t<span><i class=\"fa-regular fa-calendar\"><\/i>mayo 1, 2026<\/span>\n\t\t\t\t\t\t\t\t\t\t\t\t\n\t\t\t\t\t<\/div>\n\t\t\t\t<\/div>\n\t\t\t<\/div>\n\n\n\t\t\t\n\t\t\t\n\n\t\t\t\t\t\n\t\t\t\n\t\t\t<div class=\"col-lg-3\">\n\t\t\t\t<div class=\"post-gallery-item\">\n\t\t\t\t\t<div class=\"gallery-thumb\">\n\t\t\t\t\t\n\t\t\t\t\t\t\t\n\t\t\t\t\t\t<div class=\"theme-category-box\">\n\t\t\t\t\t\t\t \n   \n\t \n\n\t\n\t<a class=\"tag news-cat_Name\" href=\"https:\/\/www.septinoticias.com.mx\/?cat=8\" style=\"background-color:#2962FF;\">\n\t\tPol\u00edtica\t<\/a>\n   \n\t\t\t\t\t\t\t<\/div>\n\t\t\t\t\t\t\t\n\t\t\t\t\t\n\t\t\t\t\t\t<img decoding=\"async\" src=\"https:\/\/www.septinoticias.com.mx\/wp-content\/uploads\/2026\/05\/Presidenta-inicia-entrega-de-tarjetas-de-la-Beca.jpg\" alt=\"Presidenta inicia entrega de tarjetas de la Beca para Uniformes y \u00datiles \u201cRita Cetina\u201d; beneficiar\u00e1 a 9 millones de estudiantes de primaria\">\n\t\t\t\t\t<\/div>\n\t\t\t\t\t<div class=\"gallery-content\">\n\t\t\t\t\t\t<h2 class=\"title\"><a href=\"https:\/\/www.septinoticias.com.mx\/?p=131321\">Presidenta inicia entrega de tarjetas de la Beca para Uniformes<\/a><\/h2>\n\t\t\t\t\t\t\n\t\t\t\t\t\t\t\t\t\t\t\t<span><i class=\"fa-regular fa-calendar\"><\/i>mayo 1, 2026<\/span>\n\t\t\t\t\t\t\t\t\t\t\t\t\n\t\t\t\t\t<\/div>\n\t\t\t\t<\/div>\n\t\t\t<\/div>\n\n\n\t\t\t\n\t\t\t\n\n\t\t\t\t\n\t\t<\/div>\n\t\t\n\t\t<\/div>\n\t\t\n\t\t<\/div>\n\t\t\n\t\t\n\t\t\t\t\n\t\t\t\t\n\t\n\t\t\t\t<\/div>\n\t\t\t\t<\/div>\n\t\t\t\t\t<\/div>\n\t\t<\/div>\n\t\t\t\t\t\t\t<\/div>\n\t\t<\/section>\n\t\t\t\t<section class=\"elementor-section elementor-top-section elementor-element elementor-element-a97d6b2 elementor-section-stretched elementor-section-boxed elementor-section-height-default elementor-section-height-default\" data-id=\"a97d6b2\" data-element_type=\"section\" data-settings=\"{&quot;stretch_section&quot;:&quot;section-stretched&quot;}\">\n\t\t\t\t\t\t<div class=\"elementor-container elementor-column-gap-default\">\n\t\t\t\t\t<div class=\"elementor-column elementor-col-100 elementor-top-column elementor-element elementor-element-abab035\" data-id=\"abab035\" data-element_type=\"column\">\n\t\t\t<div class=\"elementor-widget-wrap elementor-element-populated\">\n\t\t\t\t\t\t\t\t<div class=\"elementor-element elementor-element-b209f2c elementor-widget elementor-widget-posts-block-listitem\" data-id=\"b209f2c\" data-element_type=\"widget\" data-widget_type=\"posts-block-listitem.default\">\n\t\t\t\t<div class=\"elementor-widget-container\">\n\t\t\t\n\t\t\t\t\n\t\t<section class=\"featured-post-area post-block-list-wrapper-column\">\n\t\t\n\t\t\t<div class=\"row\">\n\t\t\t\t<div class=\"col-lg-12\">\n\t\t\t\t\t<div class=\"section-title\">\n\t\t\t\t\t\t<h2 class=\"title\">\u00daltimas Noticias <\/h2>\n\t\t\t\t\t<\/div>\n\t\t\t\t<\/div>\n\t\t\t<\/div>\n\t\t\t\t\t\n\t\t\t<div class=\"row justify-content-center\">\n\t\t\n        \t\t\n\t\t\t<div class=\"col-lg-6\">\n\t\t\t\t\n\t\t\t\t\n\t\t\t\t<div class=\"featured-post-item\">\n\t\t\t\t\t<div class=\"featured-post-thumb\">\n\t\t\t\t\t\t<a href=\"https:\/\/www.septinoticias.com.mx\/?p=131346\"><img decoding=\"async\" src=\"https:\/\/www.septinoticias.com.mx\/wp-content\/uploads\/2026\/05\/la-entrega-de-la-actualizacion-de-los-Bandos-de-Policia-y-Gobierno-a-diez-municipios-del-estado-de-Hidalgo.jpg\" alt=\"Entregan Actualizaci\u00f3n de los Bandos de Polic\u00eda y Gobierno a diez municipios del estado de Hidalgo.\"><\/a>\n\t\t\t\t\t<\/div>\n\t\t\t\t\t<div class=\"featured-post-content\">\n\t\t\t\t\t\t\n\t\t\t\t\t\t\t\n\t\t\t\t\t\t\t<div class=\"theme-category-box\">\n\t\t\t\t\t\t\t\t \n   \n\t \n\n\t\n\t<a class=\"tag news-cat_Name\" href=\"https:\/\/www.septinoticias.com.mx\/?cat=8\" style=\"color:#2962FF;\">\n\t\tPol\u00edtica\t<\/a>\n   \n\t\t\t\t\t\t\t\t<\/div>\n\t\t\t\t\t\t\t\n\t\t\t\t\t\t\n\t\t\t\t\t\t<h5 class=\"title\"><a href=\"https:\/\/www.septinoticias.com.mx\/?p=131346\">Entregan Actualizaci\u00f3n de los Bandos de Polic\u00eda y Gobierno a diez municipios del estado de<\/a><\/h5>\n\t\t\t\t\t\t\n\t\t\t\t\t\t<div class=\"post-meta\">\n\t\t\t\t\t\t\t<ul>\t\n\t\t\t\t\t\t\t\t\t\t\t\t\t\t\t\t<li><i class=\"fa-regular fa-calendar\"><\/i>mayo 1, 2026<\/li>\n\t\t\t\t\t\t\t\t\t\t\t\t\t\t\t\t\n\t\t\t\t\t\t\t\t<li>4 min read<\/li>\n\t\t\t\t\t\t\t\t\n\t\t\t\t\t\t\t<\/ul>\n\t\t\t\t\t\t<\/div>\n\t\t\t\t\t<\/div>\n\t\t\t\t<\/div>\n\t\t\t\t\t\t\t\n\t\t\t\n\t\t\t<\/div>\n\n\n\t\t\t\t\n\t\t\t<div class=\"col-lg-6\">\n\t\t\t\t\n\t\t\t\t\n\t\t\t\t<div class=\"featured-post-item\">\n\t\t\t\t\t<div class=\"featured-post-thumb\">\n\t\t\t\t\t\t<a href=\"https:\/\/www.septinoticias.com.mx\/?p=131327\"><img decoding=\"async\" src=\"https:\/\/www.septinoticias.com.mx\/wp-content\/uploads\/2026\/05\/Estados-coordinan-acciones-para-fortalecer-la-seguridad.jpg\" alt=\"Estados Coordinan Acciones Para Fortalecer La Seguridad y Operaci\u00f3n del Arco Norte\"><\/a>\n\t\t\t\t\t<\/div>\n\t\t\t\t\t<div class=\"featured-post-content\">\n\t\t\t\t\t\t\n\t\t\t\t\t\t\t\n\t\t\t\t\t\t\t<div class=\"theme-category-box\">\n\t\t\t\t\t\t\t\t \n   \n\t \n\n\t\n\t<a class=\"tag news-cat_Name\" href=\"https:\/\/www.septinoticias.com.mx\/?cat=8\" style=\"color:#2962FF;\">\n\t\tPol\u00edtica\t<\/a>\n   \n\t\t\t\t\t\t\t\t<\/div>\n\t\t\t\t\t\t\t\n\t\t\t\t\t\t\n\t\t\t\t\t\t<h5 class=\"title\"><a href=\"https:\/\/www.septinoticias.com.mx\/?p=131327\">Estados Coordinan Acciones Para Fortalecer La Seguridad y Operaci\u00f3n del Arco Norte<\/a><\/h5>\n\t\t\t\t\t\t\n\t\t\t\t\t\t<div class=\"post-meta\">\n\t\t\t\t\t\t\t<ul>\t\n\t\t\t\t\t\t\t\t\t\t\t\t\t\t\t\t<li><i class=\"fa-regular fa-calendar\"><\/i>mayo 1, 2026<\/li>\n\t\t\t\t\t\t\t\t\t\t\t\t\t\t\t\t\n\t\t\t\t\t\t\t\t<li>4 min read<\/li>\n\t\t\t\t\t\t\t\t\n\t\t\t\t\t\t\t<\/ul>\n\t\t\t\t\t\t<\/div>\n\t\t\t\t\t<\/div>\n\t\t\t\t<\/div>\n\t\t\t\t\t\t\t\n\t\t\t\n\t\t\t<\/div>\n\n\n\t\t\t\t\n\t\t\t<div class=\"col-lg-6\">\n\t\t\t\t\n\t\t\t\t\n\t\t\t\t<div class=\"featured-post-item\">\n\t\t\t\t\t<div class=\"featured-post-thumb\">\n\t\t\t\t\t\t<a href=\"https:\/\/www.septinoticias.com.mx\/?p=131321\"><img decoding=\"async\" src=\"https:\/\/www.septinoticias.com.mx\/wp-content\/uploads\/2026\/05\/Presidenta-inicia-entrega-de-tarjetas-de-la-Beca.jpg\" alt=\"Presidenta inicia entrega de tarjetas de la Beca para Uniformes y \u00datiles \u201cRita Cetina\u201d; beneficiar\u00e1 a 9 millones de estudiantes de primaria\"><\/a>\n\t\t\t\t\t<\/div>\n\t\t\t\t\t<div class=\"featured-post-content\">\n\t\t\t\t\t\t\n\t\t\t\t\t\t\t\n\t\t\t\t\t\t\t<div class=\"theme-category-box\">\n\t\t\t\t\t\t\t\t \n   \n\t \n\n\t\n\t<a class=\"tag news-cat_Name\" href=\"https:\/\/www.septinoticias.com.mx\/?cat=8\" style=\"color:#2962FF;\">\n\t\tPol\u00edtica\t<\/a>\n   \n\t\t\t\t\t\t\t\t<\/div>\n\t\t\t\t\t\t\t\n\t\t\t\t\t\t\n\t\t\t\t\t\t<h5 class=\"title\"><a href=\"https:\/\/www.septinoticias.com.mx\/?p=131321\">Presidenta inicia entrega de tarjetas de la Beca para Uniformes y \u00datiles \u201cRita Cetina\u201d; beneficiar\u00e1<\/a><\/h5>\n\t\t\t\t\t\t\n\t\t\t\t\t\t<div class=\"post-meta\">\n\t\t\t\t\t\t\t<ul>\t\n\t\t\t\t\t\t\t\t\t\t\t\t\t\t\t\t<li><i class=\"fa-regular fa-calendar\"><\/i>mayo 1, 2026<\/li>\n\t\t\t\t\t\t\t\t\t\t\t\t\t\t\t\t\n\t\t\t\t\t\t\t\t<li>4 min read<\/li>\n\t\t\t\t\t\t\t\t\n\t\t\t\t\t\t\t<\/ul>\n\t\t\t\t\t\t<\/div>\n\t\t\t\t\t<\/div>\n\t\t\t\t<\/div>\n\t\t\t\t\t\t\t\n\t\t\t\n\t\t\t<\/div>\n\n\n\t\t\t\t\n\t\t\t<div class=\"col-lg-6\">\n\t\t\t\t\n\t\t\t\t\n\t\t\t\t<div class=\"featured-post-item\">\n\t\t\t\t\t<div class=\"featured-post-thumb\">\n\t\t\t\t\t\t<a href=\"https:\/\/www.septinoticias.com.mx\/?p=131309\"><img decoding=\"async\" src=\"https:\/\/www.septinoticias.com.mx\/wp-content\/uploads\/2026\/05\/Se-generan-mas-de-38-mil-empleos-formales-en-Hidalgo-2.jpg\" alt=\"Se Generan M\u00e1s de 38 Mil Empleos Formales En Hidalgo\"><\/a>\n\t\t\t\t\t<\/div>\n\t\t\t\t\t<div class=\"featured-post-content\">\n\t\t\t\t\t\t\n\t\t\t\t\t\t\t\n\t\t\t\t\t\t\t<div class=\"theme-category-box\">\n\t\t\t\t\t\t\t\t \n   \n\t \n\n\t\n\t<a class=\"tag news-cat_Name\" href=\"https:\/\/www.septinoticias.com.mx\/?cat=5\" style=\"color:#ac27c4;\">\n\t\tEconom\u00eda\t<\/a>\n   \n\t\t\t\t\t\t\t\t<\/div>\n\t\t\t\t\t\t\t\n\t\t\t\t\t\t\n\t\t\t\t\t\t<h5 class=\"title\"><a href=\"https:\/\/www.septinoticias.com.mx\/?p=131309\">Se Generan M\u00e1s de 38 Mil Empleos Formales En Hidalgo<\/a><\/h5>\n\t\t\t\t\t\t\n\t\t\t\t\t\t<div class=\"post-meta\">\n\t\t\t\t\t\t\t<ul>\t\n\t\t\t\t\t\t\t\t\t\t\t\t\t\t\t\t<li><i class=\"fa-regular fa-calendar\"><\/i>mayo 1, 2026<\/li>\n\t\t\t\t\t\t\t\t\t\t\t\t\t\t\t\t\n\t\t\t\t\t\t\t\t<li>4 min read<\/li>\n\t\t\t\t\t\t\t\t\n\t\t\t\t\t\t\t<\/ul>\n\t\t\t\t\t\t<\/div>\n\t\t\t\t\t<\/div>\n\t\t\t\t<\/div>\n\t\t\t\t\t\t\t\n\t\t\t\n\t\t\t<\/div>\n\n\n\t\t\t\t\n\t\t\t<div class=\"col-lg-6\">\n\t\t\t\t\n\t\t\t\t\n\t\t\t\t<div class=\"featured-post-item\">\n\t\t\t\t\t<div class=\"featured-post-thumb\">\n\t\t\t\t\t\t<a href=\"https:\/\/www.septinoticias.com.mx\/?p=131303\"><img decoding=\"async\" src=\"https:\/\/www.septinoticias.com.mx\/wp-content\/uploads\/2026\/05\/SECTUR-Hidalgo-y-Estado-de-Mexico-establecen-ruta-turistica-de-vino-y-queso.jpg\" alt=\"SECTUR Hidalgo Firma Convenio de Colaboraci\u00f3n Con El Estado de M\u00e9xico Durante El Tianguis Tur\u00edstico de Acapulco.\"><\/a>\n\t\t\t\t\t<\/div>\n\t\t\t\t\t<div class=\"featured-post-content\">\n\t\t\t\t\t\t\n\t\t\t\t\t\t\t\n\t\t\t\t\t\t\t<div class=\"theme-category-box\">\n\t\t\t\t\t\t\t\t \n   \n\t \n\n\t\n\t<a class=\"tag news-cat_Name\" href=\"https:\/\/www.septinoticias.com.mx\/?cat=5\" style=\"color:#ac27c4;\">\n\t\tEconom\u00eda\t<\/a>\n   \n\t\t\t\t\t\t\t\t<\/div>\n\t\t\t\t\t\t\t\n\t\t\t\t\t\t\n\t\t\t\t\t\t<h5 class=\"title\"><a href=\"https:\/\/www.septinoticias.com.mx\/?p=131303\">SECTUR Hidalgo Firma Convenio de Colaboraci\u00f3n Con El Estado de M\u00e9xico Durante El Tianguis Tur\u00edstico<\/a><\/h5>\n\t\t\t\t\t\t\n\t\t\t\t\t\t<div class=\"post-meta\">\n\t\t\t\t\t\t\t<ul>\t\n\t\t\t\t\t\t\t\t\t\t\t\t\t\t\t\t<li><i class=\"fa-regular fa-calendar\"><\/i>mayo 1, 2026<\/li>\n\t\t\t\t\t\t\t\t\t\t\t\t\t\t\t\t\n\t\t\t\t\t\t\t\t<li>4 min read<\/li>\n\t\t\t\t\t\t\t\t\n\t\t\t\t\t\t\t<\/ul>\n\t\t\t\t\t\t<\/div>\n\t\t\t\t\t<\/div>\n\t\t\t\t<\/div>\n\t\t\t\t\t\t\t\n\t\t\t\n\t\t\t<\/div>\n\n\n\t\t\t\t\n\t\t\t<div class=\"col-lg-6\">\n\t\t\t\t\n\t\t\t\t\n\t\t\t\t<div class=\"featured-post-item\">\n\t\t\t\t\t<div class=\"featured-post-thumb\">\n\t\t\t\t\t\t<a href=\"https:\/\/www.septinoticias.com.mx\/?p=131297\"><img decoding=\"async\" src=\"https:\/\/www.septinoticias.com.mx\/wp-content\/uploads\/2026\/05\/Conagua-destina-recursos-para-obras-de-rehabilitacion-y.jpeg\" alt=\"Conagua destina recursos para obras de rehabilitaci\u00f3n y tecnificaci\u00f3n en Mineral de la Reforma, Hidalgo\"><\/a>\n\t\t\t\t\t<\/div>\n\t\t\t\t\t<div class=\"featured-post-content\">\n\t\t\t\t\t\t\n\t\t\t\t\t\t\t\n\t\t\t\t\t\t\t<div class=\"theme-category-box\">\n\t\t\t\t\t\t\t\t \n   \n\t \n\n\t\n\t<a class=\"tag news-cat_Name\" href=\"https:\/\/www.septinoticias.com.mx\/?cat=5\" style=\"color:#ac27c4;\">\n\t\tEconom\u00eda\t<\/a>\n   \n\t\t\t\t\t\t\t\t<\/div>\n\t\t\t\t\t\t\t\n\t\t\t\t\t\t\n\t\t\t\t\t\t<h5 class=\"title\"><a href=\"https:\/\/www.septinoticias.com.mx\/?p=131297\">Conagua destina recursos para obras de rehabilitaci\u00f3n y tecnificaci\u00f3n en Mineral de la Reforma, Hidalgo<\/a><\/h5>\n\t\t\t\t\t\t\n\t\t\t\t\t\t<div class=\"post-meta\">\n\t\t\t\t\t\t\t<ul>\t\n\t\t\t\t\t\t\t\t\t\t\t\t\t\t\t\t<li><i class=\"fa-regular fa-calendar\"><\/i>mayo 1, 2026<\/li>\n\t\t\t\t\t\t\t\t\t\t\t\t\t\t\t\t\n\t\t\t\t\t\t\t\t<li>4 min read<\/li>\n\t\t\t\t\t\t\t\t\n\t\t\t\t\t\t\t<\/ul>\n\t\t\t\t\t\t<\/div>\n\t\t\t\t\t<\/div>\n\t\t\t\t<\/div>\n\t\t\t\t\t\t\t\n\t\t\t\n\t\t\t<\/div>\n\n\n\t\t\t\t\n\t\t\t<div class=\"col-lg-6\">\n\t\t\t\t\n\t\t\t\t\n\t\t\t\t<div class=\"featured-post-item\">\n\t\t\t\t\t<div class=\"featured-post-thumb\">\n\t\t\t\t\t\t<a href=\"https:\/\/www.septinoticias.com.mx\/?p=131285\"><img decoding=\"async\" src=\"https:\/\/www.septinoticias.com.mx\/wp-content\/uploads\/2026\/05\/DIF-Hidalgo-Alerta-Por-Aumento-De-Violencia-Infantil-Y-Acelera-Procuradurias.jpg\" alt=\"DIF Hidalgo Alerta Por Aumento de Violencia Infantil y Acelera Procuradur\u00edas\"><\/a>\n\t\t\t\t\t<\/div>\n\t\t\t\t\t<div class=\"featured-post-content\">\n\t\t\t\t\t\t\n\t\t\t\t\t\t\t\n\t\t\t\t\t\t\t<div class=\"theme-category-box\">\n\t\t\t\t\t\t\t\t \n   \n\t \n\n\t\n\t<a class=\"tag news-cat_Name\" href=\"https:\/\/www.septinoticias.com.mx\/?cat=7\" style=\"color:#3dd800;\">\n\t\tMunicipios\t<\/a>\n   \n\t\t\t\t\t\t\t\t<\/div>\n\t\t\t\t\t\t\t\n\t\t\t\t\t\t\n\t\t\t\t\t\t<h5 class=\"title\"><a href=\"https:\/\/www.septinoticias.com.mx\/?p=131285\">DIF Hidalgo Alerta Por Aumento de Violencia Infantil y Acelera Procuradur\u00edas<\/a><\/h5>\n\t\t\t\t\t\t\n\t\t\t\t\t\t<div class=\"post-meta\">\n\t\t\t\t\t\t\t<ul>\t\n\t\t\t\t\t\t\t\t\t\t\t\t\t\t\t\t<li><i class=\"fa-regular fa-calendar\"><\/i>mayo 1, 2026<\/li>\n\t\t\t\t\t\t\t\t\t\t\t\t\t\t\t\t\n\t\t\t\t\t\t\t\t<li>4 min read<\/li>\n\t\t\t\t\t\t\t\t\n\t\t\t\t\t\t\t<\/ul>\n\t\t\t\t\t\t<\/div>\n\t\t\t\t\t<\/div>\n\t\t\t\t<\/div>\n\t\t\t\t\t\t\t\n\t\t\t\n\t\t\t<\/div>\n\n\n\t\t\t\t\n\t\t\t<div class=\"col-lg-6\">\n\t\t\t\t\n\t\t\t\t\n\t\t\t\t<div class=\"featured-post-item\">\n\t\t\t\t\t<div class=\"featured-post-thumb\">\n\t\t\t\t\t\t<a href=\"https:\/\/www.septinoticias.com.mx\/?p=131247\"><img decoding=\"async\" src=\"https:\/\/www.septinoticias.com.mx\/wp-content\/uploads\/2024\/11\/MIGUEL-ANGEL-MORENO.jpg\" alt=\"La Ampliaci\u00f3n del Presupuesto del IEEH se Refiere a Gasto Operativo y No de Proceso Electoral: Sera Rechazado\"><\/a>\n\t\t\t\t\t<\/div>\n\t\t\t\t\t<div class=\"featured-post-content\">\n\t\t\t\t\t\t\n\t\t\t\t\t\t\t\n\t\t\t\t\t\t\t<div class=\"theme-category-box\">\n\t\t\t\t\t\t\t\t \n   \n\t \n\n\t\n\t<a class=\"tag news-cat_Name\" href=\"https:\/\/www.septinoticias.com.mx\/?cat=8\" style=\"color:#2962FF;\">\n\t\tPol\u00edtica\t<\/a>\n   \n\t\t\t\t\t\t\t\t<\/div>\n\t\t\t\t\t\t\t\n\t\t\t\t\t\t\n\t\t\t\t\t\t<h5 class=\"title\"><a href=\"https:\/\/www.septinoticias.com.mx\/?p=131247\">La Ampliaci\u00f3n del Presupuesto del IEEH se Refiere a Gasto Operativo y No de Proceso<\/a><\/h5>\n\t\t\t\t\t\t\n\t\t\t\t\t\t<div class=\"post-meta\">\n\t\t\t\t\t\t\t<ul>\t\n\t\t\t\t\t\t\t\t\t\t\t\t\t\t\t\t<li><i class=\"fa-regular fa-calendar\"><\/i>abril 30, 2026<\/li>\n\t\t\t\t\t\t\t\t\t\t\t\t\t\t\t\t\n\t\t\t\t\t\t\t\t<li>4 min read<\/li>\n\t\t\t\t\t\t\t\t\n\t\t\t\t\t\t\t<\/ul>\n\t\t\t\t\t\t<\/div>\n\t\t\t\t\t<\/div>\n\t\t\t\t<\/div>\n\t\t\t\t\t\t\t\n\t\t\t\n\t\t\t<\/div>\n\n\n\t\t\t\t\n\t\t    <\/div>\n\t\t\t\n\t\t\t\n        <\/section>\n\t\t\n\t\t\t\t\n\t\t\t\t\n\t\n\t\t\t\t<\/div>\n\t\t\t\t<\/div>\n\t\t\t\t\t<\/div>\n\t\t<\/div>\n\t\t\t\t\t\t\t<\/div>\n\t\t<\/section>\n\t\t\t\t<section class=\"elementor-section elementor-top-section elementor-element elementor-element-9d4e9e1 elementor-section-boxed elementor-section-height-default elementor-section-height-default\" data-id=\"9d4e9e1\" data-element_type=\"section\">\n\t\t\t\t\t\t<div class=\"elementor-container elementor-column-gap-default\">\n\t\t\t\t\t<div class=\"elementor-column elementor-col-100 elementor-top-column elementor-element elementor-element-fb538f0\" data-id=\"fb538f0\" data-element_type=\"column\">\n\t\t\t<div class=\"elementor-widget-wrap elementor-element-populated\">\n\t\t\t\t\t\t\t\t<div class=\"elementor-element elementor-element-5749d67 elementor-shape-rounded elementor-grid-0 e-grid-align-center elementor-widget elementor-widget-social-icons\" data-id=\"5749d67\" data-element_type=\"widget\" data-widget_type=\"social-icons.default\">\n\t\t\t\t<div class=\"elementor-widget-container\">\n\t\t\t<style>\/*! elementor - v3.10.1 - 17-01-2023 *\/\n.elementor-widget-social-icons.elementor-grid-0 .elementor-widget-container,.elementor-widget-social-icons.elementor-grid-mobile-0 .elementor-widget-container,.elementor-widget-social-icons.elementor-grid-tablet-0 .elementor-widget-container{line-height:1;font-size:0}.elementor-widget-social-icons:not(.elementor-grid-0):not(.elementor-grid-tablet-0):not(.elementor-grid-mobile-0) .elementor-grid{display:inline-grid}.elementor-widget-social-icons .elementor-grid{grid-column-gap:var(--grid-column-gap,5px);grid-row-gap:var(--grid-row-gap,5px);grid-template-columns:var(--grid-template-columns);justify-content:var(--justify-content,center);justify-items:var(--justify-content,center)}.elementor-icon.elementor-social-icon{font-size:var(--icon-size,25px);line-height:var(--icon-size,25px);width:calc(var(--icon-size, 25px) + (2 * var(--icon-padding, .5em)));height:calc(var(--icon-size, 25px) + (2 * var(--icon-padding, .5em)))}.elementor-social-icon{--e-social-icon-icon-color:#fff;display:inline-flex;background-color:#818a91;align-items:center;justify-content:center;text-align:center;cursor:pointer}.elementor-social-icon i{color:var(--e-social-icon-icon-color)}.elementor-social-icon svg{fill:var(--e-social-icon-icon-color)}.elementor-social-icon:last-child{margin:0}.elementor-social-icon:hover{opacity:.9;color:#fff}.elementor-social-icon-android{background-color:#a4c639}.elementor-social-icon-apple{background-color:#999}.elementor-social-icon-behance{background-color:#1769ff}.elementor-social-icon-bitbucket{background-color:#205081}.elementor-social-icon-codepen{background-color:#000}.elementor-social-icon-delicious{background-color:#39f}.elementor-social-icon-deviantart{background-color:#05cc47}.elementor-social-icon-digg{background-color:#005be2}.elementor-social-icon-dribbble{background-color:#ea4c89}.elementor-social-icon-elementor{background-color:#d30c5c}.elementor-social-icon-envelope{background-color:#ea4335}.elementor-social-icon-facebook,.elementor-social-icon-facebook-f{background-color:#3b5998}.elementor-social-icon-flickr{background-color:#0063dc}.elementor-social-icon-foursquare{background-color:#2d5be3}.elementor-social-icon-free-code-camp,.elementor-social-icon-freecodecamp{background-color:#006400}.elementor-social-icon-github{background-color:#333}.elementor-social-icon-gitlab{background-color:#e24329}.elementor-social-icon-globe{background-color:#818a91}.elementor-social-icon-google-plus,.elementor-social-icon-google-plus-g{background-color:#dd4b39}.elementor-social-icon-houzz{background-color:#7ac142}.elementor-social-icon-instagram{background-color:#262626}.elementor-social-icon-jsfiddle{background-color:#487aa2}.elementor-social-icon-link{background-color:#818a91}.elementor-social-icon-linkedin,.elementor-social-icon-linkedin-in{background-color:#0077b5}.elementor-social-icon-medium{background-color:#00ab6b}.elementor-social-icon-meetup{background-color:#ec1c40}.elementor-social-icon-mixcloud{background-color:#273a4b}.elementor-social-icon-odnoklassniki{background-color:#f4731c}.elementor-social-icon-pinterest{background-color:#bd081c}.elementor-social-icon-product-hunt{background-color:#da552f}.elementor-social-icon-reddit{background-color:#ff4500}.elementor-social-icon-rss{background-color:#f26522}.elementor-social-icon-shopping-cart{background-color:#4caf50}.elementor-social-icon-skype{background-color:#00aff0}.elementor-social-icon-slideshare{background-color:#0077b5}.elementor-social-icon-snapchat{background-color:#fffc00}.elementor-social-icon-soundcloud{background-color:#f80}.elementor-social-icon-spotify{background-color:#2ebd59}.elementor-social-icon-stack-overflow{background-color:#fe7a15}.elementor-social-icon-steam{background-color:#00adee}.elementor-social-icon-stumbleupon{background-color:#eb4924}.elementor-social-icon-telegram{background-color:#2ca5e0}.elementor-social-icon-thumb-tack{background-color:#1aa1d8}.elementor-social-icon-tripadvisor{background-color:#589442}.elementor-social-icon-tumblr{background-color:#35465c}.elementor-social-icon-twitch{background-color:#6441a5}.elementor-social-icon-twitter{background-color:#1da1f2}.elementor-social-icon-viber{background-color:#665cac}.elementor-social-icon-vimeo{background-color:#1ab7ea}.elementor-social-icon-vk{background-color:#45668e}.elementor-social-icon-weibo{background-color:#dd2430}.elementor-social-icon-weixin{background-color:#31a918}.elementor-social-icon-whatsapp{background-color:#25d366}.elementor-social-icon-wordpress{background-color:#21759b}.elementor-social-icon-xing{background-color:#026466}.elementor-social-icon-yelp{background-color:#af0606}.elementor-social-icon-youtube{background-color:#cd201f}.elementor-social-icon-500px{background-color:#0099e5}.elementor-shape-rounded .elementor-icon.elementor-social-icon{border-radius:10%}.elementor-shape-circle .elementor-icon.elementor-social-icon{border-radius:50%}<\/style>\t\t<div class=\"elementor-social-icons-wrapper elementor-grid\">\n\t\t\t\t\t\t\t<span class=\"elementor-grid-item\">\n\t\t\t\t\t<a class=\"elementor-icon elementor-social-icon elementor-social-icon-facebook elementor-repeater-item-6e5ff68\" href=\"https:\/\/www.facebook.com\/SeptiNoticias\" target=\"_blank\">\n\t\t\t\t\t\t<span class=\"elementor-screen-only\">Facebook<\/span>\n\t\t\t\t\t\t<i class=\"fab fa-facebook\"><\/i>\t\t\t\t\t<\/a>\n\t\t\t\t<\/span>\n\t\t\t\t\t\t\t<span class=\"elementor-grid-item\">\n\t\t\t\t\t<a class=\"elementor-icon elementor-social-icon elementor-social-icon-youtube elementor-repeater-item-d74d253\" href=\"https:\/\/www.youtube.com\/@diarioseptinoticias\" target=\"_blank\">\n\t\t\t\t\t\t<span class=\"elementor-screen-only\">Youtube<\/span>\n\t\t\t\t\t\t<i class=\"fab fa-youtube\"><\/i>\t\t\t\t\t<\/a>\n\t\t\t\t<\/span>\n\t\t\t\t\t<\/div>\n\t\t\t\t<\/div>\n\t\t\t\t<\/div>\n\t\t\t\t\t<\/div>\n\t\t<\/div>\n\t\t\t\t\t\t\t<\/div>\n\t\t<\/section>\n\t\t\t\t<section class=\"elementor-section elementor-top-section elementor-element elementor-element-3abfcee elementor-section-boxed elementor-section-height-default elementor-section-height-default\" data-id=\"3abfcee\" data-element_type=\"section\">\n\t\t\t\t\t\t<div class=\"elementor-container elementor-column-gap-default\">\n\t\t\t\t\t<div class=\"elementor-column elementor-col-20 elementor-top-column elementor-element elementor-element-4f8d4b6\" data-id=\"4f8d4b6\" data-element_type=\"column\">\n\t\t\t<div class=\"elementor-widget-wrap elementor-element-populated\">\n\t\t\t\t\t\t\t\t<div class=\"elementor-element elementor-element-74627a4 elementor-aspect-ratio-169 elementor-widget elementor-widget-video\" data-id=\"74627a4\" data-element_type=\"widget\" data-settings=\"{&quot;youtube_url&quot;:&quot;https:\\\/\\\/youtu.be\\\/sZ7As_O_z1Q&quot;,&quot;video_type&quot;:&quot;youtube&quot;,&quot;controls&quot;:&quot;yes&quot;,&quot;aspect_ratio&quot;:&quot;169&quot;}\" data-widget_type=\"video.default\">\n\t\t\t\t<div class=\"elementor-widget-container\">\n\t\t\t\t\t<div class=\"elementor-wrapper elementor-fit-aspect-ratio elementor-open-inline\">\n\t\t\t<div class=\"elementor-video\"><\/div>\t\t<\/div>\n\t\t\t\t<\/div>\n\t\t\t\t<\/div>\n\t\t\t\t\t<\/div>\n\t\t<\/div>\n\t\t\t\t<div class=\"elementor-column elementor-col-20 elementor-top-column elementor-element elementor-element-4b1134b\" data-id=\"4b1134b\" data-element_type=\"column\">\n\t\t\t<div class=\"elementor-widget-wrap elementor-element-populated\">\n\t\t\t\t\t\t\t\t<div class=\"elementor-element elementor-element-59b918b elementor-aspect-ratio-169 elementor-widget elementor-widget-video\" data-id=\"59b918b\" data-element_type=\"widget\" data-settings=\"{&quot;youtube_url&quot;:&quot;https:\\\/\\\/youtu.be\\\/kx_Gj5F0IVY&quot;,&quot;video_type&quot;:&quot;youtube&quot;,&quot;controls&quot;:&quot;yes&quot;,&quot;aspect_ratio&quot;:&quot;169&quot;}\" data-widget_type=\"video.default\">\n\t\t\t\t<div class=\"elementor-widget-container\">\n\t\t\t\t\t<div class=\"elementor-wrapper elementor-fit-aspect-ratio elementor-open-inline\">\n\t\t\t<div class=\"elementor-video\"><\/div>\t\t<\/div>\n\t\t\t\t<\/div>\n\t\t\t\t<\/div>\n\t\t\t\t\t<\/div>\n\t\t<\/div>\n\t\t\t\t<div class=\"elementor-column elementor-col-20 elementor-top-column elementor-element elementor-element-8ce9f38\" data-id=\"8ce9f38\" data-element_type=\"column\">\n\t\t\t<div class=\"elementor-widget-wrap elementor-element-populated\">\n\t\t\t\t\t\t\t\t<div class=\"elementor-element elementor-element-6888f68 elementor-aspect-ratio-169 elementor-widget elementor-widget-video\" data-id=\"6888f68\" data-element_type=\"widget\" data-settings=\"{&quot;youtube_url&quot;:&quot;https:\\\/\\\/youtu.be\\\/1iX6MHI-7nE&quot;,&quot;video_type&quot;:&quot;youtube&quot;,&quot;controls&quot;:&quot;yes&quot;,&quot;aspect_ratio&quot;:&quot;169&quot;}\" data-widget_type=\"video.default\">\n\t\t\t\t<div class=\"elementor-widget-container\">\n\t\t\t\t\t<div class=\"elementor-wrapper elementor-fit-aspect-ratio elementor-open-inline\">\n\t\t\t<div class=\"elementor-video\"><\/div>\t\t<\/div>\n\t\t\t\t<\/div>\n\t\t\t\t<\/div>\n\t\t\t\t\t<\/div>\n\t\t<\/div>\n\t\t\t\t<div class=\"elementor-column elementor-col-20 elementor-top-column elementor-element elementor-element-5934462\" data-id=\"5934462\" data-element_type=\"column\">\n\t\t\t<div class=\"elementor-widget-wrap elementor-element-populated\">\n\t\t\t\t\t\t\t\t<div class=\"elementor-element elementor-element-61f92f3 elementor-aspect-ratio-169 elementor-widget elementor-widget-video\" data-id=\"61f92f3\" data-element_type=\"widget\" data-settings=\"{&quot;youtube_url&quot;:&quot;https:\\\/\\\/youtu.be\\\/1iX6MHI-7nE&quot;,&quot;video_type&quot;:&quot;youtube&quot;,&quot;controls&quot;:&quot;yes&quot;,&quot;aspect_ratio&quot;:&quot;169&quot;}\" data-widget_type=\"video.default\">\n\t\t\t\t<div class=\"elementor-widget-container\">\n\t\t\t\t\t<div class=\"elementor-wrapper elementor-fit-aspect-ratio elementor-open-inline\">\n\t\t\t<div class=\"elementor-video\"><\/div>\t\t<\/div>\n\t\t\t\t<\/div>\n\t\t\t\t<\/div>\n\t\t\t\t\t<\/div>\n\t\t<\/div>\n\t\t\t\t<div class=\"elementor-column elementor-col-20 elementor-top-column elementor-element elementor-element-6d6b55b\" data-id=\"6d6b55b\" data-element_type=\"column\">\n\t\t\t<div class=\"elementor-widget-wrap elementor-element-populated\">\n\t\t\t\t\t\t\t\t<div class=\"elementor-element elementor-element-f4af06a elementor-aspect-ratio-169 elementor-widget elementor-widget-video\" data-id=\"f4af06a\" data-element_type=\"widget\" data-settings=\"{&quot;youtube_url&quot;:&quot;https:\\\/\\\/youtu.be\\\/UCEZwuMdTX8&quot;,&quot;video_type&quot;:&quot;youtube&quot;,&quot;controls&quot;:&quot;yes&quot;,&quot;aspect_ratio&quot;:&quot;169&quot;}\" data-widget_type=\"video.default\">\n\t\t\t\t<div class=\"elementor-widget-container\">\n\t\t\t\t\t<div class=\"elementor-wrapper elementor-fit-aspect-ratio elementor-open-inline\">\n\t\t\t<div class=\"elementor-video\"><\/div>\t\t<\/div>\n\t\t\t\t<\/div>\n\t\t\t\t<\/div>\n\t\t\t\t\t<\/div>\n\t\t<\/div>\n\t\t\t\t\t\t\t<\/div>\n\t\t<\/section>\n\t\t\t\t\t\t\t<\/div>\n\t\t","protected":false},"excerpt":{"rendered":"<p>General Mujeres V\u00edctimas de Tepeji Recibieron Respuesta del Gobierno de Hidalgo mayo 1, 2026 2 min read Pol\u00edtica Entregan Actualizaci\u00f3n de los Bandos de Polic\u00eda mayo 1, 2026 2 min read Municipios DIF Hidalgo Alerta Por Aumento de Violencia mayo 1, 2026 2 min read Salud Trasladan por aire a beb\u00e9 de dos mayo 1, [&hellip;]<\/p>\n","protected":false},"author":1,"featured_media":0,"parent":0,"menu_order":0,"comment_status":"closed","ping_status":"closed","template":"","meta":[],"_links":{"self":[{"href":"https:\/\/www.septinoticias.com.mx\/index.php?rest_route=\/wp\/v2\/pages\/879"}],"collection":[{"href":"https:\/\/www.septinoticias.com.mx\/index.php?rest_route=\/wp\/v2\/pages"}],"about":[{"href":"https:\/\/www.septinoticias.com.mx\/index.php?rest_route=\/wp\/v2\/types\/page"}],"author":[{"embeddable":true,"href":"https:\/\/www.septinoticias.com.mx\/index.php?rest_route=\/wp\/v2\/users\/1"}],"replies":[{"embeddable":true,"href":"https:\/\/www.septinoticias.com.mx\/index.php?rest_route=%2Fwp%2Fv2%2Fcomments&post=879"}],"version-history":[{"count":6758,"href":"https:\/\/www.septinoticias.com.mx\/index.php?rest_route=\/wp\/v2\/pages\/879\/revisions"}],"predecessor-version":[{"id":131357,"href":"https:\/\/www.septinoticias.com.mx\/index.php?rest_route=\/wp\/v2\/pages\/879\/revisions\/131357"}],"wp:attachment":[{"href":"https:\/\/www.septinoticias.com.mx\/index.php?rest_route=%2Fwp%2Fv2%2Fmedia&parent=879"}],"curies":[{"name":"wp","href":"https:\/\/api.w.org\/{rel}","templated":true}]}}